
 

















{"id":3376,"date":"2022-08-03T17:32:37","date_gmt":"2022-08-03T20:32:37","guid":{"rendered":"https:\/\/www.cf.coop.br\/?page_id=3376"},"modified":"2025-07-15T12:39:22","modified_gmt":"2025-07-15T15:39:22","slug":"estatuto-social","status":"publish","type":"page","link":"https:\/\/www.cf.coop.br\/sobre-nos\/institucional\/estatuto-social\/","title":{"rendered":"Estatuto Social"},"content":{"rendered":"\t\t<div data-elementor-type=\"wp-page\" data-elementor-id=\"3376\" class=\"elementor elementor-3376\" data-elementor-settings=\"{&quot;scroll_snap&quot;:&quot;yes&quot;}\" data-elementor-post-type=\"page\">\n\t\t\t\t\t\t<section class=\"elementor-section elementor-top-section elementor-element elementor-element-9563ed7 elementor-section-full_width elementor-section-height-default elementor-section-height-default\" data-id=\"9563ed7\" data-element_type=\"section\">\n\t\t\t\t\t\t<div class=\"elementor-container elementor-column-gap-no\">\n\t\t\t\t\t<div class=\"elementor-column elementor-col-100 elementor-top-column elementor-element elementor-element-4bc65aa\" data-id=\"4bc65aa\" data-element_type=\"column\">\n\t\t\t<div class=\"elementor-widget-wrap elementor-element-populated\">\n\t\t\t\t\t\t<div class=\"elementor-element elementor-element-3952787 elementor-widget elementor-widget-text-editor\" data-id=\"3952787\" data-element_type=\"widget\" data-widget_type=\"text-editor.default\">\n\t\t\t\t<div class=\"elementor-widget-container\">\n\t\t\t<style>\/*! elementor - v3.21.0 - 30-04-2024 *\/\n.elementor-widget-text-editor.elementor-drop-cap-view-stacked .elementor-drop-cap{background-color:#69727d;color:#fff}.elementor-widget-text-editor.elementor-drop-cap-view-framed .elementor-drop-cap{color:#69727d;border:3px solid;background-color:transparent}.elementor-widget-text-editor:not(.elementor-drop-cap-view-default) .elementor-drop-cap{margin-top:8px}.elementor-widget-text-editor:not(.elementor-drop-cap-view-default) .elementor-drop-cap-letter{width:1em;height:1em}.elementor-widget-text-editor .elementor-drop-cap{float:left;text-align:center;line-height:1;font-size:50px}.elementor-widget-text-editor .elementor-drop-cap-letter{display:inline-block}<\/style>\t\t\t\t<p><!-- ======= Bloco 1 ======= --><\/p>\n<section class=\"bloco-1-1\">\n<div class=\"container-fluid\">\n<div class=\"row pt-3\">\n<h1>Estatuto Social<\/h1>\n<div class=\"col-lg-12\">\n<p>O Estatuto Social \u00e9 o documento de constitui\u00e7\u00e3o da Cooperativa, estipula a filosofia, os objetivos sociais, ordena o modelo de neg\u00f3cio, regulamenta os direitos e deveres dos associados e define os papeis e responsabilidades dos \u00f3rg\u00e3os sociais. \u00c9 aprovado pela Assembleia Geral e homologado pelo Banco Central do Brasil.<\/p>\n<p>\t\t\n\t\t\t\n\t\n\t<input type=\"hidden\" id=\"getDocEstatuto\" value=\"https:\/\/www.cf.coop.br\/wp-content\/uploads\/2022\/09\/ESTATUTOSOCIALCOOPERFORTE.pdf\">\n<div class=\"row pt-1\" id=\"iframe1estatuto\" style=\"display: none\">\n<div class=\"col-lg-12 pt-5\">\t\t\t\t\t\t\t\n<p class=\"text-end fs-5\"><a href=\"javascript:ocultarEstatuto();\"><b><i class=\"bi bi-x-circle-fill\"><\/i> Fechar<\/b><\/a><\/p>\t\n<iframe id=\"iframeestatuto\" src=\"\" height=\"600px\" width=\"100%\"><\/iframe>\n<\/div>\n<\/div>\n\n<p id=\"linkEstatutoSocial\"><a id=\"\" href=\"javascript:abrirPDFestatuto('https:\/\/www.cf.coop.br\/wp-content\/uploads\/2022\/09\/ESTATUTOSOCIALCOOPERFORTE.pdf');\" title=\"Visualizar o documento\"><b>Clique AQUI e conhe\u00e7a o Estatuto Social da COOPERFORTE<\/b><\/a><\/p>\n\n<\/p>\n<\/div>\n<\/div>\n<\/div>\n<\/section>\n<p><!-- \/Bloco 1 --><!-- ======= Bloco 1 ======= --><\/p>\n<section class=\"bloco-1\">\n<div class=\"container-fluid\">\n<div class=\"row\">\n<h1>Assembleia Geral<\/h1>\n<div class=\"col-lg-12\">\n<p>A Assembleia Geral \u00e9 o \u00f3rg\u00e3o supremo da COOPERFORTE. Formada por 32 <a href=\"#delegado\">Delegados Seccionais<\/a>, se re\u00fane uma vez ao ano de forma Ordin\u00e1ria ou Extraordin\u00e1ria, quando necess\u00e1rio, para deliberar sobre assuntos de interesse da Cooperativa mencionados nos editais de convoca\u00e7\u00e3o. As reuni\u00f5es s\u00e3o realizadas de maneira presencial, a dist\u00e2ncia ou semipresencial.<\/p>\n<p>Veja a seguir documentos relativos \u00e0s Assembleias Gerais realizadas pela COOPERFORTE:<\/p>\n<p>\t<div class=\"row pt-5\" id=\"iframe1_ass\" style=\"display: none\">\n\t\t\t\t<div class=\"col-lg-12 pt-5\">\t\t\t\t\t\t\t\n\t\t\t\t<p class=\"text-end fs-5\"><a href=\"javascript:ocultar_ass();\"><b><i class=\"bi bi-x-circle-fill\"><\/i> Fechar<\/b><\/a><\/p>\t\n\t\t\t\t<p><iframe id=\"iframe_ass\" src=\"\" height=\"600px\" width=\"80%\"><\/iframe><\/p>\n\t\t\t\t<\/div>\t\t\t\t\t\t\t\t\n\t\t\t\t<\/div>\n\t\t\t\t<div id=\"\">\n\t\t\t\t<div class=\"accordion\" id=\"accordionPanelsStayOpenExample\">\n\t\t<div class=\"accordion\" id=\"accordionPanelsStayOpenExample\">\n\t\t<div class=\"accordion-item\">\n\t\t\t\t<h2 class=\"accordion-header\" id=\"headingOne\">\n\t\t\t\t<button class=\"accordion-button collapsed fs-5\" type=\"button\" data-bs-toggle=\"collapse\" data-bs-target=\"#collapse2025\" aria-expanded=\"false\" aria-controls=\"collapse2025\">\n\t\t\t\t<b>\t<i class=\"bi bi-chevron-down fw-bold pe-2\"><\/i>2025<\/b>\n\t\t\t\t<\/button>\n\t\t\t\t<\/h2><div id=\"collapse2025\" class=\"accordion-collapse  collapse \" aria-labelledby=\"headingOne\" data-bs-parent=\"#accordionExample\">\t\n\t\t\t\t<div class=\"container-fluid\">\n\t\t\t\t<div class=\"row\">\t\t\t\t\t\t\t\t\t\t\t\t\t\t\n\t\t\t\t\t<div class=\"col-lg-12\"><div class=\"row pt-3\">\t\t\t\t\t\t\t\t\t\t\t\t\t\t\t\n\t\t\t\t<div class=\"col-lg-7\">\n\t\t\t<p class=\"fs-4\"><b>Assembleia Geral Extraordin\u00e1ria Conjunta \u2013 18 de dezembro de 2025<\/b><\/p>\n\t\t\t\t\t<ul><li class=\"m-2 fs-4\"><a onclick=\"javascript:abrirPDF_ass48679('https:\/\/www.cf.coop.br\/wp-content\/uploads\/2026\/02\/Edital-de-Convocacao-AGE-Conjunta-de-18.12.2025-v-08.12.2025.pdf');\" title=\"Visualizar o documento\" style=\"cursor: pointer; color: blue;\">Edital de Convoca\u00e7\u00e3o<\/a><\/li>\n\t\t\t\t\t\t\t\t\t<li class=\"m-2 fs-4\"><a onclick=\"javascript:abrirPDF_ass48679('https:\/\/www.cf.coop.br\/wp-content\/uploads\/2026\/02\/PPT_AGE_NOVO-V.6.pdf');\" title=\"Visualizar o documento\" style=\"cursor: pointer; color: blue;\">Apresenta\u00e7\u00e3o<\/a><\/li>\n\t\t\t\t\t\t\t\t\t\n\t\t\t\t\t<li class=\"m-2 fs-4\"><a  onclick=\"javascript:abrirGaleria48679()\" title=\"Galeria de Fotos\" style=\"cursor: pointer; color: blue;\">Galeria de Fotos<\/a><\/li>\t<\/ul>\t\t\t\t\t\t\t\t\t\t\t\t\t\t\t\n\t\t\t    <\/div>\n\t\t\t\t<div class=\"col-lg-4 text-start\">\n<iframe width=\"90%\" height=\"250\" loading=\"lazy\" src=\"https:\/\/www.youtube.com\/embed\/COOZoYhcRU4?si=q2Fh_LtAzeotQhEx\" title=\"YouTube video player\" frameborder=\"0\" allow=\"accelerometer; autoplay; clipboard-write; encrypted-media; gyroscope; picture-in-picture; web-share\" allowfullscreen=\"\"><\/iframe>\n\t\t\t\t\t\t<span class=\"text-start fs-5\"><\/span>\t\n\t\t\t\t\t\t<\/div><\/div>\n\t\t\t\t<div class=\"row m-5 border-top\">\n\t\t\t\t\t<div class=\"col-lg-12\">\n\t\t\t\t\t<div class=\"row\" id=\"iframe1_ass48679\" style=\"display: none\">\n\t\t\t\t\t\t\t<div class=\"col-lg-12 mt-5 pt-5\">\t\n\t\t\t\t\t\t\t\t\t<p class=\"text-end fs-5 mt-5\"><a href=\"javascript:ocultar_ass48679();\"><b><i class=\"bi bi-x-circle-fill\"><\/i> Fechar<\/b><\/a><\/p>\n\t\t\t\t\t\t\t\t\t<p><iframe id=\"iframe_ass48679\" src=\"\" height=\"600px\" width=\"100%\"><\/iframe><\/p>\n\t\t\t\t\t\t\t<\/div>\t\t\t\t\t\t\t\t\n\t\t\t\t\t<\/div>\n\t\t\t\t\t  <script>\n\t\t\t\t\t  \n\t\t\t\t\t  \/\/Abrir Pdf dentro do Iframe Assembleias Gerais\n\t\t\t\t\t\t\tfunction abrirPDF_ass48679(link_ass) {\n\t\t\t\t\t\t\tdocument.getElementById('iframe1_ass48679').style.display = \"block\";\n\t\t\t\t\t\t\tdocument.getElementById('iframe_ass48679').src = link_ass;\n\t\t\t\t\t\t\tdocument.getElementById('iframe1_ass48679').scrollIntoView();\n\t\t\t\t\t\t\t}\n\t\t\t\t\t\t\t\/\/Fechar o jornal exibido\n\t\t\t\t\t\t\tfunction ocultar_ass48679() {\n\t\t\t\t\t\t\t\tdocument.getElementById('iframe1_ass48679').style.display = \"none\";\n\t\t\t\t\t\t\t}\n\t\t\t\t\t\t\t\t\t\t\t\t\n\t\t\t\t\t \n\t\t\t\t\t  <\/script>\n\t\t\t\t\t \n\t\t\t\t\t \n\t\t\t\t\t  <!-- Galeria -->\n\n\t\t\t\t\t<div class=\"row\" id=\"galeria-48679\" style=\"display: none\">\n\t\t\t\t    <div class=\"d-flex justify-content-between w-100 pt-5\">\n        <span class=\"text-start fs-5\">\n            Galeria de Fotos &#8211; Assembleia Geral Ordin\u00e1ria \u2013 16 de Abril de 2023\n        <\/span>\n        <span class=\"text-end fs-5\">\n            <a href=\"javascript:fecharGaleria48679();\"><b><i class=\"bi bi-x-circle-fill\"><\/i> Fechar<\/b><\/a>\n        <\/span>\n    <\/div>\n\n\t\t\t\t\t\n\t\t\t\t\t<!-- <div class=\"row\" id=\"galeria-48679\" style=\"display: none\">\n\t\t\t\t\t\t  <div class=\"col-12\">\n\t\t\t\t\t\t\t  <p class=\"fs-4 mt-4 mb-0\"><b>Galeria de Fotos - Assembleia Geral Extraordin\u00e1ria Conjunta \u2013 18 de dezembro de 2025<\/b><\/p>\n\t\t\t\t\t\t\t  <p class=\"text-end fs-5 pt-5\"><a href=\"javascript:fecharGaleria48679();\"><b><i class=\"bi bi-x-circle-fill\"><\/i> Fechar<\/b><\/a><\/p>\n\n\t\t\t\t\t\t  <\/div> -->\n\t\t\t\t\t\t\n\t\t\t\t\t\n\t\t\t\t\t  \n\t\t\t\t\t  <hr class=\"mt-2 mb-5\">\n\t\t\t\t\t  \n\t\t\t\t\t  <div class=\"photo-gallery\">\n\t\t\t\t\t\t  <div class=\"row photos\"> \n\t\t\t\t\t<script>\n\t\t\t\t\t  \n\t\t\t\t\t\/\/Abrir Pdf dentro do Iframe Assembleias Gerais\n\t\t\t\t\t\t  function abrirGaleria48679() {\n\t\t\t\t\t\t  document.getElementById('galeria-48679').style.display = \"block\";\t\t\n\t\t\t\t\t\t  document.getElementById('galeria-48679').scrollIntoView();\n\t\t\t\t\n\t\t\t\t\t\t  }\n\t\t\t\t\t\t  \/\/Fechar o jornal exibido\n\t\t\t\t\t\t  function fecharGaleria48679() {\n\t\t\t\t\t\t\t  document.getElementById('galeria-48679').style.display = \"none\";\n\t\t\t\t\t\t  }\t\t\t\t\t\t\t\t\t\t  \n\t\t\t\t   \n\t\t\t\t\t<\/script>\n\t\t\t\t\t<\/div>\n\t\t\t\t\t<\/div>  <\/div>\t\n\t\t\t\t\t<!-- \/Galeria --><\/div>\t\t\t\t\t\n\t\t\t\t<\/div>\n\t\t\t\t\n\t\t\t\t<div class=\"row pt-3\">\t\t\t\t\t\t\t\t\t\t\t\t\t\t\t\n\t\t\t\t<div class=\"col-lg-7\">\n\t\t\t<p class=\"fs-4\"><b>Assembleia Geral Extraordin\u00e1ria &#8211; 22 de novembro de 2025<\/b><\/p>\n\t\t\t\t\t<ul><li class=\"m-2 fs-4\"><a onclick=\"javascript:abrirPDF_ass48665('https:\/\/www.cf.coop.br\/wp-content\/uploads\/2026\/02\/Edital-AGE-de-22.11.2025.pdf');\" title=\"Visualizar o documento\" style=\"cursor: pointer; color: blue;\">Edital<\/a><\/li>\n\t\t\t\t\t\t\t\t\t<li class=\"m-2 fs-4\"><a onclick=\"javascript:abrirPDF_ass48665('https:\/\/www.cf.coop.br\/wp-content\/uploads\/2026\/02\/Ata-da-AGE-Incorporacao-Banricoop-Registrada-na-Junta-Comercial-do-DF.pdf');\" title=\"Visualizar o documento\" style=\"cursor: pointer; color: blue;\">Ata<\/a><\/li>\n\t\t\t\t\t\t\t\t\t\n\t\t\t\t\t<li class=\"m-2 fs-4\"><a  onclick=\"javascript:abrirGaleria48665()\" title=\"Galeria de Fotos\" style=\"cursor: pointer; color: blue;\">Galeria de Fotos<\/a><\/li>\t<\/ul>\t\t\t\t\t\t\t\t\t\t\t\t\t\t\t\n\t\t\t    <\/div>\n\t\t\t\t<div class=\"col-lg-4 text-start\">\n<iframe width=\"90%\" height=\"250\" loading=\"lazy\" src=\"https:\/\/www.youtube.com\/embed\/c0BqVOwXNtY?si=1_feJDejunmYHoEn\" title=\"YouTube video player\" frameborder=\"0\" allow=\"accelerometer; autoplay; clipboard-write; encrypted-media; gyroscope; picture-in-picture; web-share\" allowfullscreen=\"\"><\/iframe>\n\t\t\t\t\t\t<span class=\"text-start fs-5\"><\/span>\t\n\t\t\t\t\t\t<\/div><\/div>\n\t\t\t\t<div class=\"row m-5 border-top\">\n\t\t\t\t\t<div class=\"col-lg-12\">\n\t\t\t\t\t<div class=\"row\" id=\"iframe1_ass48665\" style=\"display: none\">\n\t\t\t\t\t\t\t<div class=\"col-lg-12 mt-5 pt-5\">\t\n\t\t\t\t\t\t\t\t\t<p class=\"text-end fs-5 mt-5\"><a href=\"javascript:ocultar_ass48665();\"><b><i class=\"bi bi-x-circle-fill\"><\/i> Fechar<\/b><\/a><\/p>\n\t\t\t\t\t\t\t\t\t<p><iframe id=\"iframe_ass48665\" src=\"\" height=\"600px\" width=\"100%\"><\/iframe><\/p>\n\t\t\t\t\t\t\t<\/div>\t\t\t\t\t\t\t\t\n\t\t\t\t\t<\/div>\n\t\t\t\t\t  <script>\n\t\t\t\t\t  \n\t\t\t\t\t  \/\/Abrir Pdf dentro do Iframe Assembleias Gerais\n\t\t\t\t\t\t\tfunction abrirPDF_ass48665(link_ass) {\n\t\t\t\t\t\t\tdocument.getElementById('iframe1_ass48665').style.display = \"block\";\n\t\t\t\t\t\t\tdocument.getElementById('iframe_ass48665').src = link_ass;\n\t\t\t\t\t\t\tdocument.getElementById('iframe1_ass48665').scrollIntoView();\n\t\t\t\t\t\t\t}\n\t\t\t\t\t\t\t\/\/Fechar o jornal exibido\n\t\t\t\t\t\t\tfunction ocultar_ass48665() {\n\t\t\t\t\t\t\t\tdocument.getElementById('iframe1_ass48665').style.display = \"none\";\n\t\t\t\t\t\t\t}\n\t\t\t\t\t\t\t\t\t\t\t\t\n\t\t\t\t\t \n\t\t\t\t\t  <\/script>\n\t\t\t\t\t \n\t\t\t\t\t \n\t\t\t\t\t  <!-- Galeria -->\n\n\t\t\t\t\t<div class=\"row\" id=\"galeria-48665\" style=\"display: none\">\n\t\t\t\t    <div class=\"d-flex justify-content-between w-100 pt-5\">\n        <span class=\"text-start fs-5\">\n            Galeria de Fotos &#8211; Assembleia Geral Ordin\u00e1ria \u2013 16 de Abril de 2023\n        <\/span>\n        <span class=\"text-end fs-5\">\n            <a href=\"javascript:fecharGaleria48665();\"><b><i class=\"bi bi-x-circle-fill\"><\/i> Fechar<\/b><\/a>\n        <\/span>\n    <\/div>\n\n\t\t\t\t\t\n\t\t\t\t\t<!-- <div class=\"row\" id=\"galeria-48665\" style=\"display: none\">\n\t\t\t\t\t\t  <div class=\"col-12\">\n\t\t\t\t\t\t\t  <p class=\"fs-4 mt-4 mb-0\"><b>Galeria de Fotos - Assembleia Geral Extraordin\u00e1ria &#8211; 22 de novembro de 2025<\/b><\/p>\n\t\t\t\t\t\t\t  <p class=\"text-end fs-5 pt-5\"><a href=\"javascript:fecharGaleria48665();\"><b><i class=\"bi bi-x-circle-fill\"><\/i> Fechar<\/b><\/a><\/p>\n\n\t\t\t\t\t\t  <\/div> -->\n\t\t\t\t\t\t\n\t\t\t\t\t\n\t\t\t\t\t  \n\t\t\t\t\t  <hr class=\"mt-2 mb-5\">\n\t\t\t\t\t  \n\t\t\t\t\t  <div class=\"photo-gallery\">\n\t\t\t\t\t\t  <div class=\"row photos\"> \n\t\t\t\t\t<script>\n\t\t\t\t\t  \n\t\t\t\t\t\/\/Abrir Pdf dentro do Iframe Assembleias Gerais\n\t\t\t\t\t\t  function abrirGaleria48665() {\n\t\t\t\t\t\t  document.getElementById('galeria-48665').style.display = \"block\";\t\t\n\t\t\t\t\t\t  document.getElementById('galeria-48665').scrollIntoView();\n\t\t\t\t\n\t\t\t\t\t\t  }\n\t\t\t\t\t\t  \/\/Fechar o jornal exibido\n\t\t\t\t\t\t  function fecharGaleria48665() {\n\t\t\t\t\t\t\t  document.getElementById('galeria-48665').style.display = \"none\";\n\t\t\t\t\t\t  }\t\t\t\t\t\t\t\t\t\t  \n\t\t\t\t   \n\t\t\t\t\t<\/script>\n\t\t\t\t\t<\/div>\n\t\t\t\t\t<\/div>  <\/div>\t\n\t\t\t\t\t<!-- \/Galeria --><\/div>\t\t\t\t\t\n\t\t\t\t<\/div>\n\t\t\t\t\n\t\t\t\t<div class=\"row pt-3\">\t\t\t\t\t\t\t\t\t\t\t\t\t\t\t\n\t\t\t\t<div class=\"col-lg-7\">\n\t\t\t<p class=\"fs-4\"><b>Assembleia Geral Extraordin\u00e1ria &#8211; 27 de setembro de 2025<\/b><\/p>\n\t\t\t\t\t<ul><li class=\"m-2 fs-4\"><a onclick=\"javascript:abrirPDF_ass48671('https:\/\/www.cf.coop.br\/wp-content\/uploads\/2026\/02\/Edital-de-Convocacao-AGE-de-27.09.2025-vf-1.pdf');\" title=\"Visualizar o documento\" style=\"cursor: pointer; color: blue;\">Edital de Convoca\u00e7\u00e3o<\/a><\/li>\n\t\t\t\t\t\t\t\t\t<li class=\"m-2 fs-4\"><a onclick=\"javascript:abrirPDF_ass48671('https:\/\/www.cf.coop.br\/wp-content\/uploads\/2026\/02\/Apresentacao-AGE-setembro-2025_09_25_10h38-1.pdf');\" title=\"Visualizar o documento\" style=\"cursor: pointer; color: blue;\">Apresenta\u00e7\u00e3o<\/a><\/li>\n\t\t\t\t\t\t\t\t\t<li class=\"m-2 fs-4\"><a onclick=\"javascript:abrirPDF_ass48671('https:\/\/www.cf.coop.br\/wp-content\/uploads\/2026\/02\/Ata-AGE-de-27.09.2025-Registrada-na-JCDF-1.pdf');\" title=\"Visualizar o documento\" style=\"cursor: pointer; color: blue;\">Ata<\/a><\/li>\n\t\t\t\t\t\t\t\t\t\n\t\t\t\t\t<li class=\"m-2 fs-4\"><a  onclick=\"javascript:abrirGaleria48671()\" title=\"Galeria de Fotos\" style=\"cursor: pointer; color: blue;\">Galeria de Fotos<\/a><\/li>\t<\/ul>\t\t\t\t\t\t\t\t\t\t\t\t\t\t\t\n\t\t\t    <\/div>\n\t\t\t\t<div class=\"col-lg-4 text-start\">\n<iframe width=\"90%\" height=\"250\" loading=\"lazy\" src=\"https:\/\/www.youtube.com\/embed\/S7EbTJTcZzk?si=l2ihpkTOapRdRvzm\" title=\"YouTube video player\" frameborder=\"0\" allow=\"accelerometer; autoplay; clipboard-write; encrypted-media; gyroscope; picture-in-picture; web-share\" allowfullscreen=\"\"><\/iframe>\n\t\t\t\t\t\t<span class=\"text-start fs-5\"><\/span>\t\n\t\t\t\t\t\t<\/div><\/div>\n\t\t\t\t<div class=\"row m-5 border-top\">\n\t\t\t\t\t<div class=\"col-lg-12\">\n\t\t\t\t\t<div class=\"row\" id=\"iframe1_ass48671\" style=\"display: none\">\n\t\t\t\t\t\t\t<div class=\"col-lg-12 mt-5 pt-5\">\t\n\t\t\t\t\t\t\t\t\t<p class=\"text-end fs-5 mt-5\"><a href=\"javascript:ocultar_ass48671();\"><b><i class=\"bi bi-x-circle-fill\"><\/i> Fechar<\/b><\/a><\/p>\n\t\t\t\t\t\t\t\t\t<p><iframe id=\"iframe_ass48671\" src=\"\" height=\"600px\" width=\"100%\"><\/iframe><\/p>\n\t\t\t\t\t\t\t<\/div>\t\t\t\t\t\t\t\t\n\t\t\t\t\t<\/div>\n\t\t\t\t\t  <script>\n\t\t\t\t\t  \n\t\t\t\t\t  \/\/Abrir Pdf dentro do Iframe Assembleias Gerais\n\t\t\t\t\t\t\tfunction abrirPDF_ass48671(link_ass) {\n\t\t\t\t\t\t\tdocument.getElementById('iframe1_ass48671').style.display = \"block\";\n\t\t\t\t\t\t\tdocument.getElementById('iframe_ass48671').src = link_ass;\n\t\t\t\t\t\t\tdocument.getElementById('iframe1_ass48671').scrollIntoView();\n\t\t\t\t\t\t\t}\n\t\t\t\t\t\t\t\/\/Fechar o jornal exibido\n\t\t\t\t\t\t\tfunction ocultar_ass48671() {\n\t\t\t\t\t\t\t\tdocument.getElementById('iframe1_ass48671').style.display = \"none\";\n\t\t\t\t\t\t\t}\n\t\t\t\t\t\t\t\t\t\t\t\t\n\t\t\t\t\t \n\t\t\t\t\t  <\/script>\n\t\t\t\t\t \n\t\t\t\t\t \n\t\t\t\t\t  <!-- Galeria -->\n\n\t\t\t\t\t<div class=\"row\" id=\"galeria-48671\" style=\"display: none\">\n\t\t\t\t    <div class=\"d-flex justify-content-between w-100 pt-5\">\n        <span class=\"text-start fs-5\">\n            Galeria de Fotos &#8211; Assembleia Geral Ordin\u00e1ria \u2013 16 de Abril de 2023\n        <\/span>\n        <span class=\"text-end fs-5\">\n            <a href=\"javascript:fecharGaleria48671();\"><b><i class=\"bi bi-x-circle-fill\"><\/i> Fechar<\/b><\/a>\n        <\/span>\n    <\/div>\n\n\t\t\t\t\t\n\t\t\t\t\t<!-- <div class=\"row\" id=\"galeria-48671\" style=\"display: none\">\n\t\t\t\t\t\t  <div class=\"col-12\">\n\t\t\t\t\t\t\t  <p class=\"fs-4 mt-4 mb-0\"><b>Galeria de Fotos - Assembleia Geral Extraordin\u00e1ria &#8211; 27 de setembro de 2025<\/b><\/p>\n\t\t\t\t\t\t\t  <p class=\"text-end fs-5 pt-5\"><a href=\"javascript:fecharGaleria48671();\"><b><i class=\"bi bi-x-circle-fill\"><\/i> Fechar<\/b><\/a><\/p>\n\n\t\t\t\t\t\t  <\/div> -->\n\t\t\t\t\t\t\n\t\t\t\t\t\n\t\t\t\t\t  \n\t\t\t\t\t  <hr class=\"mt-2 mb-5\">\n\t\t\t\t\t  \n\t\t\t\t\t  <div class=\"photo-gallery\">\n\t\t\t\t\t\t  <div class=\"row photos\"> \n\t\t\t\t\t<script>\n\t\t\t\t\t  \n\t\t\t\t\t\/\/Abrir Pdf dentro do Iframe Assembleias Gerais\n\t\t\t\t\t\t  function abrirGaleria48671() {\n\t\t\t\t\t\t  document.getElementById('galeria-48671').style.display = \"block\";\t\t\n\t\t\t\t\t\t  document.getElementById('galeria-48671').scrollIntoView();\n\t\t\t\t\n\t\t\t\t\t\t  }\n\t\t\t\t\t\t  \/\/Fechar o jornal exibido\n\t\t\t\t\t\t  function fecharGaleria48671() {\n\t\t\t\t\t\t\t  document.getElementById('galeria-48671').style.display = \"none\";\n\t\t\t\t\t\t  }\t\t\t\t\t\t\t\t\t\t  \n\t\t\t\t   \n\t\t\t\t\t<\/script>\n\t\t\t\t\t<\/div>\n\t\t\t\t\t<\/div>  <\/div>\t\n\t\t\t\t\t<!-- \/Galeria --><\/div>\t\t\t\t\t\n\t\t\t\t<\/div>\n\t\t\t\t\n\t\t\t\t<div class=\"row pt-3\">\t\t\t\t\t\t\t\t\t\t\t\t\t\t\t\n\t\t\t\t<div class=\"col-lg-7\">\n\t\t\t<p class=\"fs-4\"><b>Assembleia Geral Extraordin\u00e1ria \u2013 10 de maio de 2025<\/b><\/p>\n\t\t\t\t\t<ul><li class=\"m-2 fs-4\"><a onclick=\"javascript:abrirPDF_ass48657('https:\/\/www.cf.coop.br\/wp-content\/uploads\/2026\/02\/Edital-de-Convocacao-1.pdf');\" title=\"Visualizar o documento\" style=\"cursor: pointer; color: blue;\">Edital de Convoca\u00e7\u00e3o<\/a><\/li>\n\t\t\t\t\t\t\t\t\t<li class=\"m-2 fs-4\"><a onclick=\"javascript:abrirPDF_ass48657('https:\/\/www.cf.coop.br\/wp-content\/uploads\/2026\/02\/Apresentacao-1.pdf');\" title=\"Visualizar o documento\" style=\"cursor: pointer; color: blue;\">Apresenta\u00e7\u00e3o<\/a><\/li>\n\t\t\t\t\t\t\t\t\t<li class=\"m-2 fs-4\"><a onclick=\"javascript:abrirPDF_ass48657('https:\/\/www.cf.coop.br\/wp-content\/uploads\/2026\/02\/ATA-10.05.2025.pdf');\" title=\"Visualizar o documento\" style=\"cursor: pointer; color: blue;\">Ata<\/a><\/li>\n\t\t\t\t\t\t\t\t\t\n\t\t\t\t\t<li class=\"m-2 fs-4\"><a  onclick=\"javascript:abrirGaleria48657()\" title=\"Galeria de Fotos\" style=\"cursor: pointer; color: blue;\">Galeria de Fotos<\/a><\/li>\t<\/ul>\t\t\t\t\t\t\t\t\t\t\t\t\t\t\t\n\t\t\t    <\/div>\n\t\t\t\t<div class=\"col-lg-4 text-start\">\n<iframe width=\"90%\" height=\"250\" loading=\"lazy\" src=\"https:\/\/www.youtube.com\/embed\/e77FJD89CuY?si=FDD0Nv6ZQGXfEPNa\" title=\"YouTube video player\" frameborder=\"0\" allow=\"accelerometer; autoplay; clipboard-write; encrypted-media; gyroscope; picture-in-picture; web-share\" allowfullscreen=\"\"><\/iframe>\n\t\t\t\t\t\t<span class=\"text-start fs-5\"><\/span>\t\n\t\t\t\t\t\t<\/div><\/div>\n\t\t\t\t<div class=\"row m-5 border-top\">\n\t\t\t\t\t<div class=\"col-lg-12\">\n\t\t\t\t\t<div class=\"row\" id=\"iframe1_ass48657\" style=\"display: none\">\n\t\t\t\t\t\t\t<div class=\"col-lg-12 mt-5 pt-5\">\t\n\t\t\t\t\t\t\t\t\t<p class=\"text-end fs-5 mt-5\"><a href=\"javascript:ocultar_ass48657();\"><b><i class=\"bi bi-x-circle-fill\"><\/i> Fechar<\/b><\/a><\/p>\n\t\t\t\t\t\t\t\t\t<p><iframe id=\"iframe_ass48657\" src=\"\" height=\"600px\" width=\"100%\"><\/iframe><\/p>\n\t\t\t\t\t\t\t<\/div>\t\t\t\t\t\t\t\t\n\t\t\t\t\t<\/div>\n\t\t\t\t\t  <script>\n\t\t\t\t\t  \n\t\t\t\t\t  \/\/Abrir Pdf dentro do Iframe Assembleias Gerais\n\t\t\t\t\t\t\tfunction abrirPDF_ass48657(link_ass) {\n\t\t\t\t\t\t\tdocument.getElementById('iframe1_ass48657').style.display = \"block\";\n\t\t\t\t\t\t\tdocument.getElementById('iframe_ass48657').src = link_ass;\n\t\t\t\t\t\t\tdocument.getElementById('iframe1_ass48657').scrollIntoView();\n\t\t\t\t\t\t\t}\n\t\t\t\t\t\t\t\/\/Fechar o jornal exibido\n\t\t\t\t\t\t\tfunction ocultar_ass48657() {\n\t\t\t\t\t\t\t\tdocument.getElementById('iframe1_ass48657').style.display = \"none\";\n\t\t\t\t\t\t\t}\n\t\t\t\t\t\t\t\t\t\t\t\t\n\t\t\t\t\t \n\t\t\t\t\t  <\/script>\n\t\t\t\t\t \n\t\t\t\t\t \n\t\t\t\t\t  <!-- Galeria -->\n\n\t\t\t\t\t<div class=\"row\" id=\"galeria-48657\" style=\"display: none\">\n\t\t\t\t    <div class=\"d-flex justify-content-between w-100 pt-5\">\n        <span class=\"text-start fs-5\">\n            Galeria de Fotos &#8211; Assembleia Geral Ordin\u00e1ria \u2013 16 de Abril de 2023\n        <\/span>\n        <span class=\"text-end fs-5\">\n            <a href=\"javascript:fecharGaleria48657();\"><b><i class=\"bi bi-x-circle-fill\"><\/i> Fechar<\/b><\/a>\n        <\/span>\n    <\/div>\n\n\t\t\t\t\t\n\t\t\t\t\t<!-- <div class=\"row\" id=\"galeria-48657\" style=\"display: none\">\n\t\t\t\t\t\t  <div class=\"col-12\">\n\t\t\t\t\t\t\t  <p class=\"fs-4 mt-4 mb-0\"><b>Galeria de Fotos - Assembleia Geral Extraordin\u00e1ria \u2013 10 de maio de 2025<\/b><\/p>\n\t\t\t\t\t\t\t  <p class=\"text-end fs-5 pt-5\"><a href=\"javascript:fecharGaleria48657();\"><b><i class=\"bi bi-x-circle-fill\"><\/i> Fechar<\/b><\/a><\/p>\n\n\t\t\t\t\t\t  <\/div> -->\n\t\t\t\t\t\t\n\t\t\t\t\t\n\t\t\t\t\t  \n\t\t\t\t\t  <hr class=\"mt-2 mb-5\">\n\t\t\t\t\t  \n\t\t\t\t\t  <div class=\"photo-gallery\">\n\t\t\t\t\t\t  <div class=\"row photos\"> \n\t\t\t\t\t<script>\n\t\t\t\t\t  \n\t\t\t\t\t\/\/Abrir Pdf dentro do Iframe Assembleias Gerais\n\t\t\t\t\t\t  function abrirGaleria48657() {\n\t\t\t\t\t\t  document.getElementById('galeria-48657').style.display = \"block\";\t\t\n\t\t\t\t\t\t  document.getElementById('galeria-48657').scrollIntoView();\n\t\t\t\t\n\t\t\t\t\t\t  }\n\t\t\t\t\t\t  \/\/Fechar o jornal exibido\n\t\t\t\t\t\t  function fecharGaleria48657() {\n\t\t\t\t\t\t\t  document.getElementById('galeria-48657').style.display = \"none\";\n\t\t\t\t\t\t  }\t\t\t\t\t\t\t\t\t\t  \n\t\t\t\t   \n\t\t\t\t\t<\/script>\n\t\t\t\t\t<\/div>\n\t\t\t\t\t<\/div>  <\/div>\t\n\t\t\t\t\t<!-- \/Galeria --><\/div>\t\t\t\t\t\n\t\t\t\t<\/div>\n\t\t\t\t\n\t\t\t\t<div class=\"row pt-3\">\t\t\t\t\t\t\t\t\t\t\t\t\t\t\t\n\t\t\t\t<div class=\"col-lg-7\">\n\t\t\t<p class=\"fs-4\"><b>Assembleias Gerais Ordin\u00e1ria e Extraordin\u00e1ria \u2013 27 de Abril de 2025<\/b><\/p>\n\t\t\t\t\t<ul><li class=\"m-2 fs-4\"><a onclick=\"javascript:abrirPDF_ass48643('https:\/\/www.cf.coop.br\/wp-content\/uploads\/2026\/02\/Edital-de-Convocacao.pdf');\" title=\"Visualizar o documento\" style=\"cursor: pointer; color: blue;\">Edital de Convoca\u00e7\u00e3o<\/a><\/li>\n\t\t\t\t\t\t\t\t\t<li class=\"m-2 fs-4\"><a onclick=\"javascript:abrirPDF_ass48643('https:\/\/www.cf.coop.br\/wp-content\/uploads\/2026\/02\/Apresentacao.pdf');\" title=\"Visualizar o documento\" style=\"cursor: pointer; color: blue;\">Apresenta\u00e7\u00e3o<\/a><\/li>\n\t\t\t\t\t\t\t\t\t<li class=\"m-2 fs-4\"><a onclick=\"javascript:abrirPDF_ass48643('https:\/\/www.cf.coop.br\/wp-content\/uploads\/2026\/02\/Ata-da-AGO-AGE-de-27.04.2025.pdf');\" title=\"Visualizar o documento\" style=\"cursor: pointer; color: blue;\">Ata<\/a><\/li>\n\t\t\t\t\t\t\t\t\t\n\t\t\t\t\t<li class=\"m-2 fs-4\"><a  onclick=\"javascript:abrirGaleria48643()\" title=\"Galeria de Fotos\" style=\"cursor: pointer; color: blue;\">Galeria de Fotos<\/a><\/li>\t<\/ul>\t\t\t\t\t\t\t\t\t\t\t\t\t\t\t\n\t\t\t    <\/div>\n\t\t\t\t<div class=\"col-lg-4 text-start\">\n<iframe width=\"90%\" height=\"250\" loading=\"lazy\" src=\"https:\/\/www.youtube.com\/embed\/EOOKkY0hJWc?si=QNaFRRcCu8jhtrK-\" title=\"YouTube video player\" frameborder=\"0\" allow=\"accelerometer; autoplay; clipboard-write; encrypted-media; gyroscope; picture-in-picture; web-share\" allowfullscreen=\"\"><\/iframe>\n\t\t\t\t\t\t<span class=\"text-start fs-5\"><\/span>\t\n\t\t\t\t\t\t<\/div><\/div>\n\t\t\t\t<div class=\"row m-5 border-top\">\n\t\t\t\t\t<div class=\"col-lg-12\">\n\t\t\t\t\t<div class=\"row\" id=\"iframe1_ass48643\" style=\"display: none\">\n\t\t\t\t\t\t\t<div class=\"col-lg-12 mt-5 pt-5\">\t\n\t\t\t\t\t\t\t\t\t<p class=\"text-end fs-5 mt-5\"><a href=\"javascript:ocultar_ass48643();\"><b><i class=\"bi bi-x-circle-fill\"><\/i> Fechar<\/b><\/a><\/p>\n\t\t\t\t\t\t\t\t\t<p><iframe id=\"iframe_ass48643\" src=\"\" height=\"600px\" width=\"100%\"><\/iframe><\/p>\n\t\t\t\t\t\t\t<\/div>\t\t\t\t\t\t\t\t\n\t\t\t\t\t<\/div>\n\t\t\t\t\t  <script>\n\t\t\t\t\t  \n\t\t\t\t\t  \/\/Abrir Pdf dentro do Iframe Assembleias Gerais\n\t\t\t\t\t\t\tfunction abrirPDF_ass48643(link_ass) {\n\t\t\t\t\t\t\tdocument.getElementById('iframe1_ass48643').style.display = \"block\";\n\t\t\t\t\t\t\tdocument.getElementById('iframe_ass48643').src = link_ass;\n\t\t\t\t\t\t\tdocument.getElementById('iframe1_ass48643').scrollIntoView();\n\t\t\t\t\t\t\t}\n\t\t\t\t\t\t\t\/\/Fechar o jornal exibido\n\t\t\t\t\t\t\tfunction ocultar_ass48643() {\n\t\t\t\t\t\t\t\tdocument.getElementById('iframe1_ass48643').style.display = \"none\";\n\t\t\t\t\t\t\t}\n\t\t\t\t\t\t\t\t\t\t\t\t\n\t\t\t\t\t \n\t\t\t\t\t  <\/script>\n\t\t\t\t\t \n\t\t\t\t\t \n\t\t\t\t\t  <!-- Galeria -->\n\n\t\t\t\t\t<div class=\"row\" id=\"galeria-48643\" style=\"display: none\">\n\t\t\t\t    <div class=\"d-flex justify-content-between w-100 pt-5\">\n        <span class=\"text-start fs-5\">\n            Galeria de Fotos &#8211; Assembleia Geral Ordin\u00e1ria \u2013 16 de Abril de 2023\n        <\/span>\n        <span class=\"text-end fs-5\">\n            <a href=\"javascript:fecharGaleria48643();\"><b><i class=\"bi bi-x-circle-fill\"><\/i> Fechar<\/b><\/a>\n        <\/span>\n    <\/div>\n\n\t\t\t\t\t\n\t\t\t\t\t<!-- <div class=\"row\" id=\"galeria-48643\" style=\"display: none\">\n\t\t\t\t\t\t  <div class=\"col-12\">\n\t\t\t\t\t\t\t  <p class=\"fs-4 mt-4 mb-0\"><b>Galeria de Fotos - Assembleias Gerais Ordin\u00e1ria e Extraordin\u00e1ria \u2013 27 de Abril de 2025<\/b><\/p>\n\t\t\t\t\t\t\t  <p class=\"text-end fs-5 pt-5\"><a href=\"javascript:fecharGaleria48643();\"><b><i class=\"bi bi-x-circle-fill\"><\/i> Fechar<\/b><\/a><\/p>\n\n\t\t\t\t\t\t  <\/div> -->\n\t\t\t\t\t\t\n\t\t\t\t\t\n\t\t\t\t\t  \n\t\t\t\t\t  <hr class=\"mt-2 mb-5\">\n\t\t\t\t\t  \n\t\t\t\t\t  <div class=\"photo-gallery\">\n\t\t\t\t\t\t  <div class=\"row photos\"> \n\t\t\t\t\t<script>\n\t\t\t\t\t  \n\t\t\t\t\t\/\/Abrir Pdf dentro do Iframe Assembleias Gerais\n\t\t\t\t\t\t  function abrirGaleria48643() {\n\t\t\t\t\t\t  document.getElementById('galeria-48643').style.display = \"block\";\t\t\n\t\t\t\t\t\t  document.getElementById('galeria-48643').scrollIntoView();\n\t\t\t\t\n\t\t\t\t\t\t  }\n\t\t\t\t\t\t  \/\/Fechar o jornal exibido\n\t\t\t\t\t\t  function fecharGaleria48643() {\n\t\t\t\t\t\t\t  document.getElementById('galeria-48643').style.display = \"none\";\n\t\t\t\t\t\t  }\t\t\t\t\t\t\t\t\t\t  \n\t\t\t\t   \n\t\t\t\t\t<\/script>\n\t\t\t\t\t<\/div>\n\t\t\t\t\t<\/div>  <\/div>\t\n\t\t\t\t\t<!-- \/Galeria --><\/div>\t\t\t\t\t\n\t\t\t\t<\/div>\n\t\t\t\t\n\t\t\t\t<\/div>\n\t\t\t\t<\/div>\n\t\t\t\t<\/div>\n\t\t\t\t<\/div>\n\t\t\t\t<\/div>\t\n\t\t<\/div>\n\t\t\t\t\n\t\t<div class=\"accordion\" id=\"accordionPanelsStayOpenExample\">\n\t\t<div class=\"accordion-item\">\n\t\t\t\t<h2 class=\"accordion-header\" id=\"headingOne\">\n\t\t\t\t<button class=\"accordion-button collapsed fs-5\" type=\"button\" data-bs-toggle=\"collapse\" data-bs-target=\"#collapse2024\" aria-expanded=\"false\" aria-controls=\"collapse2024\">\n\t\t\t\t<b>\t<i class=\"bi bi-chevron-down fw-bold pe-2\"><\/i>2024<\/b>\n\t\t\t\t<\/button>\n\t\t\t\t<\/h2><div id=\"collapse2024\" class=\"accordion-collapse  collapse \" aria-labelledby=\"headingOne\" data-bs-parent=\"#accordionExample\">\t\n\t\t\t\t<div class=\"container-fluid\">\n\t\t\t\t<div class=\"row\">\t\t\t\t\t\t\t\t\t\t\t\t\t\t\n\t\t\t\t\t<div class=\"col-lg-12\"><div class=\"row pt-3\">\t\t\t\t\t\t\t\t\t\t\t\t\t\t\t\n\t\t\t\t<div class=\"col-lg-7\">\n\t\t\t<p class=\"fs-4\"><b>Assembleias Gerais Ordin\u00e1ria e Extraordin\u00e1ria \u2013 28 de Abril de 2024<\/b><\/p>\n\t\t\t\t\t<ul><li class=\"m-2 fs-4\"><a onclick=\"javascript:abrirPDF_ass40464('https:\/\/www.cf.coop.br\/wp-content\/uploads\/2024\/05\/Edital-AGO-AGE-de-28.04.2024-Nao-Assinado.pdf');\" title=\"Visualizar o documento\" style=\"cursor: pointer; color: blue;\">Edital de Convoca\u00e7\u00e3o<\/a><\/li>\n\t\t\t\t\t\t\t\t\t<li class=\"m-2 fs-4\"><a onclick=\"javascript:abrirPDF_ass40464('https:\/\/www.cf.coop.br\/wp-content\/uploads\/2024\/05\/ASSEMBLEIAS-2024-APRESENTACAO-Versao-Final_compressed.pdf');\" title=\"Visualizar o documento\" style=\"cursor: pointer; color: blue;\">Apresenta\u00e7\u00e3o<\/a><\/li>\n\t\t\t\t\t\t\t\t\t\n\t\t\t\t\t<li class=\"m-2 fs-4\"><a  onclick=\"javascript:abrirGaleria40464()\" title=\"Galeria de Fotos\" style=\"cursor: pointer; color: blue;\">Galeria de Fotos<\/a><\/li>\t<\/ul>\t\t\t\t\t\t\t\t\t\t\t\t\t\t\t\n\t\t\t    <\/div>\n\t\t\t\t<div class=\"col-lg-4 text-start\">\n<iframe width=\"90%\" height=\"250\" loading=\"lazy\" src=\"https:\/\/www.youtube.com\/embed\/I-ifm5LI5F0\" title=\"YouTube video player\" frameborder=\"0\" allow=\"accelerometer; autoplay; clipboard-write; encrypted-media; gyroscope; picture-in-picture; web-share\" allowfullscreen=\"\"><\/iframe>\n\t\t\t\t\t\t<span class=\"text-start fs-5\">V\u00eddeo Assembleias Gerais Ordin\u00e1ria e Extraordin\u00e1ria<\/span>\t\n\t\t\t\t\t\t<\/div><\/div>\n\t\t\t\t<div class=\"row m-5 border-top\">\n\t\t\t\t\t<div class=\"col-lg-12\">\n\t\t\t\t\t<div class=\"row\" id=\"iframe1_ass40464\" style=\"display: none\">\n\t\t\t\t\t\t\t<div class=\"col-lg-12 mt-5 pt-5\">\t\n\t\t\t\t\t\t\t\t\t<p class=\"text-end fs-5 mt-5\"><a href=\"javascript:ocultar_ass40464();\"><b><i class=\"bi bi-x-circle-fill\"><\/i> Fechar<\/b><\/a><\/p>\n\t\t\t\t\t\t\t\t\t<p><iframe id=\"iframe_ass40464\" src=\"\" height=\"600px\" width=\"100%\"><\/iframe><\/p>\n\t\t\t\t\t\t\t<\/div>\t\t\t\t\t\t\t\t\n\t\t\t\t\t<\/div>\n\t\t\t\t\t  <script>\n\t\t\t\t\t  \n\t\t\t\t\t  \/\/Abrir Pdf dentro do Iframe Assembleias Gerais\n\t\t\t\t\t\t\tfunction abrirPDF_ass40464(link_ass) {\n\t\t\t\t\t\t\tdocument.getElementById('iframe1_ass40464').style.display = \"block\";\n\t\t\t\t\t\t\tdocument.getElementById('iframe_ass40464').src = link_ass;\n\t\t\t\t\t\t\tdocument.getElementById('iframe1_ass40464').scrollIntoView();\n\t\t\t\t\t\t\t}\n\t\t\t\t\t\t\t\/\/Fechar o jornal exibido\n\t\t\t\t\t\t\tfunction ocultar_ass40464() {\n\t\t\t\t\t\t\t\tdocument.getElementById('iframe1_ass40464').style.display = \"none\";\n\t\t\t\t\t\t\t}\n\t\t\t\t\t\t\t\t\t\t\t\t\n\t\t\t\t\t \n\t\t\t\t\t  <\/script>\n\t\t\t\t\t \n\t\t\t\t\t \n\t\t\t\t\t  <!-- Galeria -->\n\n\t\t\t\t\t<div class=\"row\" id=\"galeria-40464\" style=\"display: none\">\n\t\t\t\t    <div class=\"d-flex justify-content-between w-100 pt-5\">\n        <span class=\"text-start fs-5\">\n            Galeria de Fotos &#8211; Assembleia Geral Ordin\u00e1ria \u2013 16 de Abril de 2023\n        <\/span>\n        <span class=\"text-end fs-5\">\n            <a href=\"javascript:fecharGaleria40464();\"><b><i class=\"bi bi-x-circle-fill\"><\/i> Fechar<\/b><\/a>\n        <\/span>\n    <\/div>\n\n\t\t\t\t\t\n\t\t\t\t\t<!-- <div class=\"row\" id=\"galeria-40464\" style=\"display: none\">\n\t\t\t\t\t\t  <div class=\"col-12\">\n\t\t\t\t\t\t\t  <p class=\"fs-4 mt-4 mb-0\"><b>Galeria de Fotos - Assembleias Gerais Ordin\u00e1ria e Extraordin\u00e1ria \u2013 28 de Abril de 2024<\/b><\/p>\n\t\t\t\t\t\t\t  <p class=\"text-end fs-5 pt-5\"><a href=\"javascript:fecharGaleria40464();\"><b><i class=\"bi bi-x-circle-fill\"><\/i> Fechar<\/b><\/a><\/p>\n\n\t\t\t\t\t\t  <\/div> -->\n\t\t\t\t\t\t\n\t\t\t\t\t\n\t\t\t\t\t  \n\t\t\t\t\t  <hr class=\"mt-2 mb-5\">\n\t\t\t\t\t  \n\t\t\t\t\t  <div class=\"photo-gallery\">\n\t\t\t\t\t\t  <div class=\"row photos\"> <div class=\"col-sm-6 col-md-4 col-lg-3 item\"><a href=\"https:\/\/www.cf.coop.br\/wp-content\/uploads\/2024\/05\/galeria-assembleia-2024-1.jpg?image=250\" data-toggle=\"lightbox\" data-gallery=\"example-gallery\" data-title=\"Galeria de Foto\"><img decoding=\"async\" class=\"img-fluid\" loading=\"lazy\" src=\"https:\/\/www.cf.coop.br\/wp-content\/uploads\/2024\/05\/galeria-assembleia-2024-1.jpg\" alt=\"Galeria de Foto\"><\/a><\/div><div class=\"col-sm-6 col-md-4 col-lg-3 item\"><a href=\"https:\/\/www.cf.coop.br\/wp-content\/uploads\/2024\/05\/galeria-assembleia-2024-2.jpg?image=250\" data-toggle=\"lightbox\" data-gallery=\"example-gallery\" data-title=\"Galeria de Foto\"><img decoding=\"async\" class=\"img-fluid\" loading=\"lazy\" src=\"https:\/\/www.cf.coop.br\/wp-content\/uploads\/2024\/05\/galeria-assembleia-2024-2.jpg\" alt=\"Galeria de Foto\"><\/a><\/div><div class=\"col-sm-6 col-md-4 col-lg-3 item\"><a href=\"https:\/\/www.cf.coop.br\/wp-content\/uploads\/2024\/05\/galeria-assembleia-2024-3.jpg?image=250\" data-toggle=\"lightbox\" data-gallery=\"example-gallery\" data-title=\"Galeria de Foto\"><img decoding=\"async\" class=\"img-fluid\" loading=\"lazy\" src=\"https:\/\/www.cf.coop.br\/wp-content\/uploads\/2024\/05\/galeria-assembleia-2024-3.jpg\" alt=\"Galeria de Foto\"><\/a><\/div><div class=\"col-sm-6 col-md-4 col-lg-3 item\"><a href=\"https:\/\/www.cf.coop.br\/wp-content\/uploads\/2024\/05\/galeria-assembleia-2024-4.jpg?image=250\" data-toggle=\"lightbox\" data-gallery=\"example-gallery\" data-title=\"Galeria de Foto\"><img decoding=\"async\" class=\"img-fluid\" loading=\"lazy\" src=\"https:\/\/www.cf.coop.br\/wp-content\/uploads\/2024\/05\/galeria-assembleia-2024-4.jpg\" alt=\"Galeria de Foto\"><\/a><\/div><div class=\"col-sm-6 col-md-4 col-lg-3 item\"><a href=\"https:\/\/www.cf.coop.br\/wp-content\/uploads\/2024\/05\/galeria-assembleia-2024-5.jpg?image=250\" data-toggle=\"lightbox\" data-gallery=\"example-gallery\" data-title=\"Galeria de Foto\"><img decoding=\"async\" class=\"img-fluid\" loading=\"lazy\" src=\"https:\/\/www.cf.coop.br\/wp-content\/uploads\/2024\/05\/galeria-assembleia-2024-5.jpg\" alt=\"Galeria de Foto\"><\/a><\/div><div class=\"col-sm-6 col-md-4 col-lg-3 item\"><a href=\"https:\/\/www.cf.coop.br\/wp-content\/uploads\/2024\/05\/galeria-assembleia-2024-6.jpg?image=250\" data-toggle=\"lightbox\" data-gallery=\"example-gallery\" data-title=\"Galeria de Foto\"><img decoding=\"async\" class=\"img-fluid\" loading=\"lazy\" src=\"https:\/\/www.cf.coop.br\/wp-content\/uploads\/2024\/05\/galeria-assembleia-2024-6.jpg\" alt=\"Galeria de Foto\"><\/a><\/div><div class=\"col-sm-6 col-md-4 col-lg-3 item\"><a href=\"https:\/\/www.cf.coop.br\/wp-content\/uploads\/2024\/05\/galeria-assembleia-2024-7.jpg?image=250\" data-toggle=\"lightbox\" data-gallery=\"example-gallery\" data-title=\"Galeria de Foto\"><img decoding=\"async\" class=\"img-fluid\" loading=\"lazy\" src=\"https:\/\/www.cf.coop.br\/wp-content\/uploads\/2024\/05\/galeria-assembleia-2024-7.jpg\" alt=\"Galeria de Foto\"><\/a><\/div><div class=\"col-sm-6 col-md-4 col-lg-3 item\"><a href=\"https:\/\/www.cf.coop.br\/wp-content\/uploads\/2024\/05\/galeria-assembleia-2024-8.jpg?image=250\" data-toggle=\"lightbox\" data-gallery=\"example-gallery\" data-title=\"Galeria de Foto\"><img decoding=\"async\" class=\"img-fluid\" loading=\"lazy\" src=\"https:\/\/www.cf.coop.br\/wp-content\/uploads\/2024\/05\/galeria-assembleia-2024-8.jpg\" alt=\"Galeria de Foto\"><\/a><\/div><div class=\"col-sm-6 col-md-4 col-lg-3 item\"><a href=\"https:\/\/www.cf.coop.br\/wp-content\/uploads\/2024\/05\/galeria-assembleia-2024-9.jpg?image=250\" data-toggle=\"lightbox\" data-gallery=\"example-gallery\" data-title=\"Galeria de Foto\"><img decoding=\"async\" class=\"img-fluid\" loading=\"lazy\" src=\"https:\/\/www.cf.coop.br\/wp-content\/uploads\/2024\/05\/galeria-assembleia-2024-9.jpg\" alt=\"Galeria de Foto\"><\/a><\/div><div class=\"col-sm-6 col-md-4 col-lg-3 item\"><a href=\"https:\/\/www.cf.coop.br\/wp-content\/uploads\/2024\/05\/galeria-assembleia-2024-10.jpg?image=250\" data-toggle=\"lightbox\" data-gallery=\"example-gallery\" data-title=\"Galeria de Foto\"><img decoding=\"async\" class=\"img-fluid\" loading=\"lazy\" src=\"https:\/\/www.cf.coop.br\/wp-content\/uploads\/2024\/05\/galeria-assembleia-2024-10.jpg\" alt=\"Galeria de Foto\"><\/a><\/div><div class=\"col-sm-6 col-md-4 col-lg-3 item\"><a href=\"https:\/\/www.cf.coop.br\/wp-content\/uploads\/2024\/05\/galeria-assembleia-2024-11.jpg?image=250\" data-toggle=\"lightbox\" data-gallery=\"example-gallery\" data-title=\"Galeria de Foto\"><img decoding=\"async\" class=\"img-fluid\" loading=\"lazy\" src=\"https:\/\/www.cf.coop.br\/wp-content\/uploads\/2024\/05\/galeria-assembleia-2024-11.jpg\" alt=\"Galeria de Foto\"><\/a><\/div><div class=\"col-sm-6 col-md-4 col-lg-3 item\"><a href=\"https:\/\/www.cf.coop.br\/wp-content\/uploads\/2024\/05\/galeria-assembleia-2024-12.jpg?image=250\" data-toggle=\"lightbox\" data-gallery=\"example-gallery\" data-title=\"Galeria de Foto\"><img decoding=\"async\" class=\"img-fluid\" loading=\"lazy\" src=\"https:\/\/www.cf.coop.br\/wp-content\/uploads\/2024\/05\/galeria-assembleia-2024-12.jpg\" alt=\"Galeria de Foto\"><\/a><\/div><div class=\"col-sm-6 col-md-4 col-lg-3 item\"><a href=\"https:\/\/www.cf.coop.br\/wp-content\/uploads\/2024\/05\/galeria-assembleia-2024-13.jpg?image=250\" data-toggle=\"lightbox\" data-gallery=\"example-gallery\" data-title=\"Galeria de Foto\"><img decoding=\"async\" class=\"img-fluid\" loading=\"lazy\" src=\"https:\/\/www.cf.coop.br\/wp-content\/uploads\/2024\/05\/galeria-assembleia-2024-13.jpg\" alt=\"Galeria de Foto\"><\/a><\/div><div class=\"col-sm-6 col-md-4 col-lg-3 item\"><a href=\"https:\/\/www.cf.coop.br\/wp-content\/uploads\/2024\/05\/galeria-assembleia-2024-14.jpg?image=250\" data-toggle=\"lightbox\" data-gallery=\"example-gallery\" data-title=\"Galeria de Foto\"><img decoding=\"async\" class=\"img-fluid\" loading=\"lazy\" src=\"https:\/\/www.cf.coop.br\/wp-content\/uploads\/2024\/05\/galeria-assembleia-2024-14.jpg\" alt=\"Galeria de Foto\"><\/a><\/div><div class=\"col-sm-6 col-md-4 col-lg-3 item\"><a href=\"https:\/\/www.cf.coop.br\/wp-content\/uploads\/2024\/05\/galeria-assembleia-2024-15.jpg?image=250\" data-toggle=\"lightbox\" data-gallery=\"example-gallery\" data-title=\"Galeria de Foto\"><img decoding=\"async\" class=\"img-fluid\" loading=\"lazy\" src=\"https:\/\/www.cf.coop.br\/wp-content\/uploads\/2024\/05\/galeria-assembleia-2024-15.jpg\" alt=\"Galeria de Foto\"><\/a><\/div><div class=\"col-sm-6 col-md-4 col-lg-3 item\"><a href=\"https:\/\/www.cf.coop.br\/wp-content\/uploads\/2024\/05\/galeria-assembleia-2024-16.jpg?image=250\" data-toggle=\"lightbox\" data-gallery=\"example-gallery\" data-title=\"Galeria de Foto\"><img decoding=\"async\" class=\"img-fluid\" loading=\"lazy\" src=\"https:\/\/www.cf.coop.br\/wp-content\/uploads\/2024\/05\/galeria-assembleia-2024-16.jpg\" alt=\"Galeria de Foto\"><\/a><\/div><div class=\"col-sm-6 col-md-4 col-lg-3 item\"><a href=\"https:\/\/www.cf.coop.br\/wp-content\/uploads\/2024\/05\/galeria-assembleia-2024-17.jpg?image=250\" data-toggle=\"lightbox\" data-gallery=\"example-gallery\" data-title=\"Galeria de Foto\"><img decoding=\"async\" class=\"img-fluid\" loading=\"lazy\" src=\"https:\/\/www.cf.coop.br\/wp-content\/uploads\/2024\/05\/galeria-assembleia-2024-17.jpg\" alt=\"Galeria de Foto\"><\/a><\/div><div class=\"col-sm-6 col-md-4 col-lg-3 item\"><a href=\"https:\/\/www.cf.coop.br\/wp-content\/uploads\/2024\/05\/galeria-assembleia-2024-18.jpg?image=250\" data-toggle=\"lightbox\" data-gallery=\"example-gallery\" data-title=\"Galeria de Foto\"><img decoding=\"async\" class=\"img-fluid\" loading=\"lazy\" src=\"https:\/\/www.cf.coop.br\/wp-content\/uploads\/2024\/05\/galeria-assembleia-2024-18.jpg\" alt=\"Galeria de Foto\"><\/a><\/div><div class=\"col-sm-6 col-md-4 col-lg-3 item\"><a href=\"https:\/\/www.cf.coop.br\/wp-content\/uploads\/2024\/05\/galeria-assembleia-2024-19.jpg?image=250\" data-toggle=\"lightbox\" data-gallery=\"example-gallery\" data-title=\"Galeria de Foto\"><img decoding=\"async\" class=\"img-fluid\" loading=\"lazy\" src=\"https:\/\/www.cf.coop.br\/wp-content\/uploads\/2024\/05\/galeria-assembleia-2024-19.jpg\" alt=\"Galeria de Foto\"><\/a><\/div><div class=\"col-sm-6 col-md-4 col-lg-3 item\"><a href=\"https:\/\/www.cf.coop.br\/wp-content\/uploads\/2024\/05\/galeria-assembleia-2024-20.jpg?image=250\" data-toggle=\"lightbox\" data-gallery=\"example-gallery\" data-title=\"Galeria de Foto\"><img decoding=\"async\" class=\"img-fluid\" loading=\"lazy\" src=\"https:\/\/www.cf.coop.br\/wp-content\/uploads\/2024\/05\/galeria-assembleia-2024-20.jpg\" alt=\"Galeria de Foto\"><\/a><\/div>\n\t\t\t\t\t<script>\n\t\t\t\t\t  \n\t\t\t\t\t\/\/Abrir Pdf dentro do Iframe Assembleias Gerais\n\t\t\t\t\t\t  function abrirGaleria40464() {\n\t\t\t\t\t\t  document.getElementById('galeria-40464').style.display = \"block\";\t\t\n\t\t\t\t\t\t  document.getElementById('galeria-40464').scrollIntoView();\n\t\t\t\t\n\t\t\t\t\t\t  }\n\t\t\t\t\t\t  \/\/Fechar o jornal exibido\n\t\t\t\t\t\t  function fecharGaleria40464() {\n\t\t\t\t\t\t\t  document.getElementById('galeria-40464').style.display = \"none\";\n\t\t\t\t\t\t  }\t\t\t\t\t\t\t\t\t\t  \n\t\t\t\t   \n\t\t\t\t\t<\/script>\n\t\t\t\t\t<\/div>\n\t\t\t\t\t<\/div>  <\/div>\t\n\t\t\t\t\t<!-- \/Galeria --><\/div>\t\t\t\t\t\n\t\t\t\t<\/div>\n\t\t\t\t\n\t\t\t\t<\/div>\n\t\t\t\t<\/div>\n\t\t\t\t<\/div>\n\t\t\t\t<\/div>\n\t\t\t\t<\/div>\t\n\t\t<\/div>\n\t\t\t\t\n\t\t<div class=\"accordion\" id=\"accordionPanelsStayOpenExample\">\n\t\t<div class=\"accordion-item\">\n\t\t\t\t<h2 class=\"accordion-header\" id=\"headingOne\">\n\t\t\t\t<button class=\"accordion-button collapsed fs-5\" type=\"button\" data-bs-toggle=\"collapse\" data-bs-target=\"#collapse2023\" aria-expanded=\"false\" aria-controls=\"collapse2023\">\n\t\t\t\t<b>\t<i class=\"bi bi-chevron-down fw-bold pe-2\"><\/i>2023<\/b>\n\t\t\t\t<\/button>\n\t\t\t\t<\/h2><div id=\"collapse2023\" class=\"accordion-collapse  collapse \" aria-labelledby=\"headingOne\" data-bs-parent=\"#accordionExample\">\t\n\t\t\t\t<div class=\"container-fluid\">\n\t\t\t\t<div class=\"row\">\t\t\t\t\t\t\t\t\t\t\t\t\t\t\n\t\t\t\t\t<div class=\"col-lg-12\"><div class=\"row pt-3\">\t\t\t\t\t\t\t\t\t\t\t\t\t\t\t\n\t\t\t\t<div class=\"col-lg-7\">\n\t\t\t<p class=\"fs-4\"><b>Assembleia Geral Ordin\u00e1ria \u2013 16 de Abril de 2023<\/b><\/p>\n\t\t\t\t\t<ul><li class=\"m-2 fs-4\"><a onclick=\"javascript:abrirPDF_ass18554('https:\/\/www.cf.coop.br\/wp-content\/uploads\/2023\/04\/Edital_AGO_16.04.2023-v-01.03.2023.pdf');\" title=\"Visualizar o documento\" style=\"cursor: pointer; color: blue;\">Edital de Convoca\u00e7\u00e3o<\/a><\/li>\n\t\t\t\t\t\t\t\t\t<li class=\"m-2 fs-4\"><a onclick=\"javascript:abrirPDF_ass18554('https:\/\/www.cf.coop.br\/wp-content\/uploads\/2023\/04\/ASSEMBLEIA-2023-APRESENTACAO.pdf');\" title=\"Visualizar o documento\" style=\"cursor: pointer; color: blue;\">Apresenta\u00e7\u00e3o<\/a><\/li>\n\t\t\t\t\t\t\t\t\t<li class=\"m-2 fs-4\"><a onclick=\"javascript:abrirPDF_ass18554('https:\/\/www.cf.coop.br\/wp-content\/uploads\/2023\/04\/ATA-AGO-COOPERFORTE-2023-Registrada.pdf');\" title=\"Visualizar o documento\" style=\"cursor: pointer; color: blue;\">Ata<\/a><\/li>\n\t\t\t\t\t\t\t\t\t\n\t\t\t\t\t<li class=\"m-2 fs-4\"><a  onclick=\"javascript:abrirGaleria18554()\" title=\"Galeria de Fotos\" style=\"cursor: pointer; color: blue;\">Galeria de Fotos<\/a><\/li>\t<\/ul>\t\t\t\t\t\t\t\t\t\t\t\t\t\t\t\n\t\t\t    <\/div>\n\t\t\t\t<div class=\"col-lg-4 text-start\">\n<iframe width=\"90%\" height=\"250\" loading=\"lazy\" src=\"https:\/\/www.youtube.com\/embed\/F4oMNlZt3f0\" title=\"YouTube video player\" frameborder=\"0\" allow=\"accelerometer; autoplay; clipboard-write; encrypted-media; gyroscope; picture-in-picture; web-share\" allowfullscreen=\"\"><\/iframe>\n\t\t\t\t\t\t<span class=\"text-start fs-5\">V\u00eddeo Assembleia Geral Ordin\u00e1ria<\/span>\t\n\t\t\t\t\t\t<\/div><\/div>\n\t\t\t\t<div class=\"row m-5 border-top\">\n\t\t\t\t\t<div class=\"col-lg-12\">\n\t\t\t\t\t<div class=\"row\" id=\"iframe1_ass18554\" style=\"display: none\">\n\t\t\t\t\t\t\t<div class=\"col-lg-12 mt-5 pt-5\">\t\n\t\t\t\t\t\t\t\t\t<p class=\"text-end fs-5 mt-5\"><a href=\"javascript:ocultar_ass18554();\"><b><i class=\"bi bi-x-circle-fill\"><\/i> Fechar<\/b><\/a><\/p>\n\t\t\t\t\t\t\t\t\t<p><iframe id=\"iframe_ass18554\" src=\"\" height=\"600px\" width=\"100%\"><\/iframe><\/p>\n\t\t\t\t\t\t\t<\/div>\t\t\t\t\t\t\t\t\n\t\t\t\t\t<\/div>\n\t\t\t\t\t  <script>\n\t\t\t\t\t  \n\t\t\t\t\t  \/\/Abrir Pdf dentro do Iframe Assembleias Gerais\n\t\t\t\t\t\t\tfunction abrirPDF_ass18554(link_ass) {\n\t\t\t\t\t\t\tdocument.getElementById('iframe1_ass18554').style.display = \"block\";\n\t\t\t\t\t\t\tdocument.getElementById('iframe_ass18554').src = link_ass;\n\t\t\t\t\t\t\tdocument.getElementById('iframe1_ass18554').scrollIntoView();\n\t\t\t\t\t\t\t}\n\t\t\t\t\t\t\t\/\/Fechar o jornal exibido\n\t\t\t\t\t\t\tfunction ocultar_ass18554() {\n\t\t\t\t\t\t\t\tdocument.getElementById('iframe1_ass18554').style.display = \"none\";\n\t\t\t\t\t\t\t}\n\t\t\t\t\t\t\t\t\t\t\t\t\n\t\t\t\t\t \n\t\t\t\t\t  <\/script>\n\t\t\t\t\t \n\t\t\t\t\t \n\t\t\t\t\t  <!-- Galeria -->\n\n\t\t\t\t\t<div class=\"row\" id=\"galeria-18554\" style=\"display: none\">\n\t\t\t\t    <div class=\"d-flex justify-content-between w-100 pt-5\">\n        <span class=\"text-start fs-5\">\n            Galeria de Fotos &#8211; Assembleia Geral Ordin\u00e1ria \u2013 16 de Abril de 2023\n        <\/span>\n        <span class=\"text-end fs-5\">\n            <a href=\"javascript:fecharGaleria18554();\"><b><i class=\"bi bi-x-circle-fill\"><\/i> Fechar<\/b><\/a>\n        <\/span>\n    <\/div>\n\n\t\t\t\t\t\n\t\t\t\t\t<!-- <div class=\"row\" id=\"galeria-18554\" style=\"display: none\">\n\t\t\t\t\t\t  <div class=\"col-12\">\n\t\t\t\t\t\t\t  <p class=\"fs-4 mt-4 mb-0\"><b>Galeria de Fotos - Assembleia Geral Ordin\u00e1ria \u2013 16 de Abril de 2023<\/b><\/p>\n\t\t\t\t\t\t\t  <p class=\"text-end fs-5 pt-5\"><a href=\"javascript:fecharGaleria18554();\"><b><i class=\"bi bi-x-circle-fill\"><\/i> Fechar<\/b><\/a><\/p>\n\n\t\t\t\t\t\t  <\/div> -->\n\t\t\t\t\t\t\n\t\t\t\t\t\n\t\t\t\t\t  \n\t\t\t\t\t  <hr class=\"mt-2 mb-5\">\n\t\t\t\t\t  \n\t\t\t\t\t  <div class=\"photo-gallery\">\n\t\t\t\t\t\t  <div class=\"row photos\"> <div class=\"col-sm-6 col-md-4 col-lg-3 item\"><a href=\"https:\/\/www.cf.coop.br\/wp-content\/uploads\/2023\/04\/galeria-assembleia-2023-1.jpg?image=250\" data-toggle=\"lightbox\" data-gallery=\"example-gallery\" data-title=\"Galeria de Foto\"><img decoding=\"async\" class=\"img-fluid\" loading=\"lazy\" src=\"https:\/\/www.cf.coop.br\/wp-content\/uploads\/2023\/04\/galeria-assembleia-2023-1.jpg\" alt=\"Galeria de Foto\"><\/a><\/div><div class=\"col-sm-6 col-md-4 col-lg-3 item\"><a href=\"https:\/\/www.cf.coop.br\/wp-content\/uploads\/2023\/04\/galeria-assembleia-2023-2.jpg?image=250\" data-toggle=\"lightbox\" data-gallery=\"example-gallery\" data-title=\"Galeria de Foto\"><img decoding=\"async\" class=\"img-fluid\" loading=\"lazy\" src=\"https:\/\/www.cf.coop.br\/wp-content\/uploads\/2023\/04\/galeria-assembleia-2023-2.jpg\" alt=\"Galeria de Foto\"><\/a><\/div><div class=\"col-sm-6 col-md-4 col-lg-3 item\"><a href=\"https:\/\/www.cf.coop.br\/wp-content\/uploads\/2023\/04\/galeria-assembleia-2023-3.jpg?image=250\" data-toggle=\"lightbox\" data-gallery=\"example-gallery\" data-title=\"Galeria de Foto\"><img decoding=\"async\" class=\"img-fluid\" loading=\"lazy\" src=\"https:\/\/www.cf.coop.br\/wp-content\/uploads\/2023\/04\/galeria-assembleia-2023-3.jpg\" alt=\"Galeria de Foto\"><\/a><\/div><div class=\"col-sm-6 col-md-4 col-lg-3 item\"><a href=\"https:\/\/www.cf.coop.br\/wp-content\/uploads\/2023\/04\/galeria-assembleia-2023-4.jpg?image=250\" data-toggle=\"lightbox\" data-gallery=\"example-gallery\" data-title=\"Galeria de Foto\"><img decoding=\"async\" class=\"img-fluid\" loading=\"lazy\" src=\"https:\/\/www.cf.coop.br\/wp-content\/uploads\/2023\/04\/galeria-assembleia-2023-4.jpg\" alt=\"Galeria de Foto\"><\/a><\/div><div class=\"col-sm-6 col-md-4 col-lg-3 item\"><a href=\"https:\/\/www.cf.coop.br\/wp-content\/uploads\/2023\/04\/galeria-assembleia-2023-5.jpg?image=250\" data-toggle=\"lightbox\" data-gallery=\"example-gallery\" data-title=\"Galeria de Foto\"><img decoding=\"async\" class=\"img-fluid\" loading=\"lazy\" src=\"https:\/\/www.cf.coop.br\/wp-content\/uploads\/2023\/04\/galeria-assembleia-2023-5.jpg\" alt=\"Galeria de Foto\"><\/a><\/div><div class=\"col-sm-6 col-md-4 col-lg-3 item\"><a href=\"https:\/\/www.cf.coop.br\/wp-content\/uploads\/2023\/04\/galeria-assembleia-2023-6.jpg?image=250\" data-toggle=\"lightbox\" data-gallery=\"example-gallery\" data-title=\"Galeria de Foto\"><img decoding=\"async\" class=\"img-fluid\" loading=\"lazy\" src=\"https:\/\/www.cf.coop.br\/wp-content\/uploads\/2023\/04\/galeria-assembleia-2023-6.jpg\" alt=\"Galeria de Foto\"><\/a><\/div><div class=\"col-sm-6 col-md-4 col-lg-3 item\"><a href=\"https:\/\/www.cf.coop.br\/wp-content\/uploads\/2023\/04\/galeria-assembleia-2023-7.jpg?image=250\" data-toggle=\"lightbox\" data-gallery=\"example-gallery\" data-title=\"Galeria de Foto\"><img decoding=\"async\" class=\"img-fluid\" loading=\"lazy\" src=\"https:\/\/www.cf.coop.br\/wp-content\/uploads\/2023\/04\/galeria-assembleia-2023-7.jpg\" alt=\"Galeria de Foto\"><\/a><\/div><div class=\"col-sm-6 col-md-4 col-lg-3 item\"><a href=\"https:\/\/www.cf.coop.br\/wp-content\/uploads\/2023\/04\/galeria-assembleia-2023-8.jpg?image=250\" data-toggle=\"lightbox\" data-gallery=\"example-gallery\" data-title=\"Galeria de Foto\"><img decoding=\"async\" class=\"img-fluid\" loading=\"lazy\" src=\"https:\/\/www.cf.coop.br\/wp-content\/uploads\/2023\/04\/galeria-assembleia-2023-8.jpg\" alt=\"Galeria de Foto\"><\/a><\/div><div class=\"col-sm-6 col-md-4 col-lg-3 item\"><a href=\"https:\/\/www.cf.coop.br\/wp-content\/uploads\/2023\/04\/galeria-assembleia-2023-9.jpg?image=250\" data-toggle=\"lightbox\" data-gallery=\"example-gallery\" data-title=\"Galeria de Foto\"><img decoding=\"async\" class=\"img-fluid\" loading=\"lazy\" src=\"https:\/\/www.cf.coop.br\/wp-content\/uploads\/2023\/04\/galeria-assembleia-2023-9.jpg\" alt=\"Galeria de Foto\"><\/a><\/div><div class=\"col-sm-6 col-md-4 col-lg-3 item\"><a href=\"https:\/\/www.cf.coop.br\/wp-content\/uploads\/2023\/04\/galeria-assembleia-2023-10.jpg?image=250\" data-toggle=\"lightbox\" data-gallery=\"example-gallery\" data-title=\"Galeria de Foto\"><img decoding=\"async\" class=\"img-fluid\" loading=\"lazy\" src=\"https:\/\/www.cf.coop.br\/wp-content\/uploads\/2023\/04\/galeria-assembleia-2023-10.jpg\" alt=\"Galeria de Foto\"><\/a><\/div><div class=\"col-sm-6 col-md-4 col-lg-3 item\"><a href=\"https:\/\/www.cf.coop.br\/wp-content\/uploads\/2023\/04\/galeria-assembleia-2023-11.jpg?image=250\" data-toggle=\"lightbox\" data-gallery=\"example-gallery\" data-title=\"Galeria de Foto\"><img decoding=\"async\" class=\"img-fluid\" loading=\"lazy\" src=\"https:\/\/www.cf.coop.br\/wp-content\/uploads\/2023\/04\/galeria-assembleia-2023-11.jpg\" alt=\"Galeria de Foto\"><\/a><\/div><div class=\"col-sm-6 col-md-4 col-lg-3 item\"><a href=\"https:\/\/www.cf.coop.br\/wp-content\/uploads\/2023\/04\/galeria-assembleia-2023-12.jpg?image=250\" data-toggle=\"lightbox\" data-gallery=\"example-gallery\" data-title=\"Galeria de Foto\"><img decoding=\"async\" class=\"img-fluid\" loading=\"lazy\" src=\"https:\/\/www.cf.coop.br\/wp-content\/uploads\/2023\/04\/galeria-assembleia-2023-12.jpg\" alt=\"Galeria de Foto\"><\/a><\/div><div class=\"col-sm-6 col-md-4 col-lg-3 item\"><a href=\"https:\/\/www.cf.coop.br\/wp-content\/uploads\/2023\/04\/galeria-assembleia-2023-13.jpg?image=250\" data-toggle=\"lightbox\" data-gallery=\"example-gallery\" data-title=\"Galeria de Foto\"><img decoding=\"async\" class=\"img-fluid\" loading=\"lazy\" src=\"https:\/\/www.cf.coop.br\/wp-content\/uploads\/2023\/04\/galeria-assembleia-2023-13.jpg\" alt=\"Galeria de Foto\"><\/a><\/div><div class=\"col-sm-6 col-md-4 col-lg-3 item\"><a href=\"https:\/\/www.cf.coop.br\/wp-content\/uploads\/2023\/04\/galeria-assembleia-2023-14.jpg?image=250\" data-toggle=\"lightbox\" data-gallery=\"example-gallery\" data-title=\"Galeria de Foto\"><img decoding=\"async\" class=\"img-fluid\" loading=\"lazy\" src=\"https:\/\/www.cf.coop.br\/wp-content\/uploads\/2023\/04\/galeria-assembleia-2023-14.jpg\" alt=\"Galeria de Foto\"><\/a><\/div><div class=\"col-sm-6 col-md-4 col-lg-3 item\"><a href=\"https:\/\/www.cf.coop.br\/wp-content\/uploads\/2023\/04\/galeria-assembleia-2023-15.jpg?image=250\" data-toggle=\"lightbox\" data-gallery=\"example-gallery\" data-title=\"Galeria de Foto\"><img decoding=\"async\" class=\"img-fluid\" loading=\"lazy\" src=\"https:\/\/www.cf.coop.br\/wp-content\/uploads\/2023\/04\/galeria-assembleia-2023-15.jpg\" alt=\"Galeria de Foto\"><\/a><\/div><div class=\"col-sm-6 col-md-4 col-lg-3 item\"><a href=\"https:\/\/www.cf.coop.br\/wp-content\/uploads\/2023\/04\/galeria-assembleia-2023-16.jpg?image=250\" data-toggle=\"lightbox\" data-gallery=\"example-gallery\" data-title=\"Galeria de Foto\"><img decoding=\"async\" class=\"img-fluid\" loading=\"lazy\" src=\"https:\/\/www.cf.coop.br\/wp-content\/uploads\/2023\/04\/galeria-assembleia-2023-16.jpg\" alt=\"Galeria de Foto\"><\/a><\/div><div class=\"col-sm-6 col-md-4 col-lg-3 item\"><a href=\"https:\/\/www.cf.coop.br\/wp-content\/uploads\/2023\/04\/galeria-assembleia-2023-17.jpg?image=250\" data-toggle=\"lightbox\" data-gallery=\"example-gallery\" data-title=\"Galeria de Foto\"><img decoding=\"async\" class=\"img-fluid\" loading=\"lazy\" src=\"https:\/\/www.cf.coop.br\/wp-content\/uploads\/2023\/04\/galeria-assembleia-2023-17.jpg\" alt=\"Galeria de Foto\"><\/a><\/div><div class=\"col-sm-6 col-md-4 col-lg-3 item\"><a href=\"https:\/\/www.cf.coop.br\/wp-content\/uploads\/2023\/04\/galeria-assembleia-2023-18.jpg?image=250\" data-toggle=\"lightbox\" data-gallery=\"example-gallery\" data-title=\"Galeria de Foto\"><img decoding=\"async\" class=\"img-fluid\" loading=\"lazy\" src=\"https:\/\/www.cf.coop.br\/wp-content\/uploads\/2023\/04\/galeria-assembleia-2023-18.jpg\" alt=\"Galeria de Foto\"><\/a><\/div><div class=\"col-sm-6 col-md-4 col-lg-3 item\"><a href=\"https:\/\/www.cf.coop.br\/wp-content\/uploads\/2023\/04\/galeria-assembleia-2023-19.jpg?image=250\" data-toggle=\"lightbox\" data-gallery=\"example-gallery\" data-title=\"Galeria de Foto\"><img decoding=\"async\" class=\"img-fluid\" loading=\"lazy\" src=\"https:\/\/www.cf.coop.br\/wp-content\/uploads\/2023\/04\/galeria-assembleia-2023-19.jpg\" alt=\"Galeria de Foto\"><\/a><\/div><div class=\"col-sm-6 col-md-4 col-lg-3 item\"><a href=\"https:\/\/www.cf.coop.br\/wp-content\/uploads\/2023\/04\/galeria-assembleia-2023-20.jpg?image=250\" data-toggle=\"lightbox\" data-gallery=\"example-gallery\" data-title=\"Galeria de Foto\"><img decoding=\"async\" class=\"img-fluid\" loading=\"lazy\" src=\"https:\/\/www.cf.coop.br\/wp-content\/uploads\/2023\/04\/galeria-assembleia-2023-20.jpg\" alt=\"Galeria de Foto\"><\/a><\/div>\n\t\t\t\t\t<script>\n\t\t\t\t\t  \n\t\t\t\t\t\/\/Abrir Pdf dentro do Iframe Assembleias Gerais\n\t\t\t\t\t\t  function abrirGaleria18554() {\n\t\t\t\t\t\t  document.getElementById('galeria-18554').style.display = \"block\";\t\t\n\t\t\t\t\t\t  document.getElementById('galeria-18554').scrollIntoView();\n\t\t\t\t\n\t\t\t\t\t\t  }\n\t\t\t\t\t\t  \/\/Fechar o jornal exibido\n\t\t\t\t\t\t  function fecharGaleria18554() {\n\t\t\t\t\t\t\t  document.getElementById('galeria-18554').style.display = \"none\";\n\t\t\t\t\t\t  }\t\t\t\t\t\t\t\t\t\t  \n\t\t\t\t   \n\t\t\t\t\t<\/script>\n\t\t\t\t\t<\/div>\n\t\t\t\t\t<\/div>  <\/div>\t\n\t\t\t\t\t<!-- \/Galeria --><\/div>\t\t\t\t\t\n\t\t\t\t<\/div>\n\t\t\t\t\n\t\t\t\t<\/div>\n\t\t\t\t<\/div>\n\t\t\t\t<\/div>\n\t\t\t\t<\/div>\n\t\t\t\t<\/div>\t\n\t\t<\/div>\n\t\t\t\t\n\t\t<div class=\"accordion\" id=\"accordionPanelsStayOpenExample\">\n\t\t<div class=\"accordion-item\">\n\t\t\t\t<h2 class=\"accordion-header\" id=\"headingOne\">\n\t\t\t\t<button class=\"accordion-button collapsed fs-5\" type=\"button\" data-bs-toggle=\"collapse\" data-bs-target=\"#collapse2022\" aria-expanded=\"false\" aria-controls=\"collapse2022\">\n\t\t\t\t<b>\t<i class=\"bi bi-chevron-down fw-bold pe-2\"><\/i>2022<\/b>\n\t\t\t\t<\/button>\n\t\t\t\t<\/h2><div id=\"collapse2022\" class=\"accordion-collapse  collapse \" aria-labelledby=\"headingOne\" data-bs-parent=\"#accordionExample\">\t\n\t\t\t\t<div class=\"container-fluid\">\n\t\t\t\t<div class=\"row\">\t\t\t\t\t\t\t\t\t\t\t\t\t\t\n\t\t\t\t\t<div class=\"col-lg-12\"><div class=\"row pt-3\">\t\t\t\t\t\t\t\t\t\t\t\t\t\t\t\n\t\t\t\t<div class=\"col-lg-7\">\n\t\t\t<p class=\"fs-4\"><b>Assembleia Geral Extraordin\u00e1ria &#8211; 07 de Novembro de 2022<\/b><\/p>\n\t\t\t\t\t<ul><li class=\"m-2 fs-4\"><a onclick=\"javascript:abrirPDF_ass19184('https:\/\/www.cf.coop.br\/wp-content\/uploads\/2023\/06\/Anexo-2-Edital_AGE-SEMIPRESENCIAL-de-07.11.2022-sem-Anexo-1.pdf');\" title=\"Visualizar o documento\" style=\"cursor: pointer; color: blue;\">Edital de Convoca\u00e7\u00e3o<\/a><\/li>\n\t\t\t\t\t\t\t\t\t<li class=\"m-2 fs-4\"><a onclick=\"javascript:abrirPDF_ass19184('https:\/\/www.cf.coop.br\/wp-content\/uploads\/2023\/06\/Apresentacao_AGE-7nov22.pdf');\" title=\"Visualizar o documento\" style=\"cursor: pointer; color: blue;\">Apresenta\u00e7\u00e3o<\/a><\/li>\n\t\t\t\t\t\t\t\t\t<li class=\"m-2 fs-4\"><a onclick=\"javascript:abrirPDF_ass19184('https:\/\/www.cf.coop.br\/wp-content\/uploads\/2023\/06\/Ata-AGE-de-07.11.2022.pdf');\" title=\"Visualizar o documento\" style=\"cursor: pointer; color: blue;\">Ata<\/a><\/li>\n\t\t\t\t\t\t\t\t\t\n\t\t\t\t\t<li class=\"m-2 fs-4\"><a  onclick=\"javascript:abrirGaleria19184()\" title=\"Galeria de Fotos\" style=\"cursor: pointer; color: blue;\">Galeria de Fotos<\/a><\/li>\t<\/ul>\t\t\t\t\t\t\t\t\t\t\t\t\t\t\t\n\t\t\t    <\/div>\n\t\t\t\t<div class=\"col-lg-4 text-start\"><\/div><\/div>\n\t\t\t\t<div class=\"row m-5 border-top\">\n\t\t\t\t\t<div class=\"col-lg-12\">\n\t\t\t\t\t<div class=\"row\" id=\"iframe1_ass19184\" style=\"display: none\">\n\t\t\t\t\t\t\t<div class=\"col-lg-12 mt-5 pt-5\">\t\n\t\t\t\t\t\t\t\t\t<p class=\"text-end fs-5 mt-5\"><a href=\"javascript:ocultar_ass19184();\"><b><i class=\"bi bi-x-circle-fill\"><\/i> Fechar<\/b><\/a><\/p>\n\t\t\t\t\t\t\t\t\t<p><iframe id=\"iframe_ass19184\" src=\"\" height=\"600px\" width=\"100%\"><\/iframe><\/p>\n\t\t\t\t\t\t\t<\/div>\t\t\t\t\t\t\t\t\n\t\t\t\t\t<\/div>\n\t\t\t\t\t  <script>\n\t\t\t\t\t  \n\t\t\t\t\t  \/\/Abrir Pdf dentro do Iframe Assembleias Gerais\n\t\t\t\t\t\t\tfunction abrirPDF_ass19184(link_ass) {\n\t\t\t\t\t\t\tdocument.getElementById('iframe1_ass19184').style.display = \"block\";\n\t\t\t\t\t\t\tdocument.getElementById('iframe_ass19184').src = link_ass;\n\t\t\t\t\t\t\tdocument.getElementById('iframe1_ass19184').scrollIntoView();\n\t\t\t\t\t\t\t}\n\t\t\t\t\t\t\t\/\/Fechar o jornal exibido\n\t\t\t\t\t\t\tfunction ocultar_ass19184() {\n\t\t\t\t\t\t\t\tdocument.getElementById('iframe1_ass19184').style.display = \"none\";\n\t\t\t\t\t\t\t}\n\t\t\t\t\t\t\t\t\t\t\t\t\n\t\t\t\t\t \n\t\t\t\t\t  <\/script>\n\t\t\t\t\t \n\t\t\t\t\t \n\t\t\t\t\t  <!-- Galeria -->\n\n\t\t\t\t\t<div class=\"row\" id=\"galeria-19184\" style=\"display: none\">\n\t\t\t\t    <div class=\"d-flex justify-content-between w-100 pt-5\">\n        <span class=\"text-start fs-5\">\n            Galeria de Fotos &#8211; Assembleia Geral Ordin\u00e1ria \u2013 16 de Abril de 2023\n        <\/span>\n        <span class=\"text-end fs-5\">\n            <a href=\"javascript:fecharGaleria19184();\"><b><i class=\"bi bi-x-circle-fill\"><\/i> Fechar<\/b><\/a>\n        <\/span>\n    <\/div>\n\n\t\t\t\t\t\n\t\t\t\t\t<!-- <div class=\"row\" id=\"galeria-19184\" style=\"display: none\">\n\t\t\t\t\t\t  <div class=\"col-12\">\n\t\t\t\t\t\t\t  <p class=\"fs-4 mt-4 mb-0\"><b>Galeria de Fotos - Assembleia Geral Extraordin\u00e1ria &#8211; 07 de Novembro de 2022<\/b><\/p>\n\t\t\t\t\t\t\t  <p class=\"text-end fs-5 pt-5\"><a href=\"javascript:fecharGaleria19184();\"><b><i class=\"bi bi-x-circle-fill\"><\/i> Fechar<\/b><\/a><\/p>\n\n\t\t\t\t\t\t  <\/div> -->\n\t\t\t\t\t\t\n\t\t\t\t\t\n\t\t\t\t\t  \n\t\t\t\t\t  <hr class=\"mt-2 mb-5\">\n\t\t\t\t\t  \n\t\t\t\t\t  <div class=\"photo-gallery\">\n\t\t\t\t\t\t  <div class=\"row photos\"> <div class=\"col-sm-6 col-md-4 col-lg-3 item\"><a href=\"https:\/\/www.cf.coop.br\/wp-content\/uploads\/2022\/11\/galeria-assembleia-2022-1.jpg?image=250\" data-toggle=\"lightbox\" data-gallery=\"example-gallery\" data-title=\"Galeria de Foto\"><img decoding=\"async\" class=\"img-fluid\" loading=\"lazy\" src=\"https:\/\/www.cf.coop.br\/wp-content\/uploads\/2022\/11\/galeria-assembleia-2022-1.jpg\" alt=\"Galeria de Foto\"><\/a><\/div><div class=\"col-sm-6 col-md-4 col-lg-3 item\"><a href=\"https:\/\/www.cf.coop.br\/wp-content\/uploads\/2022\/11\/galeria-assembleia-2022-2.jpg?image=250\" data-toggle=\"lightbox\" data-gallery=\"example-gallery\" data-title=\"Galeria de Foto\"><img decoding=\"async\" class=\"img-fluid\" loading=\"lazy\" src=\"https:\/\/www.cf.coop.br\/wp-content\/uploads\/2022\/11\/galeria-assembleia-2022-2.jpg\" alt=\"Galeria de Foto\"><\/a><\/div><div class=\"col-sm-6 col-md-4 col-lg-3 item\"><a href=\"https:\/\/www.cf.coop.br\/wp-content\/uploads\/2022\/11\/galeria-assembleia-2022-3.jpg?image=250\" data-toggle=\"lightbox\" data-gallery=\"example-gallery\" data-title=\"Galeria de Foto\"><img decoding=\"async\" class=\"img-fluid\" loading=\"lazy\" src=\"https:\/\/www.cf.coop.br\/wp-content\/uploads\/2022\/11\/galeria-assembleia-2022-3.jpg\" alt=\"Galeria de Foto\"><\/a><\/div><div class=\"col-sm-6 col-md-4 col-lg-3 item\"><a href=\"https:\/\/www.cf.coop.br\/wp-content\/uploads\/2022\/11\/galeria-assembleia-2022-4.jpg?image=250\" data-toggle=\"lightbox\" data-gallery=\"example-gallery\" data-title=\"Galeria de Foto\"><img decoding=\"async\" class=\"img-fluid\" loading=\"lazy\" src=\"https:\/\/www.cf.coop.br\/wp-content\/uploads\/2022\/11\/galeria-assembleia-2022-4.jpg\" alt=\"Galeria de Foto\"><\/a><\/div><div class=\"col-sm-6 col-md-4 col-lg-3 item\"><a href=\"https:\/\/www.cf.coop.br\/wp-content\/uploads\/2022\/11\/galeria-assembleia-2022-5.jpg?image=250\" data-toggle=\"lightbox\" data-gallery=\"example-gallery\" data-title=\"Galeria de Foto\"><img decoding=\"async\" class=\"img-fluid\" loading=\"lazy\" src=\"https:\/\/www.cf.coop.br\/wp-content\/uploads\/2022\/11\/galeria-assembleia-2022-5.jpg\" alt=\"Galeria de Foto\"><\/a><\/div><div class=\"col-sm-6 col-md-4 col-lg-3 item\"><a href=\"https:\/\/www.cf.coop.br\/wp-content\/uploads\/2022\/11\/galeria-assembleia-2022-6.jpg?image=250\" data-toggle=\"lightbox\" data-gallery=\"example-gallery\" data-title=\"Galeria de Foto\"><img decoding=\"async\" class=\"img-fluid\" loading=\"lazy\" src=\"https:\/\/www.cf.coop.br\/wp-content\/uploads\/2022\/11\/galeria-assembleia-2022-6.jpg\" alt=\"Galeria de Foto\"><\/a><\/div><div class=\"col-sm-6 col-md-4 col-lg-3 item\"><a href=\"https:\/\/www.cf.coop.br\/wp-content\/uploads\/2022\/11\/galeria-assembleia-2022-7.jpg?image=250\" data-toggle=\"lightbox\" data-gallery=\"example-gallery\" data-title=\"Galeria de Foto\"><img decoding=\"async\" class=\"img-fluid\" loading=\"lazy\" src=\"https:\/\/www.cf.coop.br\/wp-content\/uploads\/2022\/11\/galeria-assembleia-2022-7.jpg\" alt=\"Galeria de Foto\"><\/a><\/div><div class=\"col-sm-6 col-md-4 col-lg-3 item\"><a href=\"https:\/\/www.cf.coop.br\/wp-content\/uploads\/2022\/11\/galeria-assembleia-2022-8.jpg?image=250\" data-toggle=\"lightbox\" data-gallery=\"example-gallery\" data-title=\"Galeria de Foto\"><img decoding=\"async\" class=\"img-fluid\" loading=\"lazy\" src=\"https:\/\/www.cf.coop.br\/wp-content\/uploads\/2022\/11\/galeria-assembleia-2022-8.jpg\" alt=\"Galeria de Foto\"><\/a><\/div><div class=\"col-sm-6 col-md-4 col-lg-3 item\"><a href=\"https:\/\/www.cf.coop.br\/wp-content\/uploads\/2022\/11\/galeria-assembleia-2022-9.jpg?image=250\" data-toggle=\"lightbox\" data-gallery=\"example-gallery\" data-title=\"Galeria de Foto\"><img decoding=\"async\" class=\"img-fluid\" loading=\"lazy\" src=\"https:\/\/www.cf.coop.br\/wp-content\/uploads\/2022\/11\/galeria-assembleia-2022-9.jpg\" alt=\"Galeria de Foto\"><\/a><\/div><div class=\"col-sm-6 col-md-4 col-lg-3 item\"><a href=\"https:\/\/www.cf.coop.br\/wp-content\/uploads\/2022\/11\/galeria-assembleia-2022-10.jpg?image=250\" data-toggle=\"lightbox\" data-gallery=\"example-gallery\" data-title=\"Galeria de Foto\"><img decoding=\"async\" class=\"img-fluid\" loading=\"lazy\" src=\"https:\/\/www.cf.coop.br\/wp-content\/uploads\/2022\/11\/galeria-assembleia-2022-10.jpg\" alt=\"Galeria de Foto\"><\/a><\/div><div class=\"col-sm-6 col-md-4 col-lg-3 item\"><a href=\"https:\/\/www.cf.coop.br\/wp-content\/uploads\/2022\/11\/galeria-assembleia-2022-11.jpg?image=250\" data-toggle=\"lightbox\" data-gallery=\"example-gallery\" data-title=\"Galeria de Foto\"><img decoding=\"async\" class=\"img-fluid\" loading=\"lazy\" src=\"https:\/\/www.cf.coop.br\/wp-content\/uploads\/2022\/11\/galeria-assembleia-2022-11.jpg\" alt=\"Galeria de Foto\"><\/a><\/div><div class=\"col-sm-6 col-md-4 col-lg-3 item\"><a href=\"https:\/\/www.cf.coop.br\/wp-content\/uploads\/2022\/11\/galeria-assembleia-2022-12.jpg?image=250\" data-toggle=\"lightbox\" data-gallery=\"example-gallery\" data-title=\"Galeria de Foto\"><img decoding=\"async\" class=\"img-fluid\" loading=\"lazy\" src=\"https:\/\/www.cf.coop.br\/wp-content\/uploads\/2022\/11\/galeria-assembleia-2022-12.jpg\" alt=\"Galeria de Foto\"><\/a><\/div><div class=\"col-sm-6 col-md-4 col-lg-3 item\"><a href=\"https:\/\/www.cf.coop.br\/wp-content\/uploads\/2022\/11\/galeria-assembleia-2022-13.jpg?image=250\" data-toggle=\"lightbox\" data-gallery=\"example-gallery\" data-title=\"Galeria de Foto\"><img decoding=\"async\" class=\"img-fluid\" loading=\"lazy\" src=\"https:\/\/www.cf.coop.br\/wp-content\/uploads\/2022\/11\/galeria-assembleia-2022-13.jpg\" alt=\"Galeria de Foto\"><\/a><\/div><div class=\"col-sm-6 col-md-4 col-lg-3 item\"><a href=\"https:\/\/www.cf.coop.br\/wp-content\/uploads\/2022\/11\/galeria-assembleia-2022-14.jpg?image=250\" data-toggle=\"lightbox\" data-gallery=\"example-gallery\" data-title=\"Galeria de Foto\"><img decoding=\"async\" class=\"img-fluid\" loading=\"lazy\" src=\"https:\/\/www.cf.coop.br\/wp-content\/uploads\/2022\/11\/galeria-assembleia-2022-14.jpg\" alt=\"Galeria de Foto\"><\/a><\/div><div class=\"col-sm-6 col-md-4 col-lg-3 item\"><a href=\"https:\/\/www.cf.coop.br\/wp-content\/uploads\/2022\/11\/galeria-assembleia-2022-15.jpg?image=250\" data-toggle=\"lightbox\" data-gallery=\"example-gallery\" data-title=\"Galeria de Foto\"><img decoding=\"async\" class=\"img-fluid\" loading=\"lazy\" src=\"https:\/\/www.cf.coop.br\/wp-content\/uploads\/2022\/11\/galeria-assembleia-2022-15.jpg\" alt=\"Galeria de Foto\"><\/a><\/div><div class=\"col-sm-6 col-md-4 col-lg-3 item\"><a href=\"https:\/\/www.cf.coop.br\/wp-content\/uploads\/2022\/11\/galeria-assembleia-2022-16.jpg?image=250\" data-toggle=\"lightbox\" data-gallery=\"example-gallery\" data-title=\"Galeria de Foto\"><img decoding=\"async\" class=\"img-fluid\" loading=\"lazy\" src=\"https:\/\/www.cf.coop.br\/wp-content\/uploads\/2022\/11\/galeria-assembleia-2022-16.jpg\" alt=\"Galeria de Foto\"><\/a><\/div><div class=\"col-sm-6 col-md-4 col-lg-3 item\"><a href=\"https:\/\/www.cf.coop.br\/wp-content\/uploads\/2022\/11\/galeria-assembleia-2022-18.jpg?image=250\" data-toggle=\"lightbox\" data-gallery=\"example-gallery\" data-title=\"Galeria de Foto\"><img decoding=\"async\" class=\"img-fluid\" loading=\"lazy\" src=\"https:\/\/www.cf.coop.br\/wp-content\/uploads\/2022\/11\/galeria-assembleia-2022-18.jpg\" alt=\"Galeria de Foto\"><\/a><\/div><div class=\"col-sm-6 col-md-4 col-lg-3 item\"><a href=\"https:\/\/www.cf.coop.br\/wp-content\/uploads\/2022\/11\/galeria-assembleia-2022-19.jpg?image=250\" data-toggle=\"lightbox\" data-gallery=\"example-gallery\" data-title=\"Galeria de Foto\"><img decoding=\"async\" class=\"img-fluid\" loading=\"lazy\" src=\"https:\/\/www.cf.coop.br\/wp-content\/uploads\/2022\/11\/galeria-assembleia-2022-19.jpg\" alt=\"Galeria de Foto\"><\/a><\/div><div class=\"col-sm-6 col-md-4 col-lg-3 item\"><a href=\"https:\/\/www.cf.coop.br\/wp-content\/uploads\/2022\/11\/galeria-assembleia-2022-20.jpg?image=250\" data-toggle=\"lightbox\" data-gallery=\"example-gallery\" data-title=\"Galeria de Foto\"><img decoding=\"async\" class=\"img-fluid\" loading=\"lazy\" src=\"https:\/\/www.cf.coop.br\/wp-content\/uploads\/2022\/11\/galeria-assembleia-2022-20.jpg\" alt=\"Galeria de Foto\"><\/a><\/div>\n\t\t\t\t\t<script>\n\t\t\t\t\t  \n\t\t\t\t\t\/\/Abrir Pdf dentro do Iframe Assembleias Gerais\n\t\t\t\t\t\t  function abrirGaleria19184() {\n\t\t\t\t\t\t  document.getElementById('galeria-19184').style.display = \"block\";\t\t\n\t\t\t\t\t\t  document.getElementById('galeria-19184').scrollIntoView();\n\t\t\t\t\n\t\t\t\t\t\t  }\n\t\t\t\t\t\t  \/\/Fechar o jornal exibido\n\t\t\t\t\t\t  function fecharGaleria19184() {\n\t\t\t\t\t\t\t  document.getElementById('galeria-19184').style.display = \"none\";\n\t\t\t\t\t\t  }\t\t\t\t\t\t\t\t\t\t  \n\t\t\t\t   \n\t\t\t\t\t<\/script>\n\t\t\t\t\t<\/div>\n\t\t\t\t\t<\/div>  <\/div>\t\n\t\t\t\t\t<!-- \/Galeria --><\/div>\t\t\t\t\t\n\t\t\t\t<\/div>\n\t\t\t\t\n\t\t\t\t<div class=\"row pt-3\">\t\t\t\t\t\t\t\t\t\t\t\t\t\t\t\n\t\t\t\t<div class=\"col-lg-7\">\n\t\t\t<p class=\"fs-4\"><b>Assembleias Gerais Ordin\u00e1ria e Extraordin\u00e1ria &#8211; 24 de Abril de 2022<\/b><\/p>\n\t\t\t\t\t<ul><li class=\"m-2 fs-4\"><a onclick=\"javascript:abrirPDF_ass16037('https:\/\/www.cf.coop.br\/wp-content\/uploads\/2022\/11\/edital-convocacao-24042022.pdf');\" title=\"Visualizar o documento\" style=\"cursor: pointer; color: blue;\">Edital de Convoca\u00e7\u00e3o<\/a><\/li>\n\t\t\t\t\t\t\t\t\t<li class=\"m-2 fs-4\"><a onclick=\"javascript:abrirPDF_ass16037('https:\/\/www.cf.coop.br\/wp-content\/uploads\/2022\/11\/apresentacao-24042022.pdf');\" title=\"Visualizar o documento\" style=\"cursor: pointer; color: blue;\">Apresenta\u00e7\u00e3o<\/a><\/li>\n\t\t\t\t\t\t\t\t\t<li class=\"m-2 fs-4\"><a onclick=\"javascript:abrirPDF_ass16037('https:\/\/www.cf.coop.br\/wp-content\/uploads\/2022\/11\/ata-24042022.pdf');\" title=\"Visualizar o documento\" style=\"cursor: pointer; color: blue;\">Ata<\/a><\/li>\n\t\t\t\t\t\t\t\t\t\t<\/ul>\t\t\t\t\t\t\t\t\t\t\t\t\t\t\t\n\t\t\t    <\/div>\n\t\t\t\t<div class=\"col-lg-4 text-start\">\n<iframe width=\"90%\" height=\"250\" loading=\"lazy\" src=\"https:\/\/www.youtube.com\/embed\/y-yoVsvx0HA\" title=\"YouTube video player\" frameborder=\"0\" allow=\"accelerometer; autoplay; clipboard-write; encrypted-media; gyroscope; picture-in-picture; web-share\" allowfullscreen=\"\"><\/iframe>\n\t\t\t\t\t\t<span class=\"text-start fs-5\">V\u00eddeo Assembleias Gerais Ordin\u00e1ria e Extraordin\u00e1ria<\/span>\t\n\t\t\t\t\t\t<\/div><\/div>\n\t\t\t\t<div class=\"row m-5 border-top\">\n\t\t\t\t\t<div class=\"col-lg-12\">\n\t\t\t\t\t<div class=\"row\" id=\"iframe1_ass16037\" style=\"display: none\">\n\t\t\t\t\t\t\t<div class=\"col-lg-12 mt-5 pt-5\">\t\n\t\t\t\t\t\t\t\t\t<p class=\"text-end fs-5 mt-5\"><a href=\"javascript:ocultar_ass16037();\"><b><i class=\"bi bi-x-circle-fill\"><\/i> Fechar<\/b><\/a><\/p>\n\t\t\t\t\t\t\t\t\t<p><iframe id=\"iframe_ass16037\" src=\"\" height=\"600px\" width=\"100%\"><\/iframe><\/p>\n\t\t\t\t\t\t\t<\/div>\t\t\t\t\t\t\t\t\n\t\t\t\t\t<\/div>\n\t\t\t\t\t  <script>\n\t\t\t\t\t  \n\t\t\t\t\t  \/\/Abrir Pdf dentro do Iframe Assembleias Gerais\n\t\t\t\t\t\t\tfunction abrirPDF_ass16037(link_ass) {\n\t\t\t\t\t\t\tdocument.getElementById('iframe1_ass16037').style.display = \"block\";\n\t\t\t\t\t\t\tdocument.getElementById('iframe_ass16037').src = link_ass;\n\t\t\t\t\t\t\tdocument.getElementById('iframe1_ass16037').scrollIntoView();\n\t\t\t\t\t\t\t}\n\t\t\t\t\t\t\t\/\/Fechar o jornal exibido\n\t\t\t\t\t\t\tfunction ocultar_ass16037() {\n\t\t\t\t\t\t\t\tdocument.getElementById('iframe1_ass16037').style.display = \"none\";\n\t\t\t\t\t\t\t}\n\t\t\t\t\t\t\t\t\t\t\t\t\n\t\t\t\t\t \n\t\t\t\t\t  <\/script>\n\t\t\t\t\t \n\t\t\t\t\t \n\t\t\t\t\t  <\/div>\t\t\t\t\t\n\t\t\t\t<\/div>\n\t\t\t\t\n\t\t\t\t<\/div>\n\t\t\t\t<\/div>\n\t\t\t\t<\/div>\n\t\t\t\t<\/div>\n\t\t\t\t<\/div>\t\n\t\t<\/div>\n\t\t\t\t\n\t\t<div class=\"accordion\" id=\"accordionPanelsStayOpenExample\">\n\t\t<div class=\"accordion-item\">\n\t\t\t\t<h2 class=\"accordion-header\" id=\"headingOne\">\n\t\t\t\t<button class=\"accordion-button collapsed fs-5\" type=\"button\" data-bs-toggle=\"collapse\" data-bs-target=\"#collapse2021\" aria-expanded=\"false\" aria-controls=\"collapse2021\">\n\t\t\t\t<b>\t<i class=\"bi bi-chevron-down fw-bold pe-2\"><\/i>2021<\/b>\n\t\t\t\t<\/button>\n\t\t\t\t<\/h2><div id=\"collapse2021\" class=\"accordion-collapse  collapse \" aria-labelledby=\"headingOne\" data-bs-parent=\"#accordionExample\">\t\n\t\t\t\t<div class=\"container-fluid\">\n\t\t\t\t<div class=\"row\">\t\t\t\t\t\t\t\t\t\t\t\t\t\t\n\t\t\t\t\t<div class=\"col-lg-12\"><div class=\"row pt-3\">\t\t\t\t\t\t\t\t\t\t\t\t\t\t\t\n\t\t\t\t<div class=\"col-lg-7\">\n\t\t\t<p class=\"fs-4\"><b>Assembleias Gerais Ordin\u00e1ria e Extraordin\u00e1ria &#8211; 25 de Abril de 2021<\/b><\/p>\n\t\t\t\t\t<ul><li class=\"m-2 fs-4\"><a onclick=\"javascript:abrirPDF_ass3449('https:\/\/www.cf.coop.br\/wp-content\/uploads\/2022\/08\/EDITAL-DE-CONVOCACAO-AGO-AGE-PUBLICADO-NO-DOU-Imprensa-Nacional.pdf');\" title=\"Visualizar o documento\" style=\"cursor: pointer; color: blue;\">Edital de Convoca\u00e7\u00e3o<\/a><\/li>\n\t\t\t\t\t\t\t\t\t<li class=\"m-2 fs-4\"><a onclick=\"javascript:abrirPDF_ass3449('https:\/\/www.cf.coop.br\/wp-content\/uploads\/2022\/08\/Apresentacao-AGO-AGE-de-25.04.2021-1.pdf');\" title=\"Visualizar o documento\" style=\"cursor: pointer; color: blue;\">Apresenta\u00e7\u00e3o<\/a><\/li>\n\t\t\t\t\t\t\t\t\t<li class=\"m-2 fs-4\"><a onclick=\"javascript:abrirPDF_ass3449('https:\/\/www.cf.coop.br\/wp-content\/uploads\/2022\/08\/ATA-AGO-AGE-25.4.2021-Registrada-na-Junta-Comercial.pdf');\" title=\"Visualizar o documento\" style=\"cursor: pointer; color: blue;\">Ata<\/a><\/li>\n\t\t\t\t\t\t\t\t\t\n\t\t\t\t\t<li class=\"m-2 fs-4\"><a  onclick=\"javascript:abrirGaleria3449()\" title=\"Galeria de Fotos\" style=\"cursor: pointer; color: blue;\">Galeria de Fotos<\/a><\/li>\t<\/ul>\t\t\t\t\t\t\t\t\t\t\t\t\t\t\t\n\t\t\t    <\/div>\n\t\t\t\t<div class=\"col-lg-4 text-start\">\n<iframe width=\"90%\" height=\"250\" loading=\"lazy\" src=\"https:\/\/youtube.com\/embed\/Mus7kFlnjlY\" title=\"YouTube video player\" frameborder=\"0\" allow=\"accelerometer; autoplay; clipboard-write; encrypted-media; gyroscope; picture-in-picture; web-share\" allowfullscreen=\"\"><\/iframe>\n\t\t\t\t\t\t<span class=\"text-start fs-5\">V\u00eddeo Assembleias Gerais Ordin\u00e1ria e Extraordin\u00e1ria<\/span>\t\n\t\t\t\t\t\t<\/div><\/div>\n\t\t\t\t<div class=\"row m-5 border-top\">\n\t\t\t\t\t<div class=\"col-lg-12\">\n\t\t\t\t\t<div class=\"row\" id=\"iframe1_ass3449\" style=\"display: none\">\n\t\t\t\t\t\t\t<div class=\"col-lg-12 mt-5 pt-5\">\t\n\t\t\t\t\t\t\t\t\t<p class=\"text-end fs-5 mt-5\"><a href=\"javascript:ocultar_ass3449();\"><b><i class=\"bi bi-x-circle-fill\"><\/i> Fechar<\/b><\/a><\/p>\n\t\t\t\t\t\t\t\t\t<p><iframe id=\"iframe_ass3449\" src=\"\" height=\"600px\" width=\"100%\"><\/iframe><\/p>\n\t\t\t\t\t\t\t<\/div>\t\t\t\t\t\t\t\t\n\t\t\t\t\t<\/div>\n\t\t\t\t\t  <script>\n\t\t\t\t\t  \n\t\t\t\t\t  \/\/Abrir Pdf dentro do Iframe Assembleias Gerais\n\t\t\t\t\t\t\tfunction abrirPDF_ass3449(link_ass) {\n\t\t\t\t\t\t\tdocument.getElementById('iframe1_ass3449').style.display = \"block\";\n\t\t\t\t\t\t\tdocument.getElementById('iframe_ass3449').src = link_ass;\n\t\t\t\t\t\t\tdocument.getElementById('iframe1_ass3449').scrollIntoView();\n\t\t\t\t\t\t\t}\n\t\t\t\t\t\t\t\/\/Fechar o jornal exibido\n\t\t\t\t\t\t\tfunction ocultar_ass3449() {\n\t\t\t\t\t\t\t\tdocument.getElementById('iframe1_ass3449').style.display = \"none\";\n\t\t\t\t\t\t\t}\n\t\t\t\t\t\t\t\t\t\t\t\t\n\t\t\t\t\t \n\t\t\t\t\t  <\/script>\n\t\t\t\t\t \n\t\t\t\t\t \n\t\t\t\t\t  <!-- Galeria -->\n\n\t\t\t\t\t<div class=\"row\" id=\"galeria-3449\" style=\"display: none\">\n\t\t\t\t    <div class=\"d-flex justify-content-between w-100 pt-5\">\n        <span class=\"text-start fs-5\">\n            Galeria de Fotos &#8211; Assembleia Geral Ordin\u00e1ria \u2013 16 de Abril de 2023\n        <\/span>\n        <span class=\"text-end fs-5\">\n            <a href=\"javascript:fecharGaleria3449();\"><b><i class=\"bi bi-x-circle-fill\"><\/i> Fechar<\/b><\/a>\n        <\/span>\n    <\/div>\n\n\t\t\t\t\t\n\t\t\t\t\t<!-- <div class=\"row\" id=\"galeria-3449\" style=\"display: none\">\n\t\t\t\t\t\t  <div class=\"col-12\">\n\t\t\t\t\t\t\t  <p class=\"fs-4 mt-4 mb-0\"><b>Galeria de Fotos - Assembleias Gerais Ordin\u00e1ria e Extraordin\u00e1ria &#8211; 25 de Abril de 2021<\/b><\/p>\n\t\t\t\t\t\t\t  <p class=\"text-end fs-5 pt-5\"><a href=\"javascript:fecharGaleria3449();\"><b><i class=\"bi bi-x-circle-fill\"><\/i> Fechar<\/b><\/a><\/p>\n\n\t\t\t\t\t\t  <\/div> -->\n\t\t\t\t\t\t\n\t\t\t\t\t\n\t\t\t\t\t  \n\t\t\t\t\t  <hr class=\"mt-2 mb-5\">\n\t\t\t\t\t  \n\t\t\t\t\t  <div class=\"photo-gallery\">\n\t\t\t\t\t\t  <div class=\"row photos\"> <div class=\"col-sm-6 col-md-4 col-lg-3 item\"><a href=\"https:\/\/www.cf.coop.br\/wp-content\/uploads\/2021\/04\/galeria-assembleia-2021-1.jpg?image=250\" data-toggle=\"lightbox\" data-gallery=\"example-gallery\" data-title=\"Galeria de Foto\"><img decoding=\"async\" class=\"img-fluid\" loading=\"lazy\" src=\"https:\/\/www.cf.coop.br\/wp-content\/uploads\/2021\/04\/galeria-assembleia-2021-1.jpg\" alt=\"Galeria de Foto\"><\/a><\/div><div class=\"col-sm-6 col-md-4 col-lg-3 item\"><a href=\"https:\/\/www.cf.coop.br\/wp-content\/uploads\/2021\/04\/galeria-assembleia-2021-2.jpg?image=250\" data-toggle=\"lightbox\" data-gallery=\"example-gallery\" data-title=\"Galeria de Foto\"><img decoding=\"async\" class=\"img-fluid\" loading=\"lazy\" src=\"https:\/\/www.cf.coop.br\/wp-content\/uploads\/2021\/04\/galeria-assembleia-2021-2.jpg\" alt=\"Galeria de Foto\"><\/a><\/div><div class=\"col-sm-6 col-md-4 col-lg-3 item\"><a href=\"https:\/\/www.cf.coop.br\/wp-content\/uploads\/2021\/04\/galeria-assembleia-2021-3.jpg?image=250\" data-toggle=\"lightbox\" data-gallery=\"example-gallery\" data-title=\"Galeria de Foto\"><img decoding=\"async\" class=\"img-fluid\" loading=\"lazy\" src=\"https:\/\/www.cf.coop.br\/wp-content\/uploads\/2021\/04\/galeria-assembleia-2021-3.jpg\" alt=\"Galeria de Foto\"><\/a><\/div><div class=\"col-sm-6 col-md-4 col-lg-3 item\"><a href=\"https:\/\/www.cf.coop.br\/wp-content\/uploads\/2021\/04\/galeria-assembleia-2021-4.jpg?image=250\" data-toggle=\"lightbox\" data-gallery=\"example-gallery\" data-title=\"Galeria de Foto\"><img decoding=\"async\" class=\"img-fluid\" loading=\"lazy\" src=\"https:\/\/www.cf.coop.br\/wp-content\/uploads\/2021\/04\/galeria-assembleia-2021-4.jpg\" alt=\"Galeria de Foto\"><\/a><\/div><div class=\"col-sm-6 col-md-4 col-lg-3 item\"><a href=\"https:\/\/www.cf.coop.br\/wp-content\/uploads\/2021\/04\/galeria-assembleia-2021-5.jpg?image=250\" data-toggle=\"lightbox\" data-gallery=\"example-gallery\" data-title=\"Galeria de Foto\"><img decoding=\"async\" class=\"img-fluid\" loading=\"lazy\" src=\"https:\/\/www.cf.coop.br\/wp-content\/uploads\/2021\/04\/galeria-assembleia-2021-5.jpg\" alt=\"Galeria de Foto\"><\/a><\/div><div class=\"col-sm-6 col-md-4 col-lg-3 item\"><a href=\"https:\/\/www.cf.coop.br\/wp-content\/uploads\/2021\/04\/galeria-assembleia-2021-6.jpg?image=250\" data-toggle=\"lightbox\" data-gallery=\"example-gallery\" data-title=\"Galeria de Foto\"><img decoding=\"async\" class=\"img-fluid\" loading=\"lazy\" src=\"https:\/\/www.cf.coop.br\/wp-content\/uploads\/2021\/04\/galeria-assembleia-2021-6.jpg\" alt=\"Galeria de Foto\"><\/a><\/div><div class=\"col-sm-6 col-md-4 col-lg-3 item\"><a href=\"https:\/\/www.cf.coop.br\/wp-content\/uploads\/2021\/04\/galeria-assembleia-2021-7.jpg?image=250\" data-toggle=\"lightbox\" data-gallery=\"example-gallery\" data-title=\"Galeria de Foto\"><img decoding=\"async\" class=\"img-fluid\" loading=\"lazy\" src=\"https:\/\/www.cf.coop.br\/wp-content\/uploads\/2021\/04\/galeria-assembleia-2021-7.jpg\" alt=\"Galeria de Foto\"><\/a><\/div><div class=\"col-sm-6 col-md-4 col-lg-3 item\"><a href=\"https:\/\/www.cf.coop.br\/wp-content\/uploads\/2021\/04\/galeria-assembleia-2021-8.jpg?image=250\" data-toggle=\"lightbox\" data-gallery=\"example-gallery\" data-title=\"Galeria de Foto\"><img decoding=\"async\" class=\"img-fluid\" loading=\"lazy\" src=\"https:\/\/www.cf.coop.br\/wp-content\/uploads\/2021\/04\/galeria-assembleia-2021-8.jpg\" alt=\"Galeria de Foto\"><\/a><\/div><div class=\"col-sm-6 col-md-4 col-lg-3 item\"><a href=\"https:\/\/www.cf.coop.br\/wp-content\/uploads\/2021\/04\/galeria-assembleia-2021-9.jpg?image=250\" data-toggle=\"lightbox\" data-gallery=\"example-gallery\" data-title=\"Galeria de Foto\"><img decoding=\"async\" class=\"img-fluid\" loading=\"lazy\" src=\"https:\/\/www.cf.coop.br\/wp-content\/uploads\/2021\/04\/galeria-assembleia-2021-9.jpg\" alt=\"Galeria de Foto\"><\/a><\/div><div class=\"col-sm-6 col-md-4 col-lg-3 item\"><a href=\"https:\/\/www.cf.coop.br\/wp-content\/uploads\/2021\/04\/galeria-assembleia-2021-10.jpg?image=250\" data-toggle=\"lightbox\" data-gallery=\"example-gallery\" data-title=\"Galeria de Foto\"><img decoding=\"async\" class=\"img-fluid\" loading=\"lazy\" src=\"https:\/\/www.cf.coop.br\/wp-content\/uploads\/2021\/04\/galeria-assembleia-2021-10.jpg\" alt=\"Galeria de Foto\"><\/a><\/div><div class=\"col-sm-6 col-md-4 col-lg-3 item\"><a href=\"https:\/\/www.cf.coop.br\/wp-content\/uploads\/2021\/04\/galeria-assembleia-2021-11.jpg?image=250\" data-toggle=\"lightbox\" data-gallery=\"example-gallery\" data-title=\"Galeria de Foto\"><img decoding=\"async\" class=\"img-fluid\" loading=\"lazy\" src=\"https:\/\/www.cf.coop.br\/wp-content\/uploads\/2021\/04\/galeria-assembleia-2021-11.jpg\" alt=\"Galeria de Foto\"><\/a><\/div><div class=\"col-sm-6 col-md-4 col-lg-3 item\"><a href=\"https:\/\/www.cf.coop.br\/wp-content\/uploads\/2021\/04\/galeria-assembleia-2021-12.jpg?image=250\" data-toggle=\"lightbox\" data-gallery=\"example-gallery\" data-title=\"Galeria de Foto\"><img decoding=\"async\" class=\"img-fluid\" loading=\"lazy\" src=\"https:\/\/www.cf.coop.br\/wp-content\/uploads\/2021\/04\/galeria-assembleia-2021-12.jpg\" alt=\"Galeria de Foto\"><\/a><\/div><div class=\"col-sm-6 col-md-4 col-lg-3 item\"><a href=\"https:\/\/www.cf.coop.br\/wp-content\/uploads\/2021\/04\/galeria-assembleia-2021-13.jpg?image=250\" data-toggle=\"lightbox\" data-gallery=\"example-gallery\" data-title=\"Galeria de Foto\"><img decoding=\"async\" class=\"img-fluid\" loading=\"lazy\" src=\"https:\/\/www.cf.coop.br\/wp-content\/uploads\/2021\/04\/galeria-assembleia-2021-13.jpg\" alt=\"Galeria de Foto\"><\/a><\/div><div class=\"col-sm-6 col-md-4 col-lg-3 item\"><a href=\"https:\/\/www.cf.coop.br\/wp-content\/uploads\/2021\/04\/galeria-assembleia-2021-14.jpg?image=250\" data-toggle=\"lightbox\" data-gallery=\"example-gallery\" data-title=\"Galeria de Foto\"><img decoding=\"async\" class=\"img-fluid\" loading=\"lazy\" src=\"https:\/\/www.cf.coop.br\/wp-content\/uploads\/2021\/04\/galeria-assembleia-2021-14.jpg\" alt=\"Galeria de Foto\"><\/a><\/div><div class=\"col-sm-6 col-md-4 col-lg-3 item\"><a href=\"https:\/\/www.cf.coop.br\/wp-content\/uploads\/2021\/04\/galeria-assembleia-2021-15.jpg?image=250\" data-toggle=\"lightbox\" data-gallery=\"example-gallery\" data-title=\"Galeria de Foto\"><img decoding=\"async\" class=\"img-fluid\" loading=\"lazy\" src=\"https:\/\/www.cf.coop.br\/wp-content\/uploads\/2021\/04\/galeria-assembleia-2021-15.jpg\" alt=\"Galeria de Foto\"><\/a><\/div><div class=\"col-sm-6 col-md-4 col-lg-3 item\"><a href=\"https:\/\/www.cf.coop.br\/wp-content\/uploads\/2021\/04\/galeria-assembleia-2021-16.jpg?image=250\" data-toggle=\"lightbox\" data-gallery=\"example-gallery\" data-title=\"Galeria de Foto\"><img decoding=\"async\" class=\"img-fluid\" loading=\"lazy\" src=\"https:\/\/www.cf.coop.br\/wp-content\/uploads\/2021\/04\/galeria-assembleia-2021-16.jpg\" alt=\"Galeria de Foto\"><\/a><\/div><div class=\"col-sm-6 col-md-4 col-lg-3 item\"><a href=\"https:\/\/www.cf.coop.br\/wp-content\/uploads\/2021\/04\/galeria-assembleia-2021-17.jpg?image=250\" data-toggle=\"lightbox\" data-gallery=\"example-gallery\" data-title=\"Galeria de Foto\"><img decoding=\"async\" class=\"img-fluid\" loading=\"lazy\" src=\"https:\/\/www.cf.coop.br\/wp-content\/uploads\/2021\/04\/galeria-assembleia-2021-17.jpg\" alt=\"Galeria de Foto\"><\/a><\/div><div class=\"col-sm-6 col-md-4 col-lg-3 item\"><a href=\"https:\/\/www.cf.coop.br\/wp-content\/uploads\/2021\/04\/galeria-assembleia-2021-18.jpg?image=250\" data-toggle=\"lightbox\" data-gallery=\"example-gallery\" data-title=\"Galeria de Foto\"><img decoding=\"async\" class=\"img-fluid\" loading=\"lazy\" src=\"https:\/\/www.cf.coop.br\/wp-content\/uploads\/2021\/04\/galeria-assembleia-2021-18.jpg\" alt=\"Galeria de Foto\"><\/a><\/div><div class=\"col-sm-6 col-md-4 col-lg-3 item\"><a href=\"https:\/\/www.cf.coop.br\/wp-content\/uploads\/2021\/04\/galeria-assembleia-2021-19.jpg?image=250\" data-toggle=\"lightbox\" data-gallery=\"example-gallery\" data-title=\"Galeria de Foto\"><img decoding=\"async\" class=\"img-fluid\" loading=\"lazy\" src=\"https:\/\/www.cf.coop.br\/wp-content\/uploads\/2021\/04\/galeria-assembleia-2021-19.jpg\" alt=\"Galeria de Foto\"><\/a><\/div><div class=\"col-sm-6 col-md-4 col-lg-3 item\"><a href=\"https:\/\/www.cf.coop.br\/wp-content\/uploads\/2021\/04\/galeria-assembleia-2021-20.jpg?image=250\" data-toggle=\"lightbox\" data-gallery=\"example-gallery\" data-title=\"Galeria de Foto\"><img decoding=\"async\" class=\"img-fluid\" loading=\"lazy\" src=\"https:\/\/www.cf.coop.br\/wp-content\/uploads\/2021\/04\/galeria-assembleia-2021-20.jpg\" alt=\"Galeria de Foto\"><\/a><\/div>\n\t\t\t\t\t<script>\n\t\t\t\t\t  \n\t\t\t\t\t\/\/Abrir Pdf dentro do Iframe Assembleias Gerais\n\t\t\t\t\t\t  function abrirGaleria3449() {\n\t\t\t\t\t\t  document.getElementById('galeria-3449').style.display = \"block\";\t\t\n\t\t\t\t\t\t  document.getElementById('galeria-3449').scrollIntoView();\n\t\t\t\t\n\t\t\t\t\t\t  }\n\t\t\t\t\t\t  \/\/Fechar o jornal exibido\n\t\t\t\t\t\t  function fecharGaleria3449() {\n\t\t\t\t\t\t\t  document.getElementById('galeria-3449').style.display = \"none\";\n\t\t\t\t\t\t  }\t\t\t\t\t\t\t\t\t\t  \n\t\t\t\t   \n\t\t\t\t\t<\/script>\n\t\t\t\t\t<\/div>\n\t\t\t\t\t<\/div>  <\/div>\t\n\t\t\t\t\t<!-- \/Galeria --><\/div>\t\t\t\t\t\n\t\t\t\t<\/div>\n\t\t\t\t\n\t\t\t\t<\/div>\n\t\t\t\t<\/div>\n\t\t\t\t<\/div>\n\t\t\t\t<\/div>\n\t\t\t\t<\/div>\t\n\t\t<\/div>\n\t\t\t\t\n\t\t<div class=\"accordion\" id=\"accordionPanelsStayOpenExample\">\n\t\t<div class=\"accordion-item\">\n\t\t\t\t<h2 class=\"accordion-header\" id=\"headingOne\">\n\t\t\t\t<button class=\"accordion-button collapsed fs-5\" type=\"button\" data-bs-toggle=\"collapse\" data-bs-target=\"#collapse2020\" aria-expanded=\"false\" aria-controls=\"collapse2020\">\n\t\t\t\t<b>\t<i class=\"bi bi-chevron-down fw-bold pe-2\"><\/i>2020<\/b>\n\t\t\t\t<\/button>\n\t\t\t\t<\/h2><div id=\"collapse2020\" class=\"accordion-collapse  collapse \" aria-labelledby=\"headingOne\" data-bs-parent=\"#accordionExample\">\t\n\t\t\t\t<div class=\"container-fluid\">\n\t\t\t\t<div class=\"row\">\t\t\t\t\t\t\t\t\t\t\t\t\t\t\n\t\t\t\t\t<div class=\"col-lg-12\"><div class=\"row pt-3\">\t\t\t\t\t\t\t\t\t\t\t\t\t\t\t\n\t\t\t\t<div class=\"col-lg-7\">\n\t\t\t<p class=\"fs-4\"><b>Assembleia Geral Extraordin\u00e1ria- 12 de Dezembro de 2020<\/b><\/p>\n\t\t\t\t\t<ul><li class=\"m-2 fs-4\"><a onclick=\"javascript:abrirPDF_ass19197('https:\/\/www.cf.coop.br\/wp-content\/uploads\/2023\/06\/6.-PUBLICACAO-DOU-EDITAL-DE-CONVOCACAO-ASSEMBLEIA-GERAL-EXTRAORDINARIA-SEMIPRESENCIAL-12.12.2020.pdf');\" title=\"Visualizar o documento\" style=\"cursor: pointer; color: blue;\">Edital de Convoca\u00e7\u00e3o<\/a><\/li>\n\t\t\t\t\t\t\t\t\t<li class=\"m-2 fs-4\"><a onclick=\"javascript:abrirPDF_ass19197('https:\/\/www.cf.coop.br\/wp-content\/uploads\/2020\/12\/Ata-da-AGE-12.12.20-Registrada-na-JC.pdf');\" title=\"Visualizar o documento\" style=\"cursor: pointer; color: blue;\">Ata<\/a><\/li>\n\t\t\t\t\t\t\t\t\t\n\t\t\t\t\t<li class=\"m-2 fs-4\"><a  onclick=\"javascript:abrirGaleria19197()\" title=\"Galeria de Fotos\" style=\"cursor: pointer; color: blue;\">Galeria de Fotos<\/a><\/li>\t<\/ul>\t\t\t\t\t\t\t\t\t\t\t\t\t\t\t\n\t\t\t    <\/div>\n\t\t\t\t<div class=\"col-lg-4 text-start\">\n<iframe width=\"90%\" height=\"250\" loading=\"lazy\" src=\"https:\/\/www.youtube.com\/embed\/jbzSWiO-OeA\" title=\"YouTube video player\" frameborder=\"0\" allow=\"accelerometer; autoplay; clipboard-write; encrypted-media; gyroscope; picture-in-picture; web-share\" allowfullscreen=\"\"><\/iframe>\n\t\t\t\t\t\t<span class=\"text-start fs-5\">V\u00eddeo Assembleia Geral Extraordin\u00e1ria<\/span>\t\n\t\t\t\t\t\t<\/div><\/div>\n\t\t\t\t<div class=\"row m-5 border-top\">\n\t\t\t\t\t<div class=\"col-lg-12\">\n\t\t\t\t\t<div class=\"row\" id=\"iframe1_ass19197\" style=\"display: none\">\n\t\t\t\t\t\t\t<div class=\"col-lg-12 mt-5 pt-5\">\t\n\t\t\t\t\t\t\t\t\t<p class=\"text-end fs-5 mt-5\"><a href=\"javascript:ocultar_ass19197();\"><b><i class=\"bi bi-x-circle-fill\"><\/i> Fechar<\/b><\/a><\/p>\n\t\t\t\t\t\t\t\t\t<p><iframe id=\"iframe_ass19197\" src=\"\" height=\"600px\" width=\"100%\"><\/iframe><\/p>\n\t\t\t\t\t\t\t<\/div>\t\t\t\t\t\t\t\t\n\t\t\t\t\t<\/div>\n\t\t\t\t\t  <script>\n\t\t\t\t\t  \n\t\t\t\t\t  \/\/Abrir Pdf dentro do Iframe Assembleias Gerais\n\t\t\t\t\t\t\tfunction abrirPDF_ass19197(link_ass) {\n\t\t\t\t\t\t\tdocument.getElementById('iframe1_ass19197').style.display = \"block\";\n\t\t\t\t\t\t\tdocument.getElementById('iframe_ass19197').src = link_ass;\n\t\t\t\t\t\t\tdocument.getElementById('iframe1_ass19197').scrollIntoView();\n\t\t\t\t\t\t\t}\n\t\t\t\t\t\t\t\/\/Fechar o jornal exibido\n\t\t\t\t\t\t\tfunction ocultar_ass19197() {\n\t\t\t\t\t\t\t\tdocument.getElementById('iframe1_ass19197').style.display = \"none\";\n\t\t\t\t\t\t\t}\n\t\t\t\t\t\t\t\t\t\t\t\t\n\t\t\t\t\t \n\t\t\t\t\t  <\/script>\n\t\t\t\t\t \n\t\t\t\t\t \n\t\t\t\t\t  <!-- Galeria -->\n\n\t\t\t\t\t<div class=\"row\" id=\"galeria-19197\" style=\"display: none\">\n\t\t\t\t    <div class=\"d-flex justify-content-between w-100 pt-5\">\n        <span class=\"text-start fs-5\">\n            Galeria de Fotos &#8211; Assembleia Geral Ordin\u00e1ria \u2013 16 de Abril de 2023\n        <\/span>\n        <span class=\"text-end fs-5\">\n            <a href=\"javascript:fecharGaleria19197();\"><b><i class=\"bi bi-x-circle-fill\"><\/i> Fechar<\/b><\/a>\n        <\/span>\n    <\/div>\n\n\t\t\t\t\t\n\t\t\t\t\t<!-- <div class=\"row\" id=\"galeria-19197\" style=\"display: none\">\n\t\t\t\t\t\t  <div class=\"col-12\">\n\t\t\t\t\t\t\t  <p class=\"fs-4 mt-4 mb-0\"><b>Galeria de Fotos - Assembleia Geral Extraordin\u00e1ria- 12 de Dezembro de 2020<\/b><\/p>\n\t\t\t\t\t\t\t  <p class=\"text-end fs-5 pt-5\"><a href=\"javascript:fecharGaleria19197();\"><b><i class=\"bi bi-x-circle-fill\"><\/i> Fechar<\/b><\/a><\/p>\n\n\t\t\t\t\t\t  <\/div> -->\n\t\t\t\t\t\t\n\t\t\t\t\t\n\t\t\t\t\t  \n\t\t\t\t\t  <hr class=\"mt-2 mb-5\">\n\t\t\t\t\t  \n\t\t\t\t\t  <div class=\"photo-gallery\">\n\t\t\t\t\t\t  <div class=\"row photos\"> <div class=\"col-sm-6 col-md-4 col-lg-3 item\"><a href=\"https:\/\/www.cf.coop.br\/wp-content\/uploads\/2020\/12\/galeria-assembleia-2020-1.jpg?image=250\" data-toggle=\"lightbox\" data-gallery=\"example-gallery\" data-title=\"Galeria de Foto\"><img decoding=\"async\" class=\"img-fluid\" loading=\"lazy\" src=\"https:\/\/www.cf.coop.br\/wp-content\/uploads\/2020\/12\/galeria-assembleia-2020-1.jpg\" alt=\"Galeria de Foto\"><\/a><\/div><div class=\"col-sm-6 col-md-4 col-lg-3 item\"><a href=\"https:\/\/www.cf.coop.br\/wp-content\/uploads\/2020\/12\/galeria-assembleia-2020-2.jpg?image=250\" data-toggle=\"lightbox\" data-gallery=\"example-gallery\" data-title=\"Galeria de Foto\"><img decoding=\"async\" class=\"img-fluid\" loading=\"lazy\" src=\"https:\/\/www.cf.coop.br\/wp-content\/uploads\/2020\/12\/galeria-assembleia-2020-2.jpg\" alt=\"Galeria de Foto\"><\/a><\/div><div class=\"col-sm-6 col-md-4 col-lg-3 item\"><a href=\"https:\/\/www.cf.coop.br\/wp-content\/uploads\/2020\/12\/galeria-assembleia-2020-3.jpg?image=250\" data-toggle=\"lightbox\" data-gallery=\"example-gallery\" data-title=\"Galeria de Foto\"><img decoding=\"async\" class=\"img-fluid\" loading=\"lazy\" src=\"https:\/\/www.cf.coop.br\/wp-content\/uploads\/2020\/12\/galeria-assembleia-2020-3.jpg\" alt=\"Galeria de Foto\"><\/a><\/div><div class=\"col-sm-6 col-md-4 col-lg-3 item\"><a href=\"https:\/\/www.cf.coop.br\/wp-content\/uploads\/2020\/12\/galeria-assembleia-2020-4.jpg?image=250\" data-toggle=\"lightbox\" data-gallery=\"example-gallery\" data-title=\"Galeria de Foto\"><img decoding=\"async\" class=\"img-fluid\" loading=\"lazy\" src=\"https:\/\/www.cf.coop.br\/wp-content\/uploads\/2020\/12\/galeria-assembleia-2020-4.jpg\" alt=\"Galeria de Foto\"><\/a><\/div><div class=\"col-sm-6 col-md-4 col-lg-3 item\"><a href=\"https:\/\/www.cf.coop.br\/wp-content\/uploads\/2020\/12\/galeria-assembleia-2020-5.jpg?image=250\" data-toggle=\"lightbox\" data-gallery=\"example-gallery\" data-title=\"Galeria de Foto\"><img decoding=\"async\" class=\"img-fluid\" loading=\"lazy\" src=\"https:\/\/www.cf.coop.br\/wp-content\/uploads\/2020\/12\/galeria-assembleia-2020-5.jpg\" alt=\"Galeria de Foto\"><\/a><\/div><div class=\"col-sm-6 col-md-4 col-lg-3 item\"><a href=\"https:\/\/www.cf.coop.br\/wp-content\/uploads\/2020\/12\/galeria-assembleia-2020-6.jpg?image=250\" data-toggle=\"lightbox\" data-gallery=\"example-gallery\" data-title=\"Galeria de Foto\"><img decoding=\"async\" class=\"img-fluid\" loading=\"lazy\" src=\"https:\/\/www.cf.coop.br\/wp-content\/uploads\/2020\/12\/galeria-assembleia-2020-6.jpg\" alt=\"Galeria de Foto\"><\/a><\/div><div class=\"col-sm-6 col-md-4 col-lg-3 item\"><a href=\"https:\/\/www.cf.coop.br\/wp-content\/uploads\/2020\/12\/galeria-assembleia-2020-7.jpg?image=250\" data-toggle=\"lightbox\" data-gallery=\"example-gallery\" data-title=\"Galeria de Foto\"><img decoding=\"async\" class=\"img-fluid\" loading=\"lazy\" src=\"https:\/\/www.cf.coop.br\/wp-content\/uploads\/2020\/12\/galeria-assembleia-2020-7.jpg\" alt=\"Galeria de Foto\"><\/a><\/div><div class=\"col-sm-6 col-md-4 col-lg-3 item\"><a href=\"https:\/\/www.cf.coop.br\/wp-content\/uploads\/2020\/12\/galeria-assembleia-2020-8.jpg?image=250\" data-toggle=\"lightbox\" data-gallery=\"example-gallery\" data-title=\"Galeria de Foto\"><img decoding=\"async\" class=\"img-fluid\" loading=\"lazy\" src=\"https:\/\/www.cf.coop.br\/wp-content\/uploads\/2020\/12\/galeria-assembleia-2020-8.jpg\" alt=\"Galeria de Foto\"><\/a><\/div><div class=\"col-sm-6 col-md-4 col-lg-3 item\"><a href=\"https:\/\/www.cf.coop.br\/wp-content\/uploads\/2020\/12\/galeria-assembleia-2020-9.jpg?image=250\" data-toggle=\"lightbox\" data-gallery=\"example-gallery\" data-title=\"Galeria de Foto\"><img decoding=\"async\" class=\"img-fluid\" loading=\"lazy\" src=\"https:\/\/www.cf.coop.br\/wp-content\/uploads\/2020\/12\/galeria-assembleia-2020-9.jpg\" alt=\"Galeria de Foto\"><\/a><\/div><div class=\"col-sm-6 col-md-4 col-lg-3 item\"><a href=\"https:\/\/www.cf.coop.br\/wp-content\/uploads\/2020\/12\/galeria-assembleia-2020-10.jpg?image=250\" data-toggle=\"lightbox\" data-gallery=\"example-gallery\" data-title=\"Galeria de Foto\"><img decoding=\"async\" class=\"img-fluid\" loading=\"lazy\" src=\"https:\/\/www.cf.coop.br\/wp-content\/uploads\/2020\/12\/galeria-assembleia-2020-10.jpg\" alt=\"Galeria de Foto\"><\/a><\/div><div class=\"col-sm-6 col-md-4 col-lg-3 item\"><a href=\"https:\/\/www.cf.coop.br\/wp-content\/uploads\/2020\/12\/galeria-assembleia-2020-11.jpg?image=250\" data-toggle=\"lightbox\" data-gallery=\"example-gallery\" data-title=\"Galeria de Foto\"><img decoding=\"async\" class=\"img-fluid\" loading=\"lazy\" src=\"https:\/\/www.cf.coop.br\/wp-content\/uploads\/2020\/12\/galeria-assembleia-2020-11.jpg\" alt=\"Galeria de Foto\"><\/a><\/div><div class=\"col-sm-6 col-md-4 col-lg-3 item\"><a href=\"https:\/\/www.cf.coop.br\/wp-content\/uploads\/2020\/12\/galeria-assembleia-2020-12.jpg?image=250\" data-toggle=\"lightbox\" data-gallery=\"example-gallery\" data-title=\"Galeria de Foto\"><img decoding=\"async\" class=\"img-fluid\" loading=\"lazy\" src=\"https:\/\/www.cf.coop.br\/wp-content\/uploads\/2020\/12\/galeria-assembleia-2020-12.jpg\" alt=\"Galeria de Foto\"><\/a><\/div><div class=\"col-sm-6 col-md-4 col-lg-3 item\"><a href=\"https:\/\/www.cf.coop.br\/wp-content\/uploads\/2020\/12\/galeria-assembleia-2020-13.jpg?image=250\" data-toggle=\"lightbox\" data-gallery=\"example-gallery\" data-title=\"Galeria de Foto\"><img decoding=\"async\" class=\"img-fluid\" loading=\"lazy\" src=\"https:\/\/www.cf.coop.br\/wp-content\/uploads\/2020\/12\/galeria-assembleia-2020-13.jpg\" alt=\"Galeria de Foto\"><\/a><\/div><div class=\"col-sm-6 col-md-4 col-lg-3 item\"><a href=\"https:\/\/www.cf.coop.br\/wp-content\/uploads\/2020\/12\/galeria-assembleia-2020-14.jpg?image=250\" data-toggle=\"lightbox\" data-gallery=\"example-gallery\" data-title=\"Galeria de Foto\"><img decoding=\"async\" class=\"img-fluid\" loading=\"lazy\" src=\"https:\/\/www.cf.coop.br\/wp-content\/uploads\/2020\/12\/galeria-assembleia-2020-14.jpg\" alt=\"Galeria de Foto\"><\/a><\/div><div class=\"col-sm-6 col-md-4 col-lg-3 item\"><a href=\"https:\/\/www.cf.coop.br\/wp-content\/uploads\/2020\/12\/galeria-assembleia-2020-15.jpg?image=250\" data-toggle=\"lightbox\" data-gallery=\"example-gallery\" data-title=\"Galeria de Foto\"><img decoding=\"async\" class=\"img-fluid\" loading=\"lazy\" src=\"https:\/\/www.cf.coop.br\/wp-content\/uploads\/2020\/12\/galeria-assembleia-2020-15.jpg\" alt=\"Galeria de Foto\"><\/a><\/div><div class=\"col-sm-6 col-md-4 col-lg-3 item\"><a href=\"https:\/\/www.cf.coop.br\/wp-content\/uploads\/2020\/12\/galeria-assembleia-2020-16.jpg?image=250\" data-toggle=\"lightbox\" data-gallery=\"example-gallery\" data-title=\"Galeria de Foto\"><img decoding=\"async\" class=\"img-fluid\" loading=\"lazy\" src=\"https:\/\/www.cf.coop.br\/wp-content\/uploads\/2020\/12\/galeria-assembleia-2020-16.jpg\" alt=\"Galeria de Foto\"><\/a><\/div><div class=\"col-sm-6 col-md-4 col-lg-3 item\"><a href=\"https:\/\/www.cf.coop.br\/wp-content\/uploads\/2020\/12\/galeria-assembleia-2020-17.jpg?image=250\" data-toggle=\"lightbox\" data-gallery=\"example-gallery\" data-title=\"Galeria de Foto\"><img decoding=\"async\" class=\"img-fluid\" loading=\"lazy\" src=\"https:\/\/www.cf.coop.br\/wp-content\/uploads\/2020\/12\/galeria-assembleia-2020-17.jpg\" alt=\"Galeria de Foto\"><\/a><\/div><div class=\"col-sm-6 col-md-4 col-lg-3 item\"><a href=\"https:\/\/www.cf.coop.br\/wp-content\/uploads\/2020\/12\/galeria-assembleia-2020-18.jpg?image=250\" data-toggle=\"lightbox\" data-gallery=\"example-gallery\" data-title=\"Galeria de Foto\"><img decoding=\"async\" class=\"img-fluid\" loading=\"lazy\" src=\"https:\/\/www.cf.coop.br\/wp-content\/uploads\/2020\/12\/galeria-assembleia-2020-18.jpg\" alt=\"Galeria de Foto\"><\/a><\/div><div class=\"col-sm-6 col-md-4 col-lg-3 item\"><a href=\"https:\/\/www.cf.coop.br\/wp-content\/uploads\/2020\/12\/galeria-assembleia-2020-19.jpg?image=250\" data-toggle=\"lightbox\" data-gallery=\"example-gallery\" data-title=\"Galeria de Foto\"><img decoding=\"async\" class=\"img-fluid\" loading=\"lazy\" src=\"https:\/\/www.cf.coop.br\/wp-content\/uploads\/2020\/12\/galeria-assembleia-2020-19.jpg\" alt=\"Galeria de Foto\"><\/a><\/div><div class=\"col-sm-6 col-md-4 col-lg-3 item\"><a href=\"https:\/\/www.cf.coop.br\/wp-content\/uploads\/2020\/12\/galeria-assembleia-2020-20.jpg?image=250\" data-toggle=\"lightbox\" data-gallery=\"example-gallery\" data-title=\"Galeria de Foto\"><img decoding=\"async\" class=\"img-fluid\" loading=\"lazy\" src=\"https:\/\/www.cf.coop.br\/wp-content\/uploads\/2020\/12\/galeria-assembleia-2020-20.jpg\" alt=\"Galeria de Foto\"><\/a><\/div>\n\t\t\t\t\t<script>\n\t\t\t\t\t  \n\t\t\t\t\t\/\/Abrir Pdf dentro do Iframe Assembleias Gerais\n\t\t\t\t\t\t  function abrirGaleria19197() {\n\t\t\t\t\t\t  document.getElementById('galeria-19197').style.display = \"block\";\t\t\n\t\t\t\t\t\t  document.getElementById('galeria-19197').scrollIntoView();\n\t\t\t\t\n\t\t\t\t\t\t  }\n\t\t\t\t\t\t  \/\/Fechar o jornal exibido\n\t\t\t\t\t\t  function fecharGaleria19197() {\n\t\t\t\t\t\t\t  document.getElementById('galeria-19197').style.display = \"none\";\n\t\t\t\t\t\t  }\t\t\t\t\t\t\t\t\t\t  \n\t\t\t\t   \n\t\t\t\t\t<\/script>\n\t\t\t\t\t<\/div>\n\t\t\t\t\t<\/div>  <\/div>\t\n\t\t\t\t\t<!-- \/Galeria --><\/div>\t\t\t\t\t\n\t\t\t\t<\/div>\n\t\t\t\t\n\t\t\t\t<div class=\"row pt-3\">\t\t\t\t\t\t\t\t\t\t\t\t\t\t\t\n\t\t\t\t<div class=\"col-lg-7\">\n\t\t\t<p class=\"fs-4\"><b>Assembleia Geral Ordin\u00e1ria &#8211; 05 de Agosto de 2020<\/b><\/p>\n\t\t\t\t\t<ul><li class=\"m-2 fs-4\"><a onclick=\"javascript:abrirPDF_ass3448('https:\/\/www.cf.coop.br\/wp-content\/uploads\/2022\/08\/Edita-AGO-05-de-Marco-2020.pdf');\" title=\"Visualizar o documento\" style=\"cursor: pointer; color: blue;\">Edital de Convoca\u00e7\u00e3o<\/a><\/li>\n\t\t\t\t\t\t\t\t\t<li class=\"m-2 fs-4\"><a onclick=\"javascript:abrirPDF_ass3448('https:\/\/www.cf.coop.br\/wp-content\/uploads\/2022\/08\/1.-versao-01.04-as-14h-Apresentacao-AGO.pdf');\" title=\"Visualizar o documento\" style=\"cursor: pointer; color: blue;\">Apresenta\u00e7\u00e3o<\/a><\/li>\n\t\t\t\t\t\t\t\t\t<li class=\"m-2 fs-4\"><a onclick=\"javascript:abrirPDF_ass3448('https:\/\/www.cf.coop.br\/wp-content\/uploads\/2022\/08\/Ata-da-Assembleia-Geral-Ordinaria-05.04.2020.pdf');\" title=\"Visualizar o documento\" style=\"cursor: pointer; color: blue;\">Ata<\/a><\/li>\n\t\t\t\t\t\t\t\t\t\t<\/ul>\t\t\t\t\t\t\t\t\t\t\t\t\t\t\t\n\t\t\t    <\/div>\n\t\t\t\t<div class=\"col-lg-4 text-start\">\n<iframe width=\"90%\" height=\"250\" loading=\"lazy\" src=\"https:\/\/youtube.com\/embed\/QM6vaqI6OaM\" title=\"YouTube video player\" frameborder=\"0\" allow=\"accelerometer; autoplay; clipboard-write; encrypted-media; gyroscope; picture-in-picture; web-share\" allowfullscreen=\"\"><\/iframe>\n\t\t\t\t\t\t<span class=\"text-start fs-5\">V\u00eddeo Assembleia Geral Ordin\u00e1ria <\/span>\t\n\t\t\t\t\t\t<\/div><\/div>\n\t\t\t\t<div class=\"row m-5 border-top\">\n\t\t\t\t\t<div class=\"col-lg-12\">\n\t\t\t\t\t<div class=\"row\" id=\"iframe1_ass3448\" style=\"display: none\">\n\t\t\t\t\t\t\t<div class=\"col-lg-12 mt-5 pt-5\">\t\n\t\t\t\t\t\t\t\t\t<p class=\"text-end fs-5 mt-5\"><a href=\"javascript:ocultar_ass3448();\"><b><i class=\"bi bi-x-circle-fill\"><\/i> Fechar<\/b><\/a><\/p>\n\t\t\t\t\t\t\t\t\t<p><iframe id=\"iframe_ass3448\" src=\"\" height=\"600px\" width=\"100%\"><\/iframe><\/p>\n\t\t\t\t\t\t\t<\/div>\t\t\t\t\t\t\t\t\n\t\t\t\t\t<\/div>\n\t\t\t\t\t  <script>\n\t\t\t\t\t  \n\t\t\t\t\t  \/\/Abrir Pdf dentro do Iframe Assembleias Gerais\n\t\t\t\t\t\t\tfunction abrirPDF_ass3448(link_ass) {\n\t\t\t\t\t\t\tdocument.getElementById('iframe1_ass3448').style.display = \"block\";\n\t\t\t\t\t\t\tdocument.getElementById('iframe_ass3448').src = link_ass;\n\t\t\t\t\t\t\tdocument.getElementById('iframe1_ass3448').scrollIntoView();\n\t\t\t\t\t\t\t}\n\t\t\t\t\t\t\t\/\/Fechar o jornal exibido\n\t\t\t\t\t\t\tfunction ocultar_ass3448() {\n\t\t\t\t\t\t\t\tdocument.getElementById('iframe1_ass3448').style.display = \"none\";\n\t\t\t\t\t\t\t}\n\t\t\t\t\t\t\t\t\t\t\t\t\n\t\t\t\t\t \n\t\t\t\t\t  <\/script>\n\t\t\t\t\t \n\t\t\t\t\t \n\t\t\t\t\t  <\/div>\t\t\t\t\t\n\t\t\t\t<\/div>\n\t\t\t\t\n\t\t\t\t<\/div>\n\t\t\t\t<\/div>\n\t\t\t\t<\/div>\n\t\t\t\t<\/div>\n\t\t\t\t<\/div>\t\n\t\t<\/div>\n\t\t\t\t\n\t\t<div class=\"accordion\" id=\"accordionPanelsStayOpenExample\">\n\t\t<div class=\"accordion-item\">\n\t\t\t\t<h2 class=\"accordion-header\" id=\"headingOne\">\n\t\t\t\t<button class=\"accordion-button collapsed fs-5\" type=\"button\" data-bs-toggle=\"collapse\" data-bs-target=\"#collapse2019\" aria-expanded=\"false\" aria-controls=\"collapse2019\">\n\t\t\t\t<b>\t<i class=\"bi bi-chevron-down fw-bold pe-2\"><\/i>2019<\/b>\n\t\t\t\t<\/button>\n\t\t\t\t<\/h2><div id=\"collapse2019\" class=\"accordion-collapse  collapse \" aria-labelledby=\"headingOne\" data-bs-parent=\"#accordionExample\">\t\n\t\t\t\t<div class=\"container-fluid\">\n\t\t\t\t<div class=\"row\">\t\t\t\t\t\t\t\t\t\t\t\t\t\t\n\t\t\t\t\t<div class=\"col-lg-12\"><div class=\"row pt-3\">\t\t\t\t\t\t\t\t\t\t\t\t\t\t\t\n\t\t\t\t<div class=\"col-lg-7\">\n\t\t\t<p class=\"fs-4\"><b>Assembleias Gerais Ordin\u00e1ria e Extraordin\u00e1ria &#8211; 01 de Mar\u00e7o de 2019<\/b><\/p>\n\t\t\t\t\t<ul><li class=\"m-2 fs-4\"><a onclick=\"javascript:abrirPDF_ass3447('https:\/\/www.cf.coop.br\/wp-content\/uploads\/2019\/08\/Edital_AGO-AGE_2019-versao-01.03.2019-003.pdf');\" title=\"Visualizar o documento\" style=\"cursor: pointer; color: blue;\">Edital de Convoca\u00e7\u00e3o<\/a><\/li>\n\t\t\t\t\t\t\t\t\t<li class=\"m-2 fs-4\"><a onclick=\"javascript:abrirPDF_ass3447('https:\/\/www.cf.coop.br\/wp-content\/uploads\/2019\/02\/Apresentacao-AGO-e-AGE_31mar2019-1.pdf');\" title=\"Visualizar o documento\" style=\"cursor: pointer; color: blue;\">Apresenta\u00e7\u00e3o<\/a><\/li>\n\t\t\t\t\t\t\t\t\t<li class=\"m-2 fs-4\"><a onclick=\"javascript:abrirPDF_ass3447('https:\/\/www.cf.coop.br\/wp-content\/uploads\/2019\/02\/ATA-AGO-_AGE-2019-com-assinaturas-copia-digitalizada.pdf');\" title=\"Visualizar o documento\" style=\"cursor: pointer; color: blue;\">Ata<\/a><\/li>\n\t\t\t\t\t\t\t\t\t\n\t\t\t\t\t<li class=\"m-2 fs-4\"><a  onclick=\"javascript:abrirGaleria3447()\" title=\"Galeria de Fotos\" style=\"cursor: pointer; color: blue;\">Galeria de Fotos<\/a><\/li>\t<\/ul>\t\t\t\t\t\t\t\t\t\t\t\t\t\t\t\n\t\t\t    <\/div>\n\t\t\t\t<div class=\"col-lg-4 text-start\">\n<iframe width=\"90%\" height=\"250\" loading=\"lazy\" src=\"https:\/\/youtube.com\/embed\/XrtUE9x0wi0\" title=\"YouTube video player\" frameborder=\"0\" allow=\"accelerometer; autoplay; clipboard-write; encrypted-media; gyroscope; picture-in-picture; web-share\" allowfullscreen=\"\"><\/iframe>\n\t\t\t\t\t\t<span class=\"text-start fs-5\">V\u00eddeo Assembleias Gerais Ordin\u00e1ria e Extraordin\u00e1ria<\/span>\t\n\t\t\t\t\t\t<\/div><\/div>\n\t\t\t\t<div class=\"row m-5 border-top\">\n\t\t\t\t\t<div class=\"col-lg-12\">\n\t\t\t\t\t<div class=\"row\" id=\"iframe1_ass3447\" style=\"display: none\">\n\t\t\t\t\t\t\t<div class=\"col-lg-12 mt-5 pt-5\">\t\n\t\t\t\t\t\t\t\t\t<p class=\"text-end fs-5 mt-5\"><a href=\"javascript:ocultar_ass3447();\"><b><i class=\"bi bi-x-circle-fill\"><\/i> Fechar<\/b><\/a><\/p>\n\t\t\t\t\t\t\t\t\t<p><iframe id=\"iframe_ass3447\" src=\"\" height=\"600px\" width=\"100%\"><\/iframe><\/p>\n\t\t\t\t\t\t\t<\/div>\t\t\t\t\t\t\t\t\n\t\t\t\t\t<\/div>\n\t\t\t\t\t  <script>\n\t\t\t\t\t  \n\t\t\t\t\t  \/\/Abrir Pdf dentro do Iframe Assembleias Gerais\n\t\t\t\t\t\t\tfunction abrirPDF_ass3447(link_ass) {\n\t\t\t\t\t\t\tdocument.getElementById('iframe1_ass3447').style.display = \"block\";\n\t\t\t\t\t\t\tdocument.getElementById('iframe_ass3447').src = link_ass;\n\t\t\t\t\t\t\tdocument.getElementById('iframe1_ass3447').scrollIntoView();\n\t\t\t\t\t\t\t}\n\t\t\t\t\t\t\t\/\/Fechar o jornal exibido\n\t\t\t\t\t\t\tfunction ocultar_ass3447() {\n\t\t\t\t\t\t\t\tdocument.getElementById('iframe1_ass3447').style.display = \"none\";\n\t\t\t\t\t\t\t}\n\t\t\t\t\t\t\t\t\t\t\t\t\n\t\t\t\t\t \n\t\t\t\t\t  <\/script>\n\t\t\t\t\t \n\t\t\t\t\t \n\t\t\t\t\t  <!-- Galeria -->\n\n\t\t\t\t\t<div class=\"row\" id=\"galeria-3447\" style=\"display: none\">\n\t\t\t\t    <div class=\"d-flex justify-content-between w-100 pt-5\">\n        <span class=\"text-start fs-5\">\n            Galeria de Fotos &#8211; Assembleia Geral Ordin\u00e1ria \u2013 16 de Abril de 2023\n        <\/span>\n        <span class=\"text-end fs-5\">\n            <a href=\"javascript:fecharGaleria3447();\"><b><i class=\"bi bi-x-circle-fill\"><\/i> Fechar<\/b><\/a>\n        <\/span>\n    <\/div>\n\n\t\t\t\t\t\n\t\t\t\t\t<!-- <div class=\"row\" id=\"galeria-3447\" style=\"display: none\">\n\t\t\t\t\t\t  <div class=\"col-12\">\n\t\t\t\t\t\t\t  <p class=\"fs-4 mt-4 mb-0\"><b>Galeria de Fotos - Assembleias Gerais Ordin\u00e1ria e Extraordin\u00e1ria &#8211; 01 de Mar\u00e7o de 2019<\/b><\/p>\n\t\t\t\t\t\t\t  <p class=\"text-end fs-5 pt-5\"><a href=\"javascript:fecharGaleria3447();\"><b><i class=\"bi bi-x-circle-fill\"><\/i> Fechar<\/b><\/a><\/p>\n\n\t\t\t\t\t\t  <\/div> -->\n\t\t\t\t\t\t\n\t\t\t\t\t\n\t\t\t\t\t  \n\t\t\t\t\t  <hr class=\"mt-2 mb-5\">\n\t\t\t\t\t  \n\t\t\t\t\t  <div class=\"photo-gallery\">\n\t\t\t\t\t\t  <div class=\"row photos\"> <div class=\"col-sm-6 col-md-4 col-lg-3 item\"><a href=\"https:\/\/www.cf.coop.br\/wp-content\/uploads\/2019\/02\/galeria-assembleia-2019-1.jpg?image=250\" data-toggle=\"lightbox\" data-gallery=\"example-gallery\" data-title=\"Galeria de Foto\"><img decoding=\"async\" class=\"img-fluid\" loading=\"lazy\" src=\"https:\/\/www.cf.coop.br\/wp-content\/uploads\/2019\/02\/galeria-assembleia-2019-1.jpg\" alt=\"Galeria de Foto\"><\/a><\/div><div class=\"col-sm-6 col-md-4 col-lg-3 item\"><a href=\"https:\/\/www.cf.coop.br\/wp-content\/uploads\/2019\/02\/galeria-assembleia-2019-2.jpg?image=250\" data-toggle=\"lightbox\" data-gallery=\"example-gallery\" data-title=\"Galeria de Foto\"><img decoding=\"async\" class=\"img-fluid\" loading=\"lazy\" src=\"https:\/\/www.cf.coop.br\/wp-content\/uploads\/2019\/02\/galeria-assembleia-2019-2.jpg\" alt=\"Galeria de Foto\"><\/a><\/div><div class=\"col-sm-6 col-md-4 col-lg-3 item\"><a href=\"https:\/\/www.cf.coop.br\/wp-content\/uploads\/2019\/02\/galeria-assembleia-2019-3.jpg?image=250\" data-toggle=\"lightbox\" data-gallery=\"example-gallery\" data-title=\"Galeria de Foto\"><img decoding=\"async\" class=\"img-fluid\" loading=\"lazy\" src=\"https:\/\/www.cf.coop.br\/wp-content\/uploads\/2019\/02\/galeria-assembleia-2019-3.jpg\" alt=\"Galeria de Foto\"><\/a><\/div><div class=\"col-sm-6 col-md-4 col-lg-3 item\"><a href=\"https:\/\/www.cf.coop.br\/wp-content\/uploads\/2019\/02\/galeria-assembleia-2019-4.jpg?image=250\" data-toggle=\"lightbox\" data-gallery=\"example-gallery\" data-title=\"Galeria de Foto\"><img decoding=\"async\" class=\"img-fluid\" loading=\"lazy\" src=\"https:\/\/www.cf.coop.br\/wp-content\/uploads\/2019\/02\/galeria-assembleia-2019-4.jpg\" alt=\"Galeria de Foto\"><\/a><\/div><div class=\"col-sm-6 col-md-4 col-lg-3 item\"><a href=\"https:\/\/www.cf.coop.br\/wp-content\/uploads\/2019\/02\/galeria-assembleia-2019-5.jpg?image=250\" data-toggle=\"lightbox\" data-gallery=\"example-gallery\" data-title=\"Galeria de Foto\"><img decoding=\"async\" class=\"img-fluid\" loading=\"lazy\" src=\"https:\/\/www.cf.coop.br\/wp-content\/uploads\/2019\/02\/galeria-assembleia-2019-5.jpg\" alt=\"Galeria de Foto\"><\/a><\/div><div class=\"col-sm-6 col-md-4 col-lg-3 item\"><a href=\"https:\/\/www.cf.coop.br\/wp-content\/uploads\/2019\/02\/galeria-assembleia-2019-6.jpg?image=250\" data-toggle=\"lightbox\" data-gallery=\"example-gallery\" data-title=\"Galeria de Foto\"><img decoding=\"async\" class=\"img-fluid\" loading=\"lazy\" src=\"https:\/\/www.cf.coop.br\/wp-content\/uploads\/2019\/02\/galeria-assembleia-2019-6.jpg\" alt=\"Galeria de Foto\"><\/a><\/div><div class=\"col-sm-6 col-md-4 col-lg-3 item\"><a href=\"https:\/\/www.cf.coop.br\/wp-content\/uploads\/2019\/02\/galeria-assembleia-2019-7.jpg?image=250\" data-toggle=\"lightbox\" data-gallery=\"example-gallery\" data-title=\"Galeria de Foto\"><img decoding=\"async\" class=\"img-fluid\" loading=\"lazy\" src=\"https:\/\/www.cf.coop.br\/wp-content\/uploads\/2019\/02\/galeria-assembleia-2019-7.jpg\" alt=\"Galeria de Foto\"><\/a><\/div><div class=\"col-sm-6 col-md-4 col-lg-3 item\"><a href=\"https:\/\/www.cf.coop.br\/wp-content\/uploads\/2019\/02\/galeria-assembleia-2019-8.jpg?image=250\" data-toggle=\"lightbox\" data-gallery=\"example-gallery\" data-title=\"Galeria de Foto\"><img decoding=\"async\" class=\"img-fluid\" loading=\"lazy\" src=\"https:\/\/www.cf.coop.br\/wp-content\/uploads\/2019\/02\/galeria-assembleia-2019-8.jpg\" alt=\"Galeria de Foto\"><\/a><\/div><div class=\"col-sm-6 col-md-4 col-lg-3 item\"><a href=\"https:\/\/www.cf.coop.br\/wp-content\/uploads\/2019\/02\/galeria-assembleia-2019-9.jpg?image=250\" data-toggle=\"lightbox\" data-gallery=\"example-gallery\" data-title=\"Galeria de Foto\"><img decoding=\"async\" class=\"img-fluid\" loading=\"lazy\" src=\"https:\/\/www.cf.coop.br\/wp-content\/uploads\/2019\/02\/galeria-assembleia-2019-9.jpg\" alt=\"Galeria de Foto\"><\/a><\/div><div class=\"col-sm-6 col-md-4 col-lg-3 item\"><a href=\"https:\/\/www.cf.coop.br\/wp-content\/uploads\/2019\/02\/galeria-assembleia-2019-10.jpg?image=250\" data-toggle=\"lightbox\" data-gallery=\"example-gallery\" data-title=\"Galeria de Foto\"><img decoding=\"async\" class=\"img-fluid\" loading=\"lazy\" src=\"https:\/\/www.cf.coop.br\/wp-content\/uploads\/2019\/02\/galeria-assembleia-2019-10.jpg\" alt=\"Galeria de Foto\"><\/a><\/div><div class=\"col-sm-6 col-md-4 col-lg-3 item\"><a href=\"https:\/\/www.cf.coop.br\/wp-content\/uploads\/2019\/02\/galeria-assembleia-2019-11.jpg?image=250\" data-toggle=\"lightbox\" data-gallery=\"example-gallery\" data-title=\"Galeria de Foto\"><img decoding=\"async\" class=\"img-fluid\" loading=\"lazy\" src=\"https:\/\/www.cf.coop.br\/wp-content\/uploads\/2019\/02\/galeria-assembleia-2019-11.jpg\" alt=\"Galeria de Foto\"><\/a><\/div><div class=\"col-sm-6 col-md-4 col-lg-3 item\"><a href=\"https:\/\/www.cf.coop.br\/wp-content\/uploads\/2019\/02\/galeria-assembleia-2019-12.jpg?image=250\" data-toggle=\"lightbox\" data-gallery=\"example-gallery\" data-title=\"Galeria de Foto\"><img decoding=\"async\" class=\"img-fluid\" loading=\"lazy\" src=\"https:\/\/www.cf.coop.br\/wp-content\/uploads\/2019\/02\/galeria-assembleia-2019-12.jpg\" alt=\"Galeria de Foto\"><\/a><\/div><div class=\"col-sm-6 col-md-4 col-lg-3 item\"><a href=\"https:\/\/www.cf.coop.br\/wp-content\/uploads\/2019\/02\/galeria-assembleia-2019-13.jpg?image=250\" data-toggle=\"lightbox\" data-gallery=\"example-gallery\" data-title=\"Galeria de Foto\"><img decoding=\"async\" class=\"img-fluid\" loading=\"lazy\" src=\"https:\/\/www.cf.coop.br\/wp-content\/uploads\/2019\/02\/galeria-assembleia-2019-13.jpg\" alt=\"Galeria de Foto\"><\/a><\/div><div class=\"col-sm-6 col-md-4 col-lg-3 item\"><a href=\"https:\/\/www.cf.coop.br\/wp-content\/uploads\/2019\/02\/galeria-assembleia-2019-14.jpg?image=250\" data-toggle=\"lightbox\" data-gallery=\"example-gallery\" data-title=\"Galeria de Foto\"><img decoding=\"async\" class=\"img-fluid\" loading=\"lazy\" src=\"https:\/\/www.cf.coop.br\/wp-content\/uploads\/2019\/02\/galeria-assembleia-2019-14.jpg\" alt=\"Galeria de Foto\"><\/a><\/div><div class=\"col-sm-6 col-md-4 col-lg-3 item\"><a href=\"https:\/\/www.cf.coop.br\/wp-content\/uploads\/2019\/02\/galeria-assembleia-2019-15.jpg?image=250\" data-toggle=\"lightbox\" data-gallery=\"example-gallery\" data-title=\"Galeria de Foto\"><img decoding=\"async\" class=\"img-fluid\" loading=\"lazy\" src=\"https:\/\/www.cf.coop.br\/wp-content\/uploads\/2019\/02\/galeria-assembleia-2019-15.jpg\" alt=\"Galeria de Foto\"><\/a><\/div><div class=\"col-sm-6 col-md-4 col-lg-3 item\"><a href=\"https:\/\/www.cf.coop.br\/wp-content\/uploads\/2019\/02\/galeria-assembleia-2019-16.jpg?image=250\" data-toggle=\"lightbox\" data-gallery=\"example-gallery\" data-title=\"Galeria de Foto\"><img decoding=\"async\" class=\"img-fluid\" loading=\"lazy\" src=\"https:\/\/www.cf.coop.br\/wp-content\/uploads\/2019\/02\/galeria-assembleia-2019-16.jpg\" alt=\"Galeria de Foto\"><\/a><\/div><div class=\"col-sm-6 col-md-4 col-lg-3 item\"><a href=\"https:\/\/www.cf.coop.br\/wp-content\/uploads\/2019\/02\/galeria-assembleia-2019-17.jpg?image=250\" data-toggle=\"lightbox\" data-gallery=\"example-gallery\" data-title=\"Galeria de Foto\"><img decoding=\"async\" class=\"img-fluid\" loading=\"lazy\" src=\"https:\/\/www.cf.coop.br\/wp-content\/uploads\/2019\/02\/galeria-assembleia-2019-17.jpg\" alt=\"Galeria de Foto\"><\/a><\/div><div class=\"col-sm-6 col-md-4 col-lg-3 item\"><a href=\"https:\/\/www.cf.coop.br\/wp-content\/uploads\/2019\/02\/galeria-assembleia-2019-18.jpg?image=250\" data-toggle=\"lightbox\" data-gallery=\"example-gallery\" data-title=\"Galeria de Foto\"><img decoding=\"async\" class=\"img-fluid\" loading=\"lazy\" src=\"https:\/\/www.cf.coop.br\/wp-content\/uploads\/2019\/02\/galeria-assembleia-2019-18.jpg\" alt=\"Galeria de Foto\"><\/a><\/div><div class=\"col-sm-6 col-md-4 col-lg-3 item\"><a href=\"https:\/\/www.cf.coop.br\/wp-content\/uploads\/2019\/02\/galeria-assembleia-2019-19.jpg?image=250\" data-toggle=\"lightbox\" data-gallery=\"example-gallery\" data-title=\"Galeria de Foto\"><img decoding=\"async\" class=\"img-fluid\" loading=\"lazy\" src=\"https:\/\/www.cf.coop.br\/wp-content\/uploads\/2019\/02\/galeria-assembleia-2019-19.jpg\" alt=\"Galeria de Foto\"><\/a><\/div><div class=\"col-sm-6 col-md-4 col-lg-3 item\"><a href=\"https:\/\/www.cf.coop.br\/wp-content\/uploads\/2019\/02\/galeria-assembleia-2019-20.jpg?image=250\" data-toggle=\"lightbox\" data-gallery=\"example-gallery\" data-title=\"Galeria de Foto\"><img decoding=\"async\" class=\"img-fluid\" loading=\"lazy\" src=\"https:\/\/www.cf.coop.br\/wp-content\/uploads\/2019\/02\/galeria-assembleia-2019-20.jpg\" alt=\"Galeria de Foto\"><\/a><\/div>\n\t\t\t\t\t<script>\n\t\t\t\t\t  \n\t\t\t\t\t\/\/Abrir Pdf dentro do Iframe Assembleias Gerais\n\t\t\t\t\t\t  function abrirGaleria3447() {\n\t\t\t\t\t\t  document.getElementById('galeria-3447').style.display = \"block\";\t\t\n\t\t\t\t\t\t  document.getElementById('galeria-3447').scrollIntoView();\n\t\t\t\t\n\t\t\t\t\t\t  }\n\t\t\t\t\t\t  \/\/Fechar o jornal exibido\n\t\t\t\t\t\t  function fecharGaleria3447() {\n\t\t\t\t\t\t\t  document.getElementById('galeria-3447').style.display = \"none\";\n\t\t\t\t\t\t  }\t\t\t\t\t\t\t\t\t\t  \n\t\t\t\t   \n\t\t\t\t\t<\/script>\n\t\t\t\t\t<\/div>\n\t\t\t\t\t<\/div>  <\/div>\t\n\t\t\t\t\t<!-- \/Galeria --><\/div>\t\t\t\t\t\n\t\t\t\t<\/div>\n\t\t\t\t\n\t\t\t\t<\/div>\n\t\t\t\t<\/div>\n\t\t\t\t<\/div>\n\t\t\t\t<\/div>\n\t\t\t\t<\/div>\t\n\t\t<\/div>\n\t\t\t\t<\/p>\n<\/div>\n<\/div>\n<\/div>\n<\/section>\n<p><!-- \/Bloco 1 --><!-- ======= Bloco 1 ======= --><\/p>\n<section class=\"bloco-1\">\n<div class=\"container-fluid\">\n<div class=\"row pt-3\">\n<h1>Direitos e Deveres dos Associados<\/h1>\n<div class=\"col-lg-12\">\n<p>Organizadas democraticamente, as cooperativas contam com participa\u00e7\u00e3o livre de cada associado, em igualdade de direitos e deveres entre todos. Assim, todos s\u00e3o donos da institui\u00e7\u00e3o, respons\u00e1veis pela cooperativa e a participa\u00e7\u00e3o de cada um impulsiona o funcionamento de toda a estrutura.<\/p>\n<p>Conhe\u00e7a, a seguir, os direitos e as responsabilidades dos associados, conforme estabelecido no Estatuto Social da COOPERFORTE:<\/p>\n<div class=\"accordion\" id=\"accordionPanelsStayOpenExample\">\n<div class=\"accordion-item\">\n<h2 class=\"accordion-header\" id=\"headingOne\"><button class=\"accordion-button fs-5\" type=\"button\" data-bs-toggle=\"collapse\" data-bs-target=\"#collapseOne\" aria-expanded=\"true\" aria-controls=\"collapseOne\"><b>Direitos dos Associados<\/b><\/button><\/h2>\n<div id=\"collapseOne\" class=\"accordion-collapse collapse show\" aria-labelledby=\"headingOne\" data-bs-parent=\"#accordionExample\">\n<div class=\"container-fluid\">\n<div class=\"row\">\n<div class=\"col-lg-12 pt-3\">\n<p><b>Art. 8.\u00ba S\u00e3o direitos dos associados:<\/b><\/p>\n<p><span>I &#8211; participar das Reuni\u00f5es Seccionais para deliberar sobre temas especificados no art. 37;<\/span><\/p>\n<p><span>II &#8211; tomar parte nas Assembleias Gerais e, por meio dos Delegados Seccionais, discutir e votar os assuntos que nelas forem tratados;<\/span><\/p>\n<p><span>III &#8211; propor medidas que julgarem convenientes aos interesses sociais;<\/span><\/p>\n<p><span>IV &#8211; efetuar opera\u00e7\u00f5es com a Cooperativa, de acordo com este Estatuto e as normas por ela estabelecidas;<\/span><\/p>\n<p><span>V &#8211; ter acesso, previamente, \u00e0s mat\u00e9rias constantes das pautas das Assembleias Gerais, podendo solicitar eventuais esclarecimentos \u00e0 Cooperativa;<\/span><\/p>\n<p><span>VI &#8211; retirar capital, juros e sobras, nos termos deste Estatuto;<\/span><\/p>\n<p><span>VII &#8211; tomar conhecimento dos regulamentos internos da Cooperativa;<\/span><\/p>\n<p><span>VIII &#8211; demitir-se, por escrito;<\/span><\/p>\n<p><span>IX &#8211; votar e ser votado para Delegado Seccional e candidatar-se para os cargos estatut\u00e1rios, exceto os previstos no art. 45, \u00a72.\u00ba, desde que atendidas as disposi\u00e7\u00f5es legais e regulamentares pertinentes;<\/span><\/p>\n<p><span>X &#8211; solicitar, por escrito, a inscri\u00e7\u00e3o de sua candidatura aos cargos estatut\u00e1rios, no per\u00edodo compreendido entre 15 (quinze) e at\u00e9 9 (nove) dias antes da data da Assembleia Geral respectiva. Caso o \u00faltimo dia do prazo recaia em dia n\u00e3o \u00fatil no domic\u00edlio da Sede da Cooperativa, prevalecer\u00e1 o dia \u00fatil imediatamente anterior.<\/span><\/p>\n<p><span>\u00a71.\u00ba S\u00f3 podem concorrer aos cargos estatut\u00e1rios os associados, pessoas f\u00edsicas, em dia com suas obriga\u00e7\u00f5es perante a Cooperativa.<\/span><\/p>\n<p><span>\u00a72.\u00ba O associado que estabelecer rela\u00e7\u00e3o empregat\u00edcia com a Cooperativa perde o direito de votar e ser votado, inclusive nos temas pautados nas Reuni\u00f5es Seccionais, at\u00e9 que sejam aprovadas as contas do exerc\u00edcio em que ele deixou o emprego.<\/span><\/p>\n<p><span>\u00a73.\u00ba Quando houver 1 (um) s\u00f3 cargo estatut\u00e1rio a ser preenchido, o associado pode solicitar a inscri\u00e7\u00e3o isolada de sua candidatura; quando houver mais de 1 (um) cargo estatut\u00e1rio a ser preenchido, o associado solicitar\u00e1 a inscri\u00e7\u00e3o de chapa completa para os cargos vagos no Conselho de Administra\u00e7\u00e3o e chapa completa para os cargos vagos no Conselho Fiscal.<\/span><\/p>\n<\/div>\n<\/div>\n<\/div>\n<\/div>\n<\/div>\n<div class=\"accordion-item\">\n<h2 class=\"accordion-header\" id=\"headingTwo\"><button class=\"accordion-button collapsed fs-5\" type=\"button\" data-bs-toggle=\"collapse\" data-bs-target=\"#collapseTwo\" aria-expanded=\"false\" aria-controls=\"collapseTwo\"><b>Deveres e Obriga\u00e7\u00f5es dos Associados<\/b><\/button><\/h2>\n<div id=\"collapseTwo\" class=\"accordion-collapse collapse\" aria-labelledby=\"headingTwo\" data-bs-parent=\"#accordionExample\">\n<div class=\"container-fluid\">\n<div class=\"row\">\n<div class=\"col-lg-12 pt-3\">\n<p><b>Art. 9.\u00ba S\u00e3o deveres e obriga\u00e7\u00f5es dos associados:<\/b><\/p>\n<p><span>I &#8211; subscrever e integralizar as quotas-partes de capital;<\/span><\/p>\n<p><span>II &#8211; satisfazer os compromissos que contrair com a Cooperativa;<\/span><\/p>\n<p><span>III &#8211; cumprir as disposi\u00e7\u00f5es deste Estatuto e dos regulamentos internos e respeitar as delibera\u00e7\u00f5es tomadas pelos \u00f3rg\u00e3os sociais e dirigentes da Cooperativa;<\/span><\/p>\n<p><span>IV &#8211; zelar pelos interesses morais e materiais da Cooperativa;<\/span><\/p>\n<p><span>V &#8211; cobrir sua parte nas perdas apuradas, nos termos deste Estatuto;<\/span><\/p>\n<p><span>VI &#8211; ter sempre em vista que a coopera\u00e7\u00e3o \u00e9 obra de interesse comum ao qual n\u00e3o deve sobrepor seu interesse individual;<\/span><\/p>\n<p><span>VII &#8211; manter atualizadas suas informa\u00e7\u00f5es cadastrais, comunicando qualquer altera\u00e7\u00e3o que venha a ocorrer nos dados e nos documentos fornecidos quando da admiss\u00e3o ou em eventos subsequentes;<\/span><\/p>\n<p><span>VIII &#8211; autorizar a abertura de conta corrente junto \u00e0 pr\u00f3pria Cooperativa, quando dispon\u00edvel.<\/span><\/p>\n<p><span>Par\u00e1grafo \u00fanico &#8211; O associado que for exclu\u00eddo, eliminado ou demitido liquidar\u00e1 o saldo de empr\u00e9stimos pelo qual responda, ficando a Cooperativa autorizada a represent\u00e1-lo perante a empresa empregadora ou fonte pagadora ou qualquer institui\u00e7\u00e3o financeira onde o associado mantenha conta para receber o necess\u00e1rio para ocorrer \u00e0 amortiza\u00e7\u00e3o\/liquida\u00e7\u00e3o desses d\u00e9bitos junto \u00e0 Cooperativa.<\/span><\/p>\n<\/div>\n<\/div>\n<\/div>\n<\/div>\n<\/div>\n<\/div>\n<\/div>\n<\/div>\n<\/div>\n<\/section>\n<p><!-- \/Bloco 1 --><\/p>\n<p><!-- ======= Bloco 2 ======= --><\/p>\n<section class=\"bloco-3\">\n<div class=\"container-fluid\">\n<div class=\"row\">\n<h1>Delegados Seccionais<\/h1>\n<div class=\"col-lg-12\">\n<p><img decoding=\"async\" src=\"https:\/\/www.cf.coop.br\/wp-content\/uploads\/2022\/08\/img-delegado.jpg\" class=\"img-fluid float-start pe-4\" width=\"500\" alt=\"Imagem - Delegados Seccionais\" \/><\/p>\n<p>Os Delegados Seccionais s\u00e3o associados eleitos diretamente pelo conjunto do corpo social para represent\u00e1-lo nas decis\u00f5es assembleares, por meio de voz e voto, com vistas a defender os interesses daqueles que lhes conferiram essa miss\u00e3o, contribuindo para aprimorar a governan\u00e7a da Cooperativa frente ao mercado e assegurar a efetiva participa\u00e7\u00e3o democr\u00e1tica nas decis\u00f5es de compet\u00eancia das Assembleias Gerais.<\/p>\n<div class=\"pt-5\" id=\"delegado\"><\/div>\n<p>Cabe aos Delegados Seccionais votar para escolha dos membros dos Conselhos de Administra\u00e7\u00e3o e Fiscal, apreciar as presta\u00e7\u00f5es de contas anuais, deliberar sobre a destina\u00e7\u00e3o das sobras ou as perdas apuradas a cada exerc\u00edcio, al\u00e9m de aprovar qualquer mudan\u00e7a no Estatuto Social, dentre outros assuntos de interesse dos associados.<\/p>\n<p>Por isso a import\u00e2ncia da participa\u00e7\u00e3o dos associados no processo eleitoral, seja como candidatos ou como eleitores, valorizando e colocando em pr\u00e1tica o 2\u00ba princ\u00edpio do cooperativismo, a Gest\u00e3o Democr\u00e1tica, ao trazer o associado para dentro das decis\u00f5es, fortalecendo a transpar\u00eancia e a tomada de decis\u00f5es.<\/p>\n<p>Quanto maior o entendimento dos associados sobre a import\u00e2ncia de sua participa\u00e7\u00e3o na cooperativa, por meio de voto e de utiliza\u00e7\u00e3o dos servi\u00e7os, maior a efetividade das decis\u00f5es em prol do todo.<\/p>\n<p><div class=\"col-12 py-3\"><select id=\"estado_seccional\" class=\"form-select form-select-lg w-25\">\n\t\t\t<option selected=\"selected\" value=\"nenhumestado\">Selecione a Seccional<\/option>\n\t\t\t<option value=\"0\">Todas<\/option>\n\t\t\t<option value=\"1\">AC-AM-RO-RR<\/option>\n\t\t\t<option value=\"2\">AL-SE<\/option>\n\t\t\t<option value=\"4\">AP-PA<\/option>\n\t\t\t<option value=\"5\">BA<\/option>\n\t\t\t<option value=\"6\">CE<\/option>\n\t\t\t<option value=\"7\">DF<\/option>\n\t\t\t<option value=\"9\">GO-TO<\/option>\n\t\t\t<option value=\"10\">MA-PI<\/option>\n\t\t\t<option value=\"11\">MG-ES<\/option>\n\t\t\t<option value=\"13\">MS-MT<\/option>\n\t\t\t<option value=\"15\">PB-RN<\/option>\n\t\t\t<option value=\"16\">PE<\/option>\n\t\t\t<option value=\"18\">PR<\/option>\n\t\t\t<option value=\"19\">RJ<\/option>\n\t\t\t<option value=\"23\">RS<\/option>\n\t\t\t<option value=\"24\">SC<\/option>\n\t\t\t<option value=\"26\">SP<\/option>\n\t\t\t<\/select>\t\t<br>\t\t\t\n\t\t\t<div id=\"divDelegados\">\t\n\t\t\t<\/div>\n\t\t\t<\/select><\/div><\/p>\n<\/div>\n<\/div>\n<\/div>\n<\/section>\n<p><!-- \/Bloco 2 --><\/p>\n<div class=\"pt-5\" id=\"eleicoes\"><\/div>\n<p><!-- ======= Bloco 2 ======= --><\/p>\n<section class=\"bloco-1\">\n<div class=\"container-fluid\">\n<div class=\"row\">\n<h1>Elei\u00e7\u00f5es de Delegados Seccionais<\/h1>\n<div class=\"col-lg-12\">\n<p>A COOPERFORTE realiza processos eleitorais amplos e democr\u00e1ticos para a escolha, por parte dos associados, dos 32 Delegados Seccionais que os representar\u00e3o nas Assembleias Gerais, em mandato de quatro anos.<\/p>\n<p>Veja a seguir informa\u00e7\u00f5es e documentos relativos \u00e0s \u00faltimas Elei\u00e7\u00f5es de Delegados Seccionais da Cooperativa:<\/p>\n<p><div class=\"accordion\" id=\"eleicoesAccordion\"><div class=\"accordion-item\">\n                <h2 class=\"accordion-header\" id=\"heading48699\">\n                    <button class=\"accordion-button fs-5\" type=\"button\" data-bs-toggle=\"collapse\" data-bs-target=\"#collapse48699\" aria-expanded=\"true\" aria-controls=\"collapse48699\">\n                        <b><i class=\"bi bi-chevron-down fw-bold pe-2\"><\/i>Elei\u00e7\u00e3o de Delegados Seccionais 2025<\/b>\n                    <\/button>\n                <\/h2>\n                <div id=\"collapse48699\" class=\"accordion-collapse collapse\" aria-labelledby=\"heading48699\" data-bs-parent=\"#eleicoesAccordion\">\n                    <div class=\"accordion-body\"><li class=\"m-2 fs-4\"><a onclick=\"abrirPDF_eleicao(48699, 'https:\/\/www.cf.coop.br\/wp-content\/uploads\/2026\/02\/Resultado-Eleicao-de-Delegados-Seccionais-2025.png');\" title=\"Visualizar o documento\" style=\"cursor: pointer; color: blue;\">Resultado<\/a><\/li><li class=\"m-2 fs-4\"><a onclick=\"abrirPDF_eleicao(48699, 'https:\/\/www.cf.coop.br\/wp-content\/uploads\/2026\/02\/Edital-de-Convocacao-Eleicao-Delegados-Seccionais-2025.pdf');\" title=\"Visualizar o documento\" style=\"cursor: pointer; color: blue;\">Edital<\/a><\/li>\n                        <div class=\"row \" id=\"iframe1_eleicao_48699\" style=\"display: none\">\n                            <div class=\"col-lg-12 \">\t\t\t\t\t\t\t\n                                <p class=\"text-end fs-5\"><a href=\"javascript:ocultarDocEleicao(48699);\"><b><i class=\"bi bi-x-circle-fill\"><\/i> Fechar<\/b><\/a><\/p>\t\n                                <p><iframe src=\"\" id=\"abrirPDF_eleicao_48699\" height=\"600px\" width=\"80%\"><\/iframe><\/p>\n                            <\/div>\t\t\t\t\t\t\t\t\n                        <\/div>\n                    <\/div>\n                <\/div>\n            <\/div><div class=\"accordion-item\">\n                <h2 class=\"accordion-header\" id=\"heading3419\">\n                    <button class=\"accordion-button fs-5\" type=\"button\" data-bs-toggle=\"collapse\" data-bs-target=\"#collapse3419\" aria-expanded=\"true\" aria-controls=\"collapse3419\">\n                        <b><i class=\"bi bi-chevron-down fw-bold pe-2\"><\/i>Elei\u00e7\u00e3o de Delegados Seccionais 2021<\/b>\n                    <\/button>\n                <\/h2>\n                <div id=\"collapse3419\" class=\"accordion-collapse collapse\" aria-labelledby=\"heading3419\" data-bs-parent=\"#eleicoesAccordion\">\n                    <div class=\"accordion-body\"><li class=\"m-2 fs-4\"><a onclick=\"abrirPDF_eleicao(3419, 'https:\/\/www.cf.coop.br\/wp-content\/uploads\/2022\/08\/EDITAL-DE-CONVOCACAO-ELEICAO-DE-DELEGADOS-SECCIONAIS-2021-2-1-1.pdf');\" title=\"Visualizar o documento\" style=\"cursor: pointer; color: blue;\">Edital<\/a><\/li><li class=\"m-2 fs-4\"><a onclick=\"abrirPDF_eleicao(3419, 'https:\/\/www.cf.coop.br\/wp-content\/uploads\/2022\/08\/COMUNICADO-10-ELEICAO-DELEGADOS-VF_Versao27_12_21-2.pdf');\" title=\"Visualizar o documento\" style=\"cursor: pointer; color: blue;\">Resultado<\/a><\/li>\n                        <div class=\"row \" id=\"iframe1_eleicao_3419\" style=\"display: none\">\n                            <div class=\"col-lg-12 \">\t\t\t\t\t\t\t\n                                <p class=\"text-end fs-5\"><a href=\"javascript:ocultarDocEleicao(3419);\"><b><i class=\"bi bi-x-circle-fill\"><\/i> Fechar<\/b><\/a><\/p>\t\n                                <p><iframe src=\"\" id=\"abrirPDF_eleicao_3419\" height=\"600px\" width=\"80%\"><\/iframe><\/p>\n                            <\/div>\t\t\t\t\t\t\t\t\n                        <\/div>\n                    <\/div>\n                <\/div>\n            <\/div><div class=\"accordion-item\">\n                <h2 class=\"accordion-header\" id=\"heading3418\">\n                    <button class=\"accordion-button fs-5\" type=\"button\" data-bs-toggle=\"collapse\" data-bs-target=\"#collapse3418\" aria-expanded=\"true\" aria-controls=\"collapse3418\">\n                        <b><i class=\"bi bi-chevron-down fw-bold pe-2\"><\/i>Elei\u00e7\u00e3o de Delegados Seccionais 2017<\/b>\n                    <\/button>\n                <\/h2>\n                <div id=\"collapse3418\" class=\"accordion-collapse collapse\" aria-labelledby=\"heading3418\" data-bs-parent=\"#eleicoesAccordion\">\n                    <div class=\"accordion-body\"><li class=\"m-2 fs-4\"><a onclick=\"abrirPDF_eleicao(3418, 'https:\/\/www.cf.coop.br\/wp-content\/uploads\/2022\/08\/COOPERFORTE-Edital-de-Convocacao-CGE-2017.pdf');\" title=\"Visualizar o documento\" style=\"cursor: pointer; color: blue;\">Edital<\/a><\/li><li class=\"m-2 fs-4\"><a onclick=\"abrirPDF_eleicao(3418, 'https:\/\/www.cf.coop.br\/wp-content\/uploads\/2022\/08\/COMUNICADO-CGE-N-04-Resultado-Eleicoes-2017-compactado_organized.pdf');\" title=\"Visualizar o documento\" style=\"cursor: pointer; color: blue;\">Resultado<\/a><\/li>\n                        <div class=\"row \" id=\"iframe1_eleicao_3418\" style=\"display: none\">\n                            <div class=\"col-lg-12 \">\t\t\t\t\t\t\t\n                                <p class=\"text-end fs-5\"><a href=\"javascript:ocultarDocEleicao(3418);\"><b><i class=\"bi bi-x-circle-fill\"><\/i> Fechar<\/b><\/a><\/p>\t\n                                <p><iframe src=\"\" id=\"abrirPDF_eleicao_3418\" height=\"600px\" width=\"80%\"><\/iframe><\/p>\n                            <\/div>\t\t\t\t\t\t\t\t\n                        <\/div>\n                    <\/div>\n                <\/div>\n            <\/div><\/div>\n    <script type=\"text\/javascript\">\n        function abrirPDF_eleicao(postId, link) {\n            var iframe = document.getElementById(\"abrirPDF_eleicao_\" + postId);\n            var iframeContainer = document.getElementById(\"iframe1_eleicao_\" + postId);\n            iframe.src = link;\n            iframeContainer.style.display = \"block\";\n        }\n\n        function ocultarDocEleicao(postId) {\n            var iframe = document.getElementById(\"abrirPDF_eleicao_\" + postId);\n            var iframeContainer = document.getElementById(\"iframe1_eleicao_\" + postId);\n            iframe.src = \"\";\n            iframeContainer.style.display = \"none\";\n        }\n    <\/script><\/p>\n<\/div>\n<\/div>\n<\/div>\n<\/section>\n<p><!-- \/Bloco 2 --><\/p>\t\t\t\t\t\t<\/div>\n\t\t\t\t<\/div>\n\t\t\t\t\t<\/div>\n\t\t<\/div>\n\t\t\t\t\t<\/div>\n\t\t<\/section>\n\t\t\t\t<\/div>\n\t\t","protected":false},"excerpt":{"rendered":"<p>Estatuto Social O Estatuto Social \u00e9 o documento de constitui\u00e7\u00e3o da Cooperativa, estipula a filosofia, os objetivos sociais, ordena o modelo de neg\u00f3cio, regulamenta os direitos e deveres dos associados e define os papeis e responsabilidades dos \u00f3rg\u00e3os sociais. \u00c9 aprovado pela Assembleia Geral e homologado pelo Banco Central do Brasil. Assembleia Geral A Assembleia [&hellip;]<\/p>\n","protected":false},"author":1,"featured_media":0,"parent":16569,"menu_order":3,"comment_status":"closed","ping_status":"closed","template":"page-templates\/page-padrao.php","meta":{"footnotes":""},"taxonomia":[91,89],"class_list":["post-3376","page","type-page","status-publish","hentry","taxonomia-institucional","taxonomia-sobre-nos"],"yoast_head":"<!-- This site is optimized with the Yoast SEO Premium plugin v26.7 (Yoast SEO v26.7) - https:\/\/yoast.com\/wordpress\/plugins\/seo\/ -->\n<title>Estatuto Social - Cooperforte<\/title>\n<meta name=\"robots\" content=\"index, follow, max-snippet:-1, max-image-preview:large, max-video-preview:-1\" \/>\n<link rel=\"canonical\" href=\"https:\/\/www.cf.coop.br\/sobre-nos\/institucional\/estatuto-social\/\" \/>\n<meta property=\"og:locale\" content=\"pt_BR\" \/>\n<meta property=\"og:type\" content=\"article\" \/>\n<meta property=\"og:title\" content=\"Estatuto Social\" \/>\n<meta property=\"og:description\" content=\"Estatuto Social O Estatuto Social \u00e9 o documento de constitui\u00e7\u00e3o da Cooperativa, estipula a filosofia, os objetivos sociais, ordena o modelo de neg\u00f3cio, regulamenta os direitos e deveres dos associados e define os papeis e responsabilidades dos \u00f3rg\u00e3os sociais. \u00c9 aprovado pela Assembleia Geral e homologado pelo Banco Central do Brasil. Assembleia Geral A Assembleia [&hellip;]\" \/>\n<meta property=\"og:url\" content=\"https:\/\/www.cf.coop.br\/sobre-nos\/institucional\/estatuto-social\/\" \/>\n<meta property=\"og:site_name\" content=\"Cooperforte\" \/>\n<meta property=\"article:publisher\" content=\"https:\/\/www.facebook.com\/cooperforte.cooperativadecredito?locale=pt_BR\" \/>\n<meta property=\"article:modified_time\" content=\"2025-07-15T15:39:22+00:00\" \/>\n<meta property=\"og:image\" content=\"https:\/\/www.cf.coop.br\/wp-content\/uploads\/2026\/02\/Logo-para-wordpress-scaled.png\" \/>\n\t<meta property=\"og:image:width\" content=\"2560\" \/>\n\t<meta property=\"og:image:height\" content=\"1440\" \/>\n\t<meta property=\"og:image:type\" content=\"image\/png\" \/>\n<meta name=\"twitter:card\" content=\"summary_large_image\" \/>\n<meta name=\"twitter:label1\" content=\"Est. reading time\" \/>\n\t<meta name=\"twitter:data1\" content=\"5 minutos\" \/>\n<script type=\"application\/ld+json\" class=\"yoast-schema-graph\">{\"@context\":\"https:\/\/schema.org\",\"@graph\":[{\"@type\":\"WebPage\",\"@id\":\"https:\/\/www.cf.coop.br\/sobre-nos\/institucional\/estatuto-social\/\",\"url\":\"https:\/\/www.cf.coop.br\/sobre-nos\/institucional\/estatuto-social\/\",\"name\":\"Estatuto Social - Cooperforte\",\"isPartOf\":{\"@id\":\"https:\/\/www.cf.coop.br\/#website\"},\"datePublished\":\"2022-08-03T20:32:37+00:00\",\"dateModified\":\"2025-07-15T15:39:22+00:00\",\"breadcrumb\":{\"@id\":\"https:\/\/www.cf.coop.br\/sobre-nos\/institucional\/estatuto-social\/#breadcrumb\"},\"inLanguage\":\"pt-BR\",\"potentialAction\":[{\"@type\":\"ReadAction\",\"target\":[\"https:\/\/www.cf.coop.br\/sobre-nos\/institucional\/estatuto-social\/\"]}]},{\"@type\":\"BreadcrumbList\",\"@id\":\"https:\/\/www.cf.coop.br\/sobre-nos\/institucional\/estatuto-social\/#breadcrumb\",\"itemListElement\":[{\"@type\":\"ListItem\",\"position\":1,\"name\":\"Home\",\"item\":\"https:\/\/www.cf.coop.br\/\"},{\"@type\":\"ListItem\",\"position\":2,\"name\":\"Sobre N\u00f3s\",\"item\":\"https:\/\/www.cf.coop.br\/sobre-nos\/\"},{\"@type\":\"ListItem\",\"position\":3,\"name\":\"Institucional\",\"item\":\"https:\/\/www.cf.coop.br\/sobre-nos\/institucional\/\"},{\"@type\":\"ListItem\",\"position\":4,\"name\":\"Estatuto Social\"}]},{\"@type\":\"WebSite\",\"@id\":\"https:\/\/www.cf.coop.br\/#website\",\"url\":\"https:\/\/www.cf.coop.br\/\",\"name\":\"Cooperforte\",\"description\":\"Sua cooperativa do futuro\",\"publisher\":{\"@id\":\"https:\/\/www.cf.coop.br\/#organization\"},\"alternateName\":\"cf.coop\",\"potentialAction\":[{\"@type\":\"SearchAction\",\"target\":{\"@type\":\"EntryPoint\",\"urlTemplate\":\"https:\/\/www.cf.coop.br\/?s={search_term_string}\"},\"query-input\":{\"@type\":\"PropertyValueSpecification\",\"valueRequired\":true,\"valueName\":\"search_term_string\"}}],\"inLanguage\":\"pt-BR\"},{\"@type\":[\"Organization\",\"Place\"],\"@id\":\"https:\/\/www.cf.coop.br\/#organization\",\"name\":\"COOPERFORTE\",\"alternateName\":\"CF\",\"url\":\"https:\/\/www.cf.coop.br\/\",\"logo\":{\"@id\":\"https:\/\/www.cf.coop.br\/sobre-nos\/institucional\/estatuto-social\/#local-main-organization-logo\"},\"image\":{\"@id\":\"https:\/\/www.cf.coop.br\/sobre-nos\/institucional\/estatuto-social\/#local-main-organization-logo\"},\"sameAs\":[\"https:\/\/www.facebook.com\/cooperforte.cooperativadecredito?locale=pt_BR\",\"https:\/\/www.instagram.com\/cooperforte\/\"],\"telephone\":[],\"openingHoursSpecification\":[{\"@type\":\"OpeningHoursSpecification\",\"dayOfWeek\":[\"Sunday\",\"Monday\",\"Tuesday\",\"Wednesday\",\"Thursday\",\"Friday\",\"Saturday\"],\"opens\":\"09:00\",\"closes\":\"17:00\"}]},{\"@type\":\"ImageObject\",\"inLanguage\":\"pt-BR\",\"@id\":\"https:\/\/www.cf.coop.br\/sobre-nos\/institucional\/estatuto-social\/#local-main-organization-logo\",\"url\":\"\",\"contentUrl\":\"\",\"caption\":\"COOPERFORTE\"}]}<\/script>\n<!-- \/ Yoast SEO Premium plugin. -->","yoast_head_json":{"title":"Estatuto Social - Cooperforte","robots":{"index":"index","follow":"follow","max-snippet":"max-snippet:-1","max-image-preview":"max-image-preview:large","max-video-preview":"max-video-preview:-1"},"canonical":"https:\/\/www.cf.coop.br\/sobre-nos\/institucional\/estatuto-social\/","og_locale":"pt_BR","og_type":"article","og_title":"Estatuto Social","og_description":"Estatuto Social O Estatuto Social \u00e9 o documento de constitui\u00e7\u00e3o da Cooperativa, estipula a filosofia, os objetivos sociais, ordena o modelo de neg\u00f3cio, regulamenta os direitos e deveres dos associados e define os papeis e responsabilidades dos \u00f3rg\u00e3os sociais. \u00c9 aprovado pela Assembleia Geral e homologado pelo Banco Central do Brasil. Assembleia Geral A Assembleia [&hellip;]","og_url":"https:\/\/www.cf.coop.br\/sobre-nos\/institucional\/estatuto-social\/","og_site_name":"Cooperforte","article_publisher":"https:\/\/www.facebook.com\/cooperforte.cooperativadecredito?locale=pt_BR","article_modified_time":"2025-07-15T15:39:22+00:00","og_image":[{"width":2560,"height":1440,"url":"https:\/\/www.cf.coop.br\/wp-content\/uploads\/2026\/02\/Logo-para-wordpress-scaled.png","type":"image\/png"}],"twitter_card":"summary_large_image","twitter_misc":{"Est. reading time":"5 minutos"},"schema":{"@context":"https:\/\/schema.org","@graph":[{"@type":"WebPage","@id":"https:\/\/www.cf.coop.br\/sobre-nos\/institucional\/estatuto-social\/","url":"https:\/\/www.cf.coop.br\/sobre-nos\/institucional\/estatuto-social\/","name":"Estatuto Social - Cooperforte","isPartOf":{"@id":"https:\/\/www.cf.coop.br\/#website"},"datePublished":"2022-08-03T20:32:37+00:00","dateModified":"2025-07-15T15:39:22+00:00","breadcrumb":{"@id":"https:\/\/www.cf.coop.br\/sobre-nos\/institucional\/estatuto-social\/#breadcrumb"},"inLanguage":"pt-BR","potentialAction":[{"@type":"ReadAction","target":["https:\/\/www.cf.coop.br\/sobre-nos\/institucional\/estatuto-social\/"]}]},{"@type":"BreadcrumbList","@id":"https:\/\/www.cf.coop.br\/sobre-nos\/institucional\/estatuto-social\/#breadcrumb","itemListElement":[{"@type":"ListItem","position":1,"name":"Home","item":"https:\/\/www.cf.coop.br\/"},{"@type":"ListItem","position":2,"name":"Sobre N\u00f3s","item":"https:\/\/www.cf.coop.br\/sobre-nos\/"},{"@type":"ListItem","position":3,"name":"Institucional","item":"https:\/\/www.cf.coop.br\/sobre-nos\/institucional\/"},{"@type":"ListItem","position":4,"name":"Estatuto Social"}]},{"@type":"WebSite","@id":"https:\/\/www.cf.coop.br\/#website","url":"https:\/\/www.cf.coop.br\/","name":"Cooperforte","description":"Sua cooperativa do futuro","publisher":{"@id":"https:\/\/www.cf.coop.br\/#organization"},"alternateName":"cf.coop","potentialAction":[{"@type":"SearchAction","target":{"@type":"EntryPoint","urlTemplate":"https:\/\/www.cf.coop.br\/?s={search_term_string}"},"query-input":{"@type":"PropertyValueSpecification","valueRequired":true,"valueName":"search_term_string"}}],"inLanguage":"pt-BR"},{"@type":["Organization","Place"],"@id":"https:\/\/www.cf.coop.br\/#organization","name":"COOPERFORTE","alternateName":"CF","url":"https:\/\/www.cf.coop.br\/","logo":{"@id":"https:\/\/www.cf.coop.br\/sobre-nos\/institucional\/estatuto-social\/#local-main-organization-logo"},"image":{"@id":"https:\/\/www.cf.coop.br\/sobre-nos\/institucional\/estatuto-social\/#local-main-organization-logo"},"sameAs":["https:\/\/www.facebook.com\/cooperforte.cooperativadecredito?locale=pt_BR","https:\/\/www.instagram.com\/cooperforte\/"],"telephone":[],"openingHoursSpecification":[{"@type":"OpeningHoursSpecification","dayOfWeek":["Sunday","Monday","Tuesday","Wednesday","Thursday","Friday","Saturday"],"opens":"09:00","closes":"17:00"}]},{"@type":"ImageObject","inLanguage":"pt-BR","@id":"https:\/\/www.cf.coop.br\/sobre-nos\/institucional\/estatuto-social\/#local-main-organization-logo","url":"","contentUrl":"","caption":"COOPERFORTE"}]}},"_links":{"self":[{"href":"https:\/\/www.cf.coop.br\/wp-rest\/wp\/v2\/pages\/3376","targetHints":{"allow":["GET"]}}],"collection":[{"href":"https:\/\/www.cf.coop.br\/wp-rest\/wp\/v2\/pages"}],"about":[{"href":"https:\/\/www.cf.coop.br\/wp-rest\/wp\/v2\/types\/page"}],"author":[{"embeddable":true,"href":"https:\/\/www.cf.coop.br\/wp-rest\/wp\/v2\/users\/1"}],"replies":[{"embeddable":true,"href":"https:\/\/www.cf.coop.br\/wp-rest\/wp\/v2\/comments?post=3376"}],"version-history":[{"count":19,"href":"https:\/\/www.cf.coop.br\/wp-rest\/wp\/v2\/pages\/3376\/revisions"}],"predecessor-version":[{"id":46393,"href":"https:\/\/www.cf.coop.br\/wp-rest\/wp\/v2\/pages\/3376\/revisions\/46393"}],"up":[{"embeddable":true,"href":"https:\/\/www.cf.coop.br\/wp-rest\/wp\/v2\/pages\/16569"}],"wp:attachment":[{"href":"https:\/\/www.cf.coop.br\/wp-rest\/wp\/v2\/media?parent=3376"}],"wp:term":[{"taxonomy":"taxonomia","embeddable":true,"href":"https:\/\/www.cf.coop.br\/wp-rest\/wp\/v2\/taxonomia?post=3376"}],"curies":[{"name":"wp","href":"https:\/\/api.w.org\/{rel}","templated":true}]}}