
 

















{"id":3539,"date":"2022-08-09T12:23:46","date_gmt":"2022-08-09T15:23:46","guid":{"rendered":"https:\/\/www.cf.coop.br\/?page_id=3539"},"modified":"2025-10-20T10:33:15","modified_gmt":"2025-10-20T13:33:15","slug":"instituto-cooperforte","status":"publish","type":"page","link":"https:\/\/www.cf.coop.br\/sobre-nos\/instituto-cooperforte\/","title":{"rendered":"Instituto Cooperforte"},"content":{"rendered":"\t\t<div data-elementor-type=\"wp-page\" data-elementor-id=\"3539\" class=\"elementor elementor-3539\" data-elementor-post-type=\"page\">\n\t\t\t\t\t\t<section class=\"elementor-section elementor-top-section elementor-element elementor-element-6af47ad elementor-section-full_width elementor-section-height-default elementor-section-height-default\" data-id=\"6af47ad\" data-element_type=\"section\">\n\t\t\t\t\t\t<div class=\"elementor-container elementor-column-gap-no\">\n\t\t\t\t\t<div class=\"elementor-column elementor-col-100 elementor-top-column elementor-element elementor-element-ee5849d\" data-id=\"ee5849d\" data-element_type=\"column\">\n\t\t\t<div class=\"elementor-widget-wrap elementor-element-populated\">\n\t\t\t\t\t\t<div class=\"elementor-element elementor-element-aa78d9c elementor-widget elementor-widget-text-editor\" data-id=\"aa78d9c\" data-element_type=\"widget\" data-widget_type=\"text-editor.default\">\n\t\t\t\t<div class=\"elementor-widget-container\">\n\t\t\t<style>\/*! elementor - v3.21.0 - 30-04-2024 *\/\n.elementor-widget-text-editor.elementor-drop-cap-view-stacked .elementor-drop-cap{background-color:#69727d;color:#fff}.elementor-widget-text-editor.elementor-drop-cap-view-framed .elementor-drop-cap{color:#69727d;border:3px solid;background-color:transparent}.elementor-widget-text-editor:not(.elementor-drop-cap-view-default) .elementor-drop-cap{margin-top:8px}.elementor-widget-text-editor:not(.elementor-drop-cap-view-default) .elementor-drop-cap-letter{width:1em;height:1em}.elementor-widget-text-editor .elementor-drop-cap{float:left;text-align:center;line-height:1;font-size:50px}.elementor-widget-text-editor .elementor-drop-cap-letter{display:inline-block}<\/style>\t\t\t\t<p><!-- ======= Bloco 1 ======= --><\/p>\n<section>\n<div>\n<div>\n<div>\n<p data-start=\"197\" data-end=\"529\">Criado pela COOPERFORTE em 2003, o Instituto Cooperforte \u00e9 o bra\u00e7o social da Cooperativa e tem como miss\u00e3o colocar em pr\u00e1tica o s\u00e9timo princ\u00edpio do cooperativismo \u2014 Interesse pela Comunidade. Seu prop\u00f3sito \u00e9 transformar realidades socioecon\u00f4micas, promovendo oportunidades para pessoas e organiza\u00e7\u00f5es sociais em todo o pa\u00eds.<\/p>\n<p data-start=\"531\" data-end=\"912\">Com atua\u00e7\u00e3o nacional, o Instituto apoia a capacita\u00e7\u00e3o e a inser\u00e7\u00e3o de jovens, adultos e pessoas com defici\u00eancia em situa\u00e7\u00e3o de vulnerabilidade social no mundo do trabalho. Ao longo de 22 anos de hist\u00f3ria, j\u00e1 impactou diretamente mais de 30 mil pessoas e, de forma indireta, cerca de 100 mil, disseminando a cultura da coopera\u00e7\u00e3o, multiplicando conhecimento e transformando vidas.<\/p>\n<p data-start=\"914\" data-end=\"1264\">Desde 2022, o fortalecimento das parcerias de longo prazo com organiza\u00e7\u00f5es sociais tem impulsionado projetos voltados \u00e0 qualifica\u00e7\u00e3o profissional e ao desenvolvimento sustent\u00e1vel, em conson\u00e2ncia com os Objetivos de Desenvolvimento Sustent\u00e1vel (ODS) 4, Educa\u00e7\u00e3o de Qualidade, e 8, Trabalho Decente e Crescimento Econ\u00f4mico, da Agenda 2030 da ONU.<\/p>\n<p><\/p>\n<p data-start=\"1266\" data-end=\"1576\">Em 2025, o Instituto Cooperforte alcan\u00e7ou uma marca hist\u00f3rica ao apoiar, simultaneamente, projetos sociais em todas as unidades da federa\u00e7\u00e3o \u2014 promovendo transforma\u00e7\u00e3o social em todo o territ\u00f3rio nacional e respondendo \u00e0 crescente demanda por iniciativas inovadoras de qualifica\u00e7\u00e3o e inclus\u00e3o socioprodutiva.<\/p>\n<\/div>\n<\/div>\n<\/div>\n<\/section>\n<p><!-- \/Bloco 1 --><!-- ======= Bloco 2 ======= --><\/p>\n<section>\n<table>\n<thead>\n<tr>\n<th scope=\"col\"><\/th>\n<th scope=\"col\"><\/th>\n<\/tr>\n<\/thead>\n<tbody>\n<tr>\n<td><a title=\"Site do Instituto Cooperforte\" href=\"https:\/\/ic-cf.org.br\/\" target=\"_blank\" rel=\"noopener\"><span>Acesse o site do Instituto Cooperforte <i><\/i><\/span><\/a><\/td>\n<td><a title=\"V\u00eddeo do Instituto Cooperforte\" href=\"https:\/\/youtu.be\/GO6FPiM5QrA\" target=\"_blank\" rel=\"noopener\"><span>Assista ao v\u00eddeo institucional do Instituto Cooperforte <i><\/i><\/span><\/a><\/td>\n<\/tr>\n<\/tbody>\n<\/table>\n<\/section>\n<p><!-- \/Bloco 2 --><\/p>\n<p><\/p>\t\t\t\t\t\t<\/div>\n\t\t\t\t<\/div>\n\t\t\t\t\t<\/div>\n\t\t<\/div>\n\t\t\t\t\t<\/div>\n\t\t<\/section>\n\t\t\t\t<\/div>\n\t\t","protected":false},"excerpt":{"rendered":"<p>Criado pela COOPERFORTE em 2003, o Instituto Cooperforte \u00e9 o bra\u00e7o social da Cooperativa e tem como miss\u00e3o colocar em pr\u00e1tica o s\u00e9timo princ\u00edpio do cooperativismo \u2014 Interesse pela Comunidade. Seu prop\u00f3sito \u00e9 transformar realidades socioecon\u00f4micas, promovendo oportunidades para pessoas e organiza\u00e7\u00f5es sociais em todo o pa\u00eds. Com atua\u00e7\u00e3o nacional, o Instituto apoia a capacita\u00e7\u00e3o [&hellip;]<\/p>\n","protected":false},"author":1,"featured_media":0,"parent":3160,"menu_order":10,"comment_status":"closed","ping_status":"closed","template":"page-templates\/page-padrao.php","meta":{"footnotes":""},"taxonomia":[89],"class_list":["post-3539","page","type-page","status-publish","hentry","taxonomia-sobre-nos"],"yoast_head":"<!-- This site is optimized with the Yoast SEO Premium plugin v26.7 (Yoast SEO v26.7) - https:\/\/yoast.com\/wordpress\/plugins\/seo\/ -->\n<title>Instituto Cooperforte - Cooperforte<\/title>\n<meta name=\"robots\" content=\"index, follow, max-snippet:-1, max-image-preview:large, max-video-preview:-1\" \/>\n<link rel=\"canonical\" href=\"https:\/\/www.cf.coop.br\/sobre-nos\/instituto-cooperforte\/\" \/>\n<meta property=\"og:locale\" content=\"pt_BR\" \/>\n<meta property=\"og:type\" content=\"article\" \/>\n<meta property=\"og:title\" content=\"Instituto Cooperforte\" \/>\n<meta property=\"og:description\" content=\"Criado pela COOPERFORTE em 2003, o Instituto Cooperforte \u00e9 o bra\u00e7o social da Cooperativa e tem como miss\u00e3o colocar em pr\u00e1tica o s\u00e9timo princ\u00edpio do cooperativismo \u2014 Interesse pela Comunidade. Seu prop\u00f3sito \u00e9 transformar realidades socioecon\u00f4micas, promovendo oportunidades para pessoas e organiza\u00e7\u00f5es sociais em todo o pa\u00eds. Com atua\u00e7\u00e3o nacional, o Instituto apoia a capacita\u00e7\u00e3o [&hellip;]\" \/>\n<meta property=\"og:url\" content=\"https:\/\/www.cf.coop.br\/sobre-nos\/instituto-cooperforte\/\" \/>\n<meta property=\"og:site_name\" content=\"Cooperforte\" \/>\n<meta property=\"article:publisher\" content=\"https:\/\/www.facebook.com\/cooperforte.cooperativadecredito?locale=pt_BR\" \/>\n<meta property=\"article:modified_time\" content=\"2025-10-20T13:33:15+00:00\" \/>\n<meta property=\"og:image\" content=\"https:\/\/www.cf.coop.br\/wp-content\/uploads\/2026\/02\/Logo-para-wordpress-scaled.png\" \/>\n\t<meta property=\"og:image:width\" content=\"2560\" \/>\n\t<meta property=\"og:image:height\" content=\"1440\" \/>\n\t<meta property=\"og:image:type\" content=\"image\/png\" \/>\n<meta name=\"twitter:card\" content=\"summary_large_image\" \/>\n<meta name=\"twitter:label1\" content=\"Est. reading time\" \/>\n\t<meta name=\"twitter:data1\" content=\"1 minuto\" \/>\n<script type=\"application\/ld+json\" class=\"yoast-schema-graph\">{\"@context\":\"https:\/\/schema.org\",\"@graph\":[{\"@type\":\"WebPage\",\"@id\":\"https:\/\/www.cf.coop.br\/sobre-nos\/instituto-cooperforte\/\",\"url\":\"https:\/\/www.cf.coop.br\/sobre-nos\/instituto-cooperforte\/\",\"name\":\"Instituto Cooperforte - Cooperforte\",\"isPartOf\":{\"@id\":\"https:\/\/www.cf.coop.br\/#website\"},\"datePublished\":\"2022-08-09T15:23:46+00:00\",\"dateModified\":\"2025-10-20T13:33:15+00:00\",\"breadcrumb\":{\"@id\":\"https:\/\/www.cf.coop.br\/sobre-nos\/instituto-cooperforte\/#breadcrumb\"},\"inLanguage\":\"pt-BR\",\"potentialAction\":[{\"@type\":\"ReadAction\",\"target\":[\"https:\/\/www.cf.coop.br\/sobre-nos\/instituto-cooperforte\/\"]}]},{\"@type\":\"BreadcrumbList\",\"@id\":\"https:\/\/www.cf.coop.br\/sobre-nos\/instituto-cooperforte\/#breadcrumb\",\"itemListElement\":[{\"@type\":\"ListItem\",\"position\":1,\"name\":\"Home\",\"item\":\"https:\/\/www.cf.coop.br\/\"},{\"@type\":\"ListItem\",\"position\":2,\"name\":\"Sobre N\u00f3s\",\"item\":\"https:\/\/www.cf.coop.br\/sobre-nos\/\"},{\"@type\":\"ListItem\",\"position\":3,\"name\":\"Instituto Cooperforte\"}]},{\"@type\":\"WebSite\",\"@id\":\"https:\/\/www.cf.coop.br\/#website\",\"url\":\"https:\/\/www.cf.coop.br\/\",\"name\":\"Cooperforte\",\"description\":\"Sua cooperativa do futuro\",\"publisher\":{\"@id\":\"https:\/\/www.cf.coop.br\/#organization\"},\"alternateName\":\"cf.coop\",\"potentialAction\":[{\"@type\":\"SearchAction\",\"target\":{\"@type\":\"EntryPoint\",\"urlTemplate\":\"https:\/\/www.cf.coop.br\/?s={search_term_string}\"},\"query-input\":{\"@type\":\"PropertyValueSpecification\",\"valueRequired\":true,\"valueName\":\"search_term_string\"}}],\"inLanguage\":\"pt-BR\"},{\"@type\":[\"Organization\",\"Place\"],\"@id\":\"https:\/\/www.cf.coop.br\/#organization\",\"name\":\"COOPERFORTE\",\"alternateName\":\"CF\",\"url\":\"https:\/\/www.cf.coop.br\/\",\"logo\":{\"@id\":\"https:\/\/www.cf.coop.br\/sobre-nos\/instituto-cooperforte\/#local-main-organization-logo\"},\"image\":{\"@id\":\"https:\/\/www.cf.coop.br\/sobre-nos\/instituto-cooperforte\/#local-main-organization-logo\"},\"sameAs\":[\"https:\/\/www.facebook.com\/cooperforte.cooperativadecredito?locale=pt_BR\",\"https:\/\/www.instagram.com\/cooperforte\/\"],\"telephone\":[],\"openingHoursSpecification\":[{\"@type\":\"OpeningHoursSpecification\",\"dayOfWeek\":[\"Sunday\",\"Monday\",\"Tuesday\",\"Wednesday\",\"Thursday\",\"Friday\",\"Saturday\"],\"opens\":\"09:00\",\"closes\":\"17:00\"}]},{\"@type\":\"ImageObject\",\"inLanguage\":\"pt-BR\",\"@id\":\"https:\/\/www.cf.coop.br\/sobre-nos\/instituto-cooperforte\/#local-main-organization-logo\",\"url\":\"\",\"contentUrl\":\"\",\"caption\":\"COOPERFORTE\"}]}<\/script>\n<!-- \/ Yoast SEO Premium plugin. -->","yoast_head_json":{"title":"Instituto Cooperforte - Cooperforte","robots":{"index":"index","follow":"follow","max-snippet":"max-snippet:-1","max-image-preview":"max-image-preview:large","max-video-preview":"max-video-preview:-1"},"canonical":"https:\/\/www.cf.coop.br\/sobre-nos\/instituto-cooperforte\/","og_locale":"pt_BR","og_type":"article","og_title":"Instituto Cooperforte","og_description":"Criado pela COOPERFORTE em 2003, o Instituto Cooperforte \u00e9 o bra\u00e7o social da Cooperativa e tem como miss\u00e3o colocar em pr\u00e1tica o s\u00e9timo princ\u00edpio do cooperativismo \u2014 Interesse pela Comunidade. Seu prop\u00f3sito \u00e9 transformar realidades socioecon\u00f4micas, promovendo oportunidades para pessoas e organiza\u00e7\u00f5es sociais em todo o pa\u00eds. Com atua\u00e7\u00e3o nacional, o Instituto apoia a capacita\u00e7\u00e3o [&hellip;]","og_url":"https:\/\/www.cf.coop.br\/sobre-nos\/instituto-cooperforte\/","og_site_name":"Cooperforte","article_publisher":"https:\/\/www.facebook.com\/cooperforte.cooperativadecredito?locale=pt_BR","article_modified_time":"2025-10-20T13:33:15+00:00","og_image":[{"width":2560,"height":1440,"url":"https:\/\/www.cf.coop.br\/wp-content\/uploads\/2026\/02\/Logo-para-wordpress-scaled.png","type":"image\/png"}],"twitter_card":"summary_large_image","twitter_misc":{"Est. reading time":"1 minuto"},"schema":{"@context":"https:\/\/schema.org","@graph":[{"@type":"WebPage","@id":"https:\/\/www.cf.coop.br\/sobre-nos\/instituto-cooperforte\/","url":"https:\/\/www.cf.coop.br\/sobre-nos\/instituto-cooperforte\/","name":"Instituto Cooperforte - Cooperforte","isPartOf":{"@id":"https:\/\/www.cf.coop.br\/#website"},"datePublished":"2022-08-09T15:23:46+00:00","dateModified":"2025-10-20T13:33:15+00:00","breadcrumb":{"@id":"https:\/\/www.cf.coop.br\/sobre-nos\/instituto-cooperforte\/#breadcrumb"},"inLanguage":"pt-BR","potentialAction":[{"@type":"ReadAction","target":["https:\/\/www.cf.coop.br\/sobre-nos\/instituto-cooperforte\/"]}]},{"@type":"BreadcrumbList","@id":"https:\/\/www.cf.coop.br\/sobre-nos\/instituto-cooperforte\/#breadcrumb","itemListElement":[{"@type":"ListItem","position":1,"name":"Home","item":"https:\/\/www.cf.coop.br\/"},{"@type":"ListItem","position":2,"name":"Sobre N\u00f3s","item":"https:\/\/www.cf.coop.br\/sobre-nos\/"},{"@type":"ListItem","position":3,"name":"Instituto Cooperforte"}]},{"@type":"WebSite","@id":"https:\/\/www.cf.coop.br\/#website","url":"https:\/\/www.cf.coop.br\/","name":"Cooperforte","description":"Sua cooperativa do futuro","publisher":{"@id":"https:\/\/www.cf.coop.br\/#organization"},"alternateName":"cf.coop","potentialAction":[{"@type":"SearchAction","target":{"@type":"EntryPoint","urlTemplate":"https:\/\/www.cf.coop.br\/?s={search_term_string}"},"query-input":{"@type":"PropertyValueSpecification","valueRequired":true,"valueName":"search_term_string"}}],"inLanguage":"pt-BR"},{"@type":["Organization","Place"],"@id":"https:\/\/www.cf.coop.br\/#organization","name":"COOPERFORTE","alternateName":"CF","url":"https:\/\/www.cf.coop.br\/","logo":{"@id":"https:\/\/www.cf.coop.br\/sobre-nos\/instituto-cooperforte\/#local-main-organization-logo"},"image":{"@id":"https:\/\/www.cf.coop.br\/sobre-nos\/instituto-cooperforte\/#local-main-organization-logo"},"sameAs":["https:\/\/www.facebook.com\/cooperforte.cooperativadecredito?locale=pt_BR","https:\/\/www.instagram.com\/cooperforte\/"],"telephone":[],"openingHoursSpecification":[{"@type":"OpeningHoursSpecification","dayOfWeek":["Sunday","Monday","Tuesday","Wednesday","Thursday","Friday","Saturday"],"opens":"09:00","closes":"17:00"}]},{"@type":"ImageObject","inLanguage":"pt-BR","@id":"https:\/\/www.cf.coop.br\/sobre-nos\/instituto-cooperforte\/#local-main-organization-logo","url":"","contentUrl":"","caption":"COOPERFORTE"}]}},"_links":{"self":[{"href":"https:\/\/www.cf.coop.br\/wp-rest\/wp\/v2\/pages\/3539","targetHints":{"allow":["GET"]}}],"collection":[{"href":"https:\/\/www.cf.coop.br\/wp-rest\/wp\/v2\/pages"}],"about":[{"href":"https:\/\/www.cf.coop.br\/wp-rest\/wp\/v2\/types\/page"}],"author":[{"embeddable":true,"href":"https:\/\/www.cf.coop.br\/wp-rest\/wp\/v2\/users\/1"}],"replies":[{"embeddable":true,"href":"https:\/\/www.cf.coop.br\/wp-rest\/wp\/v2\/comments?post=3539"}],"version-history":[{"count":39,"href":"https:\/\/www.cf.coop.br\/wp-rest\/wp\/v2\/pages\/3539\/revisions"}],"predecessor-version":[{"id":47181,"href":"https:\/\/www.cf.coop.br\/wp-rest\/wp\/v2\/pages\/3539\/revisions\/47181"}],"up":[{"embeddable":true,"href":"https:\/\/www.cf.coop.br\/wp-rest\/wp\/v2\/pages\/3160"}],"wp:attachment":[{"href":"https:\/\/www.cf.coop.br\/wp-rest\/wp\/v2\/media?parent=3539"}],"wp:term":[{"taxonomy":"taxonomia","embeddable":true,"href":"https:\/\/www.cf.coop.br\/wp-rest\/wp\/v2\/taxonomia?post=3539"}],"curies":[{"name":"wp","href":"https:\/\/api.w.org\/{rel}","templated":true}]}}