
 

















{"id":45891,"date":"2025-07-11T09:54:10","date_gmt":"2025-07-11T12:54:10","guid":{"rendered":"https:\/\/www.cf.coop.br\/?page_id=45891"},"modified":"2026-03-17T15:35:52","modified_gmt":"2026-03-17T18:35:52","slug":"associacao-de-pessoa-juridica","status":"publish","type":"page","link":"https:\/\/www.cf.coop.br\/associacao\/associacao-de-pessoa-juridica\/","title":{"rendered":"Associa\u00e7\u00e3o de Pessoa Jur\u00eddica\u200b"},"content":{"rendered":"\t\t<div data-elementor-type=\"wp-page\" data-elementor-id=\"45891\" class=\"elementor elementor-45891\" data-elementor-post-type=\"page\">\n\t\t\t\t\t\t<section class=\"elementor-section elementor-top-section elementor-element elementor-element-5dc451e elementor-section-boxed elementor-section-height-default elementor-section-height-default\" data-id=\"5dc451e\" data-element_type=\"section\" data-settings=\"{&quot;background_background&quot;:&quot;classic&quot;}\">\n\t\t\t\t\t\t<div class=\"elementor-container elementor-column-gap-default\">\n\t\t\t\t\t<div class=\"elementor-column elementor-col-100 elementor-top-column elementor-element elementor-element-20946ae\" data-id=\"20946ae\" data-element_type=\"column\">\n\t\t\t<div class=\"elementor-widget-wrap elementor-element-populated\">\n\t\t\t\t\t\t<div class=\"elementor-element elementor-element-a4c817b elementor-widget elementor-widget-heading\" data-id=\"a4c817b\" data-element_type=\"widget\" data-widget_type=\"heading.default\">\n\t\t\t\t<div class=\"elementor-widget-container\">\n\t\t\t<style>\/*! elementor - v3.21.0 - 30-04-2024 *\/\n.elementor-heading-title{padding:0;margin:0;line-height:1}.elementor-widget-heading .elementor-heading-title[class*=elementor-size-]>a{color:inherit;font-size:inherit;line-height:inherit}.elementor-widget-heading .elementor-heading-title.elementor-size-small{font-size:15px}.elementor-widget-heading .elementor-heading-title.elementor-size-medium{font-size:19px}.elementor-widget-heading .elementor-heading-title.elementor-size-large{font-size:29px}.elementor-widget-heading .elementor-heading-title.elementor-size-xl{font-size:39px}.elementor-widget-heading .elementor-heading-title.elementor-size-xxl{font-size:59px}<\/style><h2 class=\"elementor-heading-title elementor-size-default\">Associa\u00e7\u00e3o de Pessoa Jur\u00eddica\n<\/h2>\t\t<\/div>\n\t\t\t\t<\/div>\n\t\t\t\t\t<\/div>\n\t\t<\/div>\n\t\t\t\t\t<\/div>\n\t\t<\/section>\n\t\t\t\t<section class=\"elementor-section elementor-top-section elementor-element elementor-element-3da2d67 elementor-section-boxed elementor-section-height-default elementor-section-height-default\" data-id=\"3da2d67\" data-element_type=\"section\">\n\t\t\t\t\t\t<div class=\"elementor-container elementor-column-gap-default\">\n\t\t\t\t\t<div class=\"elementor-column elementor-col-100 elementor-top-column elementor-element elementor-element-dc3d43e\" data-id=\"dc3d43e\" data-element_type=\"column\">\n\t\t\t<div class=\"elementor-widget-wrap elementor-element-populated\">\n\t\t\t\t\t\t<section class=\"elementor-section elementor-inner-section elementor-element elementor-element-4ec3b15 elementor-section-boxed elementor-section-height-default elementor-section-height-default\" data-id=\"4ec3b15\" data-element_type=\"section\">\n\t\t\t\t\t\t<div class=\"elementor-container elementor-column-gap-default\">\n\t\t\t\t\t<div class=\"elementor-column elementor-col-50 elementor-inner-column elementor-element elementor-element-1f104dd\" data-id=\"1f104dd\" data-element_type=\"column\">\n\t\t\t<div class=\"elementor-widget-wrap elementor-element-populated\">\n\t\t\t\t\t\t<div class=\"elementor-element elementor-element-41c7442 elementor-widget elementor-widget-image\" data-id=\"41c7442\" data-element_type=\"widget\" data-widget_type=\"image.default\">\n\t\t\t\t<div class=\"elementor-widget-container\">\n\t\t\t<style>\/*! elementor - v3.21.0 - 30-04-2024 *\/\n.elementor-widget-image{text-align:center}.elementor-widget-image a{display:inline-block}.elementor-widget-image a img[src$=\".svg\"]{width:48px}.elementor-widget-image img{vertical-align:middle;display:inline-block}<\/style>\t\t\t\t\t\t\t\t\t\t<img fetchpriority=\"high\" decoding=\"async\" width=\"226\" height=\"300\" src=\"https:\/\/www.cf.coop.br\/wp-content\/uploads\/2025\/07\/Screenshot_11-226x300.png\" class=\"attachment-medium size-medium wp-image-45511\" alt=\"\" srcset=\"https:\/\/www.cf.coop.br\/wp-content\/uploads\/2025\/07\/Screenshot_11-226x300.png 226w, https:\/\/www.cf.coop.br\/wp-content\/uploads\/2025\/07\/Screenshot_11-135x180.png 135w, https:\/\/www.cf.coop.br\/wp-content\/uploads\/2025\/07\/Screenshot_11.png 462w\" sizes=\"(max-width: 226px) 100vw, 226px\" \/>\t\t\t\t\t\t\t\t\t\t\t\t\t<\/div>\n\t\t\t\t<\/div>\n\t\t\t\t\t<\/div>\n\t\t<\/div>\n\t\t\t\t<div class=\"elementor-column elementor-col-50 elementor-inner-column elementor-element elementor-element-b40d8fd\" data-id=\"b40d8fd\" data-element_type=\"column\">\n\t\t\t<div class=\"elementor-widget-wrap elementor-element-populated\">\n\t\t\t\t\t\t<div class=\"elementor-element elementor-element-a19776a elementor-widget elementor-widget-text-editor\" data-id=\"a19776a\" data-element_type=\"widget\" data-widget_type=\"text-editor.default\">\n\t\t\t\t<div class=\"elementor-widget-container\">\n\t\t\t<style>\/*! elementor - v3.21.0 - 30-04-2024 *\/\n.elementor-widget-text-editor.elementor-drop-cap-view-stacked .elementor-drop-cap{background-color:#69727d;color:#fff}.elementor-widget-text-editor.elementor-drop-cap-view-framed .elementor-drop-cap{color:#69727d;border:3px solid;background-color:transparent}.elementor-widget-text-editor:not(.elementor-drop-cap-view-default) .elementor-drop-cap{margin-top:8px}.elementor-widget-text-editor:not(.elementor-drop-cap-view-default) .elementor-drop-cap-letter{width:1em;height:1em}.elementor-widget-text-editor .elementor-drop-cap{float:left;text-align:center;line-height:1;font-size:50px}.elementor-widget-text-editor .elementor-drop-cap-letter{display:inline-block}<\/style>\t\t\t\t<p style=\"text-align: left\"><strong>1. Preencha os formul\u00e1rios<\/strong><br \/>\nBaixe os formul\u00e1rios, preencha os campos e assine. Depois, salve os arquivos no seu computador.<\/p>\n<ul style=\"text-align: left\">\n\t<li>Formul\u00e1rio de Proposta de Admiss\u00e3o \u2013 devidamente preenchido e assinado.<br \/>\n<a aria-label=\"Link Proposta de Admiss\u00e3o para PJ\" id=\"menur6vk\" href=\"https:\/\/www.cf.coop.br\/wp-content\/uploads\/2025\/07\/Proposta-de-admissao-PJ_2025.pdf\" rel=\"noreferrer noopener\" target=\"_blank\" class=\"fui-Link ___1q1shib f2hkw1w f3rmtva f1ewtqcl fyind8e f1k6fduh f1w7gpdv fk6fouc fjoy568 figsok6 f1s184ao f1mk8lai fnbmjn9 f1o700av f13mvf36 f1cmlufx f9n3di6 f1ids18y f1tx3yz7 f1deo86v f1eh06m1 f1iescvh fhgqx19 f1olyrje f1p93eir f1nev41a f1h8hb77 f1lqvz6u f10aw75t fsle3fq f17ae5zn\" title=\"https:\/\/www.cf.coop.br\/wp-content\/uploads\/2025\/07\/proposta-de-admissao-pj_2025.pdf\"><i class=\"bi bi-file-earmark-text\" style=\"color: #5A6AFF;font-size: 2rem\"><\/i>Proposta de Admiss\u00e3o para PJ<\/a>\u00a0<\/li>\n\t<li>Formul\u00e1rio de Representantes Legais \u2013 um para cada dirigente respons\u00e1vel pela assinatura de documentos financeiros, conforme previsto no Estatuto.<br \/>\n<a aria-label=\"Link Proposta de Representante Legal\" id=\"menur6vm\" href=\"https:\/\/www.cf.coop.br\/wp-content\/uploads\/2025\/07\/Cadastro-de-Representante-Legal_abril_2025.pdf\" rel=\"noreferrer noopener\" target=\"_blank\" class=\"fui-Link ___1q1shib f2hkw1w f3rmtva f1ewtqcl fyind8e f1k6fduh f1w7gpdv fk6fouc fjoy568 figsok6 f1s184ao f1mk8lai fnbmjn9 f1o700av f13mvf36 f1cmlufx f9n3di6 f1ids18y f1tx3yz7 f1deo86v f1eh06m1 f1iescvh fhgqx19 f1olyrje f1p93eir f1nev41a f1h8hb77 f1lqvz6u f10aw75t fsle3fq f17ae5zn\" title=\"https:\/\/www.cf.coop.br\/wp-content\/uploads\/2025\/07\/cadastro-de-representante-legal_abril_2025.pdf\"><i class=\"bi bi-file-earmark-text\" style=\"color: #5A6AFF;font-size: 2rem\"><\/i>Proposta de Representante Legal<\/a><\/li>\n\t<li>Formul\u00e1rio de Dados Econ\u00f4mico-Financeiros \u2013 preenchido e assinado pelo Contador e pelos Representantes Legais.<br \/>\n<a aria-label=\"Link Proposta de Dados Econ\u00f4mico - Financeiro\" id=\"menur735\" href=\"https:\/\/www.cf.coop.br\/wp-content\/uploads\/2025\/07\/Formulario-Dados-Economico_Financeiros_-abril-2025.pdf\" rel=\"noreferrer noopener\" target=\"_blank\" class=\"fui-Link ___1q1shib f2hkw1w f3rmtva f1ewtqcl fyind8e f1k6fduh f1w7gpdv fk6fouc fjoy568 figsok6 f1s184ao f1mk8lai fnbmjn9 f1o700av f13mvf36 f1cmlufx f9n3di6 f1ids18y f1tx3yz7 f1deo86v f1eh06m1 f1iescvh fhgqx19 f1olyrje f1p93eir f1nev41a f1h8hb77 f1lqvz6u f10aw75t fsle3fq f17ae5zn\" title=\"https:\/\/www.cf.coop.br\/wp-content\/uploads\/2025\/07\/formulario-dados-economico_financeiros_-abril-2025.pdf\"><i class=\"bi bi-file-earmark-text\" style=\"color: #5A6AFF;font-size: 2rem\"><\/i>Proposta de Dados Econ\u00f4mico &#8211; Financeiro<\/a><\/li>\n<\/ul>\n<p style=\"text-align: left\"><strong>2. <\/strong><span><strong>Separe os documentos necess\u00e1rios<\/strong><\/span><br \/>\n<span>Voc\u00ea vai precisar tirar <strong>fotos com boa resolu\u00e7\u00e3o<\/strong> (frente e verso) <strong>ou salvar em pdf<\/strong> os seguintes documentos:<\/span><\/p>\n<p style=\"text-align: left\">&#8211; Estatuto da Institui\u00e7\u00e3o, com registro em cart\u00f3rio;<br \/>\n&#8211; Eventuais Regimentos Internos vigentes;<br \/>\n&#8211; Ata da elei\u00e7\u00e3o dos dirigentes, com registro em cart\u00f3rio;<br \/>\n&#8211; Termo de posse dos atuais dirigentes, tamb\u00e9m registrado em cart\u00f3rio;<br \/>\n&#8211; Frente e verso documentos de identidade com CPF dos Representantes Legais (preferencialmente RG ou CNH).<\/p>\n<p style=\"text-align: left\"><strong>3. Envie tudo para a COOPERFORTE<\/strong><br \/>\nJunte os documentos + o formul\u00e1rio preenchido e envie para nossa equipe pelo <strong>WhatsApp<\/strong> ou <strong>e-mail<\/strong>. Basta clicar nos \u00edcones ao final da p\u00e1gina.<\/p>\n<p style=\"text-align: left\"><strong>Ap\u00f3s a efetiva\u00e7\u00e3o da associa\u00e7\u00e3o<\/strong>, os documentos originais dever\u00e3o ser enviados pelos Correios para o<br \/>\nseguinte endere\u00e7o:<\/p>\n<p style=\"text-align: left\"><strong>SCS Quadra 9, Lote C, Torre C, 9\u00ba andar<\/strong><br \/>\n<strong>Edif\u00edcio Parque Cidade Corporate \u2013 Bras\u00edlia\/DF<\/strong><br \/>\n<strong>CEP: 70308-200<\/strong><\/p>\t\t\t\t\t\t<\/div>\n\t\t\t\t<\/div>\n\t\t\t\t\t<\/div>\n\t\t<\/div>\n\t\t\t\t\t<\/div>\n\t\t<\/section>\n\t\t\t\t\t<\/div>\n\t\t<\/div>\n\t\t\t\t\t<\/div>\n\t\t<\/section>\n\t\t\t\t<section class=\"elementor-section elementor-top-section elementor-element elementor-element-7686d65 elementor-section-boxed elementor-section-height-default elementor-section-height-default\" data-id=\"7686d65\" data-element_type=\"section\">\n\t\t\t\t\t\t<div class=\"elementor-container elementor-column-gap-default\">\n\t\t\t\t\t<div class=\"elementor-column elementor-col-100 elementor-top-column elementor-element elementor-element-a0e5f45\" data-id=\"a0e5f45\" data-element_type=\"column\">\n\t\t\t<div class=\"elementor-widget-wrap elementor-element-populated\">\n\t\t\t\t\t\t<div class=\"elementor-element elementor-element-87db9fb elementor-widget__width-initial elementor-widget-mobile__width-initial elementor-view-default elementor-widget elementor-widget-icon\" data-id=\"87db9fb\" data-element_type=\"widget\" data-widget_type=\"icon.default\">\n\t\t\t\t<div class=\"elementor-widget-container\">\n\t\t\t\t\t<div class=\"elementor-icon-wrapper\">\n\t\t\t<a class=\"elementor-icon\" href=\"https:\/\/wa.me\/5561996789660?text=Ol\u00e1%2C+gostaria+de+me+associar+\u00e0+COOPERFORTE\" target=\"_blank\">\n\t\t\t<svg aria-hidden=\"true\" class=\"e-font-icon-svg e-fab-whatsapp-square\" viewBox=\"0 0 448 512\" xmlns=\"http:\/\/www.w3.org\/2000\/svg\"><path d=\"M224 122.8c-72.7 0-131.8 59.1-131.9 131.8 0 24.9 7 49.2 20.2 70.1l3.1 5-13.3 48.6 49.9-13.1 4.8 2.9c20.2 12 43.4 18.4 67.1 18.4h.1c72.6 0 133.3-59.1 133.3-131.8 0-35.2-15.2-68.3-40.1-93.2-25-25-58-38.7-93.2-38.7zm77.5 188.4c-3.3 9.3-19.1 17.7-26.7 18.8-12.6 1.9-22.4.9-47.5-9.9-39.7-17.2-65.7-57.2-67.7-59.8-2-2.6-16.2-21.5-16.2-41s10.2-29.1 13.9-33.1c3.6-4 7.9-5 10.6-5 2.6 0 5.3 0 7.6.1 2.4.1 5.7-.9 8.9 6.8 3.3 7.9 11.2 27.4 12.2 29.4s1.7 4.3.3 6.9c-7.6 15.2-15.7 14.6-11.6 21.6 15.3 26.3 30.6 35.4 53.9 47.1 4 2 6.3 1.7 8.6-1 2.3-2.6 9.9-11.6 12.5-15.5 2.6-4 5.3-3.3 8.9-2 3.6 1.3 23.1 10.9 27.1 12.9s6.6 3 7.6 4.6c.9 1.9.9 9.9-2.4 19.1zM400 32H48C21.5 32 0 53.5 0 80v352c0 26.5 21.5 48 48 48h352c26.5 0 48-21.5 48-48V80c0-26.5-21.5-48-48-48zM223.9 413.2c-26.6 0-52.7-6.7-75.8-19.3L64 416l22.5-82.2c-13.9-24-21.2-51.3-21.2-79.3C65.4 167.1 136.5 96 223.9 96c42.4 0 82.2 16.5 112.2 46.5 29.9 30 47.9 69.8 47.9 112.2 0 87.4-72.7 158.5-160.1 158.5z\"><\/path><\/svg>\t\t\t<\/a>\n\t\t<\/div>\n\t\t\t\t<\/div>\n\t\t\t\t<\/div>\n\t\t\t\t<div class=\"elementor-element elementor-element-1f9d7e7 elementor-widget__width-initial elementor-widget-mobile__width-initial elementor-view-default elementor-widget elementor-widget-icon\" data-id=\"1f9d7e7\" data-element_type=\"widget\" data-widget_type=\"icon.default\">\n\t\t\t\t<div class=\"elementor-widget-container\">\n\t\t\t\t\t<div class=\"elementor-icon-wrapper\">\n\t\t\t<a class=\"elementor-icon\" href=\"mailto:faleconosco@cf.coop.br\" target=\"_blank\">\n\t\t\t<svg aria-hidden=\"true\" class=\"e-font-icon-svg e-far-envelope\" viewBox=\"0 0 512 512\" xmlns=\"http:\/\/www.w3.org\/2000\/svg\"><path d=\"M464 64H48C21.49 64 0 85.49 0 112v288c0 26.51 21.49 48 48 48h416c26.51 0 48-21.49 48-48V112c0-26.51-21.49-48-48-48zm0 48v40.805c-22.422 18.259-58.168 46.651-134.587 106.49-16.841 13.247-50.201 45.072-73.413 44.701-23.208.375-56.579-31.459-73.413-44.701C106.18 199.465 70.425 171.067 48 152.805V112h416zM48 400V214.398c22.914 18.251 55.409 43.862 104.938 82.646 21.857 17.205 60.134 55.186 103.062 54.955 42.717.231 80.509-37.199 103.053-54.947 49.528-38.783 82.032-64.401 104.947-82.653V400H48z\"><\/path><\/svg>\t\t\t<\/a>\n\t\t<\/div>\n\t\t\t\t<\/div>\n\t\t\t\t<\/div>\n\t\t\t\t\t<\/div>\n\t\t<\/div>\n\t\t\t\t\t<\/div>\n\t\t<\/section>\n\t\t\t\t<\/div>\n\t\t","protected":false},"excerpt":{"rendered":"<p>\/*! elementor &#8211; v3.21.0 &#8211; 30-04-2024 *\/ .elementor-heading-title{padding:0;margin:0;line-height:1}.elementor-widget-heading .elementor-heading-title[class*=elementor-size-]&gt;a{color:inherit;font-size:inherit;line-height:inherit}.elementor-widget-heading .elementor-heading-title.elementor-size-small{font-size:15px}.elementor-widget-heading .elementor-heading-title.elementor-size-medium{font-size:19px}.elementor-widget-heading .elementor-heading-title.elementor-size-large{font-size:29px}.elementor-widget-heading .elementor-heading-title.elementor-size-xl{font-size:39px}.elementor-widget-heading .elementor-heading-title.elementor-size-xxl{font-size:59px} Associa\u00e7\u00e3o de Pessoa Jur\u00eddica \/*! elementor &#8211; v3.21.0 &#8211; 30-04-2024 *\/ .elementor-widget-image{text-align:center}.elementor-widget-image a{display:inline-block}.elementor-widget-image a img[src$=&#8221;.svg&#8221;]{width:48px}.elementor-widget-image img{vertical-align:middle;display:inline-block} 1. Preencha os formul\u00e1rios Baixe os formul\u00e1rios, preencha os campos e assine. Depois, salve os arquivos no seu computador. Formul\u00e1rio de Proposta de Admiss\u00e3o \u2013 [&hellip;]<\/p>\n","protected":false},"author":1,"featured_media":0,"parent":1916,"menu_order":0,"comment_status":"closed","ping_status":"closed","template":"elementor_header_footer","meta":{"footnotes":""},"taxonomia":[],"class_list":["post-45891","page","type-page","status-publish","hentry"],"yoast_head":"<!-- This site is optimized with the Yoast SEO Premium plugin v26.7 (Yoast SEO v26.7) - https:\/\/yoast.com\/wordpress\/plugins\/seo\/ -->\n<title>Cooperativa de Cr\u00e9dito para Empresas | COOPERFORTE<\/title>\n<meta name=\"description\" content=\"Associe sua empresa \u00e0 COOPERFORTE e tenha acesso a solu\u00e7\u00f5es financeiras com taxas competitivas, seguran\u00e7a e atendimento especializado para pessoa jur\u00eddica.\" \/>\n<meta name=\"robots\" content=\"index, follow, max-snippet:-1, max-image-preview:large, max-video-preview:-1\" \/>\n<link rel=\"canonical\" href=\"https:\/\/www.cf.coop.br\/associacao\/associacao-de-pessoa-juridica\/\" \/>\n<meta property=\"og:locale\" content=\"pt_BR\" \/>\n<meta property=\"og:type\" content=\"article\" \/>\n<meta property=\"og:title\" content=\"Associa\u00e7\u00e3o de Pessoa Jur\u00eddica\u200b\" \/>\n<meta property=\"og:description\" content=\"Associe sua empresa \u00e0 COOPERFORTE e tenha acesso a solu\u00e7\u00f5es financeiras com taxas competitivas, seguran\u00e7a e atendimento especializado para pessoa jur\u00eddica.\" \/>\n<meta property=\"og:url\" content=\"https:\/\/www.cf.coop.br\/associacao\/associacao-de-pessoa-juridica\/\" \/>\n<meta property=\"og:site_name\" content=\"Cooperforte\" \/>\n<meta property=\"article:publisher\" content=\"https:\/\/www.facebook.com\/cooperforte.cooperativadecredito?locale=pt_BR\" \/>\n<meta property=\"article:modified_time\" content=\"2026-03-17T18:35:52+00:00\" \/>\n<meta property=\"og:image\" content=\"https:\/\/www.cf.coop.br\/wp-content\/uploads\/2025\/07\/Screenshot_11-226x300.png\" \/>\n<meta name=\"twitter:card\" content=\"summary_large_image\" \/>\n<meta name=\"twitter:label1\" content=\"Est. reading time\" \/>\n\t<meta name=\"twitter:data1\" content=\"2 minutos\" \/>\n<script type=\"application\/ld+json\" class=\"yoast-schema-graph\">{\"@context\":\"https:\/\/schema.org\",\"@graph\":[{\"@type\":\"WebPage\",\"@id\":\"https:\/\/www.cf.coop.br\/associacao\/associacao-de-pessoa-juridica\/\",\"url\":\"https:\/\/www.cf.coop.br\/associacao\/associacao-de-pessoa-juridica\/\",\"name\":\"Cooperativa de Cr\u00e9dito para Empresas | COOPERFORTE\",\"isPartOf\":{\"@id\":\"https:\/\/www.cf.coop.br\/#website\"},\"primaryImageOfPage\":{\"@id\":\"https:\/\/www.cf.coop.br\/associacao\/associacao-de-pessoa-juridica\/#primaryimage\"},\"image\":{\"@id\":\"https:\/\/www.cf.coop.br\/associacao\/associacao-de-pessoa-juridica\/#primaryimage\"},\"thumbnailUrl\":\"https:\/\/www.cf.coop.br\/wp-content\/uploads\/2025\/07\/Screenshot_11-226x300.png\",\"datePublished\":\"2025-07-11T12:54:10+00:00\",\"dateModified\":\"2026-03-17T18:35:52+00:00\",\"description\":\"Associe sua empresa \u00e0 COOPERFORTE e tenha acesso a solu\u00e7\u00f5es financeiras com taxas competitivas, seguran\u00e7a e atendimento especializado para pessoa jur\u00eddica.\",\"breadcrumb\":{\"@id\":\"https:\/\/www.cf.coop.br\/associacao\/associacao-de-pessoa-juridica\/#breadcrumb\"},\"inLanguage\":\"pt-BR\",\"potentialAction\":[{\"@type\":\"ReadAction\",\"target\":[\"https:\/\/www.cf.coop.br\/associacao\/associacao-de-pessoa-juridica\/\"]}]},{\"@type\":\"ImageObject\",\"inLanguage\":\"pt-BR\",\"@id\":\"https:\/\/www.cf.coop.br\/associacao\/associacao-de-pessoa-juridica\/#primaryimage\",\"url\":\"https:\/\/www.cf.coop.br\/wp-content\/uploads\/2025\/07\/Screenshot_11.png\",\"contentUrl\":\"https:\/\/www.cf.coop.br\/wp-content\/uploads\/2025\/07\/Screenshot_11.png\",\"width\":462,\"height\":614},{\"@type\":\"BreadcrumbList\",\"@id\":\"https:\/\/www.cf.coop.br\/associacao\/associacao-de-pessoa-juridica\/#breadcrumb\",\"itemListElement\":[{\"@type\":\"ListItem\",\"position\":1,\"name\":\"Home\",\"item\":\"https:\/\/www.cf.coop.br\/\"},{\"@type\":\"ListItem\",\"position\":2,\"name\":\"Associe-se Aqui\",\"item\":\"https:\/\/www.cf.coop.br\/associacao\/\"},{\"@type\":\"ListItem\",\"position\":3,\"name\":\"Associa\u00e7\u00e3o de Pessoa Jur\u00eddica\u200b\"}]},{\"@type\":\"WebSite\",\"@id\":\"https:\/\/www.cf.coop.br\/#website\",\"url\":\"https:\/\/www.cf.coop.br\/\",\"name\":\"Cooperforte\",\"description\":\"Sua cooperativa do futuro\",\"publisher\":{\"@id\":\"https:\/\/www.cf.coop.br\/#organization\"},\"alternateName\":\"cf.coop\",\"potentialAction\":[{\"@type\":\"SearchAction\",\"target\":{\"@type\":\"EntryPoint\",\"urlTemplate\":\"https:\/\/www.cf.coop.br\/?s={search_term_string}\"},\"query-input\":{\"@type\":\"PropertyValueSpecification\",\"valueRequired\":true,\"valueName\":\"search_term_string\"}}],\"inLanguage\":\"pt-BR\"},{\"@type\":[\"Organization\",\"Place\"],\"@id\":\"https:\/\/www.cf.coop.br\/#organization\",\"name\":\"COOPERFORTE\",\"alternateName\":\"CF\",\"url\":\"https:\/\/www.cf.coop.br\/\",\"logo\":{\"@id\":\"https:\/\/www.cf.coop.br\/associacao\/associacao-de-pessoa-juridica\/#local-main-organization-logo\"},\"image\":{\"@id\":\"https:\/\/www.cf.coop.br\/associacao\/associacao-de-pessoa-juridica\/#local-main-organization-logo\"},\"sameAs\":[\"https:\/\/www.facebook.com\/cooperforte.cooperativadecredito?locale=pt_BR\",\"https:\/\/www.instagram.com\/cooperforte\/\"],\"telephone\":[],\"openingHoursSpecification\":[{\"@type\":\"OpeningHoursSpecification\",\"dayOfWeek\":[\"Sunday\",\"Monday\",\"Tuesday\",\"Wednesday\",\"Thursday\",\"Friday\",\"Saturday\"],\"opens\":\"09:00\",\"closes\":\"17:00\"}]},{\"@type\":\"ImageObject\",\"inLanguage\":\"pt-BR\",\"@id\":\"https:\/\/www.cf.coop.br\/associacao\/associacao-de-pessoa-juridica\/#local-main-organization-logo\",\"url\":\"\",\"contentUrl\":\"\",\"caption\":\"COOPERFORTE\"}]}<\/script>\n<!-- \/ Yoast SEO Premium plugin. -->","yoast_head_json":{"title":"Cooperativa de Cr\u00e9dito para Empresas | COOPERFORTE","description":"Associe sua empresa \u00e0 COOPERFORTE e tenha acesso a solu\u00e7\u00f5es financeiras com taxas competitivas, seguran\u00e7a e atendimento especializado para pessoa jur\u00eddica.","robots":{"index":"index","follow":"follow","max-snippet":"max-snippet:-1","max-image-preview":"max-image-preview:large","max-video-preview":"max-video-preview:-1"},"canonical":"https:\/\/www.cf.coop.br\/associacao\/associacao-de-pessoa-juridica\/","og_locale":"pt_BR","og_type":"article","og_title":"Associa\u00e7\u00e3o de Pessoa Jur\u00eddica\u200b","og_description":"Associe sua empresa \u00e0 COOPERFORTE e tenha acesso a solu\u00e7\u00f5es financeiras com taxas competitivas, seguran\u00e7a e atendimento especializado para pessoa jur\u00eddica.","og_url":"https:\/\/www.cf.coop.br\/associacao\/associacao-de-pessoa-juridica\/","og_site_name":"Cooperforte","article_publisher":"https:\/\/www.facebook.com\/cooperforte.cooperativadecredito?locale=pt_BR","article_modified_time":"2026-03-17T18:35:52+00:00","og_image":[{"url":"https:\/\/www.cf.coop.br\/wp-content\/uploads\/2025\/07\/Screenshot_11-226x300.png","type":"","width":"","height":""}],"twitter_card":"summary_large_image","twitter_misc":{"Est. reading time":"2 minutos"},"schema":{"@context":"https:\/\/schema.org","@graph":[{"@type":"WebPage","@id":"https:\/\/www.cf.coop.br\/associacao\/associacao-de-pessoa-juridica\/","url":"https:\/\/www.cf.coop.br\/associacao\/associacao-de-pessoa-juridica\/","name":"Cooperativa de Cr\u00e9dito para Empresas | COOPERFORTE","isPartOf":{"@id":"https:\/\/www.cf.coop.br\/#website"},"primaryImageOfPage":{"@id":"https:\/\/www.cf.coop.br\/associacao\/associacao-de-pessoa-juridica\/#primaryimage"},"image":{"@id":"https:\/\/www.cf.coop.br\/associacao\/associacao-de-pessoa-juridica\/#primaryimage"},"thumbnailUrl":"https:\/\/www.cf.coop.br\/wp-content\/uploads\/2025\/07\/Screenshot_11-226x300.png","datePublished":"2025-07-11T12:54:10+00:00","dateModified":"2026-03-17T18:35:52+00:00","description":"Associe sua empresa \u00e0 COOPERFORTE e tenha acesso a solu\u00e7\u00f5es financeiras com taxas competitivas, seguran\u00e7a e atendimento especializado para pessoa jur\u00eddica.","breadcrumb":{"@id":"https:\/\/www.cf.coop.br\/associacao\/associacao-de-pessoa-juridica\/#breadcrumb"},"inLanguage":"pt-BR","potentialAction":[{"@type":"ReadAction","target":["https:\/\/www.cf.coop.br\/associacao\/associacao-de-pessoa-juridica\/"]}]},{"@type":"ImageObject","inLanguage":"pt-BR","@id":"https:\/\/www.cf.coop.br\/associacao\/associacao-de-pessoa-juridica\/#primaryimage","url":"https:\/\/www.cf.coop.br\/wp-content\/uploads\/2025\/07\/Screenshot_11.png","contentUrl":"https:\/\/www.cf.coop.br\/wp-content\/uploads\/2025\/07\/Screenshot_11.png","width":462,"height":614},{"@type":"BreadcrumbList","@id":"https:\/\/www.cf.coop.br\/associacao\/associacao-de-pessoa-juridica\/#breadcrumb","itemListElement":[{"@type":"ListItem","position":1,"name":"Home","item":"https:\/\/www.cf.coop.br\/"},{"@type":"ListItem","position":2,"name":"Associe-se Aqui","item":"https:\/\/www.cf.coop.br\/associacao\/"},{"@type":"ListItem","position":3,"name":"Associa\u00e7\u00e3o de Pessoa Jur\u00eddica\u200b"}]},{"@type":"WebSite","@id":"https:\/\/www.cf.coop.br\/#website","url":"https:\/\/www.cf.coop.br\/","name":"Cooperforte","description":"Sua cooperativa do futuro","publisher":{"@id":"https:\/\/www.cf.coop.br\/#organization"},"alternateName":"cf.coop","potentialAction":[{"@type":"SearchAction","target":{"@type":"EntryPoint","urlTemplate":"https:\/\/www.cf.coop.br\/?s={search_term_string}"},"query-input":{"@type":"PropertyValueSpecification","valueRequired":true,"valueName":"search_term_string"}}],"inLanguage":"pt-BR"},{"@type":["Organization","Place"],"@id":"https:\/\/www.cf.coop.br\/#organization","name":"COOPERFORTE","alternateName":"CF","url":"https:\/\/www.cf.coop.br\/","logo":{"@id":"https:\/\/www.cf.coop.br\/associacao\/associacao-de-pessoa-juridica\/#local-main-organization-logo"},"image":{"@id":"https:\/\/www.cf.coop.br\/associacao\/associacao-de-pessoa-juridica\/#local-main-organization-logo"},"sameAs":["https:\/\/www.facebook.com\/cooperforte.cooperativadecredito?locale=pt_BR","https:\/\/www.instagram.com\/cooperforte\/"],"telephone":[],"openingHoursSpecification":[{"@type":"OpeningHoursSpecification","dayOfWeek":["Sunday","Monday","Tuesday","Wednesday","Thursday","Friday","Saturday"],"opens":"09:00","closes":"17:00"}]},{"@type":"ImageObject","inLanguage":"pt-BR","@id":"https:\/\/www.cf.coop.br\/associacao\/associacao-de-pessoa-juridica\/#local-main-organization-logo","url":"","contentUrl":"","caption":"COOPERFORTE"}]}},"_links":{"self":[{"href":"https:\/\/www.cf.coop.br\/wp-rest\/wp\/v2\/pages\/45891","targetHints":{"allow":["GET"]}}],"collection":[{"href":"https:\/\/www.cf.coop.br\/wp-rest\/wp\/v2\/pages"}],"about":[{"href":"https:\/\/www.cf.coop.br\/wp-rest\/wp\/v2\/types\/page"}],"author":[{"embeddable":true,"href":"https:\/\/www.cf.coop.br\/wp-rest\/wp\/v2\/users\/1"}],"replies":[{"embeddable":true,"href":"https:\/\/www.cf.coop.br\/wp-rest\/wp\/v2\/comments?post=45891"}],"version-history":[{"count":28,"href":"https:\/\/www.cf.coop.br\/wp-rest\/wp\/v2\/pages\/45891\/revisions"}],"predecessor-version":[{"id":49085,"href":"https:\/\/www.cf.coop.br\/wp-rest\/wp\/v2\/pages\/45891\/revisions\/49085"}],"up":[{"embeddable":true,"href":"https:\/\/www.cf.coop.br\/wp-rest\/wp\/v2\/pages\/1916"}],"wp:attachment":[{"href":"https:\/\/www.cf.coop.br\/wp-rest\/wp\/v2\/media?parent=45891"}],"wp:term":[{"taxonomy":"taxonomia","embeddable":true,"href":"https:\/\/www.cf.coop.br\/wp-rest\/wp\/v2\/taxonomia?post=45891"}],"curies":[{"name":"wp","href":"https:\/\/api.w.org\/{rel}","templated":true}]}}