
 

















{"id":45909,"date":"2025-07-11T09:57:35","date_gmt":"2025-07-11T12:57:35","guid":{"rendered":"https:\/\/www.cf.coop.br\/?page_id=45909"},"modified":"2026-03-17T15:47:01","modified_gmt":"2026-03-17T18:47:01","slug":"associacao-para-menor-de-18-anos-ex-associados","status":"publish","type":"page","link":"https:\/\/www.cf.coop.br\/associacao\/associacao-para-menor-de-18-anos-ex-associados\/","title":{"rendered":"Associa\u00e7\u00e3o para menor de 18 anos e Ex-Associados"},"content":{"rendered":"\t\t<div data-elementor-type=\"wp-page\" data-elementor-id=\"45909\" class=\"elementor elementor-45909\" data-elementor-post-type=\"page\">\n\t\t\t\t\t\t<section class=\"elementor-section elementor-top-section elementor-element elementor-element-d406370 elementor-section-boxed elementor-section-height-default elementor-section-height-default\" data-id=\"d406370\" data-element_type=\"section\" data-settings=\"{&quot;background_background&quot;:&quot;classic&quot;}\">\n\t\t\t\t\t\t<div class=\"elementor-container elementor-column-gap-default\">\n\t\t\t\t\t<div class=\"elementor-column elementor-col-100 elementor-top-column elementor-element elementor-element-680f781\" data-id=\"680f781\" data-element_type=\"column\">\n\t\t\t<div class=\"elementor-widget-wrap elementor-element-populated\">\n\t\t\t\t\t\t<div class=\"elementor-element elementor-element-6e50631 elementor-widget elementor-widget-heading\" data-id=\"6e50631\" data-element_type=\"widget\" data-widget_type=\"heading.default\">\n\t\t\t\t<div class=\"elementor-widget-container\">\n\t\t\t<style>\/*! elementor - v3.21.0 - 30-04-2024 *\/\n.elementor-heading-title{padding:0;margin:0;line-height:1}.elementor-widget-heading .elementor-heading-title[class*=elementor-size-]>a{color:inherit;font-size:inherit;line-height:inherit}.elementor-widget-heading .elementor-heading-title.elementor-size-small{font-size:15px}.elementor-widget-heading .elementor-heading-title.elementor-size-medium{font-size:19px}.elementor-widget-heading .elementor-heading-title.elementor-size-large{font-size:29px}.elementor-widget-heading .elementor-heading-title.elementor-size-xl{font-size:39px}.elementor-widget-heading .elementor-heading-title.elementor-size-xxl{font-size:59px}<\/style><h2 class=\"elementor-heading-title elementor-size-default\">Associa\u00e7\u00e3o para menor de 18 anos e Ex-associados<\/h2>\t\t<\/div>\n\t\t\t\t<\/div>\n\t\t\t\t<div class=\"elementor-element elementor-element-2d83c68 elementor-widget elementor-widget-text-editor\" data-id=\"2d83c68\" data-element_type=\"widget\" data-widget_type=\"text-editor.default\">\n\t\t\t\t<div class=\"elementor-widget-container\">\n\t\t\t<style>\/*! elementor - v3.21.0 - 30-04-2024 *\/\n.elementor-widget-text-editor.elementor-drop-cap-view-stacked .elementor-drop-cap{background-color:#69727d;color:#fff}.elementor-widget-text-editor.elementor-drop-cap-view-framed .elementor-drop-cap{color:#69727d;border:3px solid;background-color:transparent}.elementor-widget-text-editor:not(.elementor-drop-cap-view-default) .elementor-drop-cap{margin-top:8px}.elementor-widget-text-editor:not(.elementor-drop-cap-view-default) .elementor-drop-cap-letter{width:1em;height:1em}.elementor-widget-text-editor .elementor-drop-cap{float:left;text-align:center;line-height:1;font-size:50px}.elementor-widget-text-editor .elementor-drop-cap-letter{display:inline-block}<\/style>\t\t\t\t<p style=\"text-align: left\"><span style=\"color: #000000\">A associa\u00e7\u00e3o para <b>menor de 18 anos COOPERFORTE<\/b> \u00e9 uma forma segura de iniciar a vida financeira desde cedo, com acesso a benef\u00edcios e acompanhamento respons\u00e1vel. Jovens podem se associar com autoriza\u00e7\u00e3o de um respons\u00e1vel legal, garantindo mais seguran\u00e7a e orienta\u00e7\u00e3o no uso dos servi\u00e7os financeiros.<\/span><\/p>\n<p style=\"text-align: left\"><\/p>\n<p style=\"text-align: left\"><span style=\"color: #000000\">Al\u00e9m disso, <b>ex-associados tamb\u00e9m podem retornar \u00e0 COOPERFORTE<\/b> de forma simples, retomando o acesso \u00e0s solu\u00e7\u00f5es financeiras oferecidas pela cooperativa.<\/span><\/p>\n<p style=\"text-align: left\"><\/p>\n<p style=\"text-align: left\"><span style=\"color: #000000\">Neste guia, voc\u00ea vai entender como funciona o processo de associa\u00e7\u00e3o para menor de 18 anos COOPERFORTE e quais documentos s\u00e3o necess\u00e1rios para concluir a ades\u00e3o.<\/span><\/p>\t\t\t\t\t\t<\/div>\n\t\t\t\t<\/div>\n\t\t\t\t<section class=\"elementor-section elementor-inner-section elementor-element elementor-element-bef2354 elementor-section-boxed elementor-section-height-default elementor-section-height-default\" data-id=\"bef2354\" data-element_type=\"section\">\n\t\t\t\t\t\t<div class=\"elementor-container elementor-column-gap-default\">\n\t\t\t\t\t<div class=\"elementor-column elementor-col-50 elementor-inner-column elementor-element elementor-element-02258bc\" data-id=\"02258bc\" data-element_type=\"column\">\n\t\t\t<div class=\"elementor-widget-wrap elementor-element-populated\">\n\t\t\t\t\t\t<div class=\"elementor-element elementor-element-89a22a3 elementor-widget elementor-widget-image\" data-id=\"89a22a3\" data-element_type=\"widget\" data-widget_type=\"image.default\">\n\t\t\t\t<div class=\"elementor-widget-container\">\n\t\t\t<style>\/*! elementor - v3.21.0 - 30-04-2024 *\/\n.elementor-widget-image{text-align:center}.elementor-widget-image a{display:inline-block}.elementor-widget-image a img[src$=\".svg\"]{width:48px}.elementor-widget-image img{vertical-align:middle;display:inline-block}<\/style>\t\t\t\t\t\t\t\t\t\t<img fetchpriority=\"high\" decoding=\"async\" width=\"211\" height=\"300\" src=\"https:\/\/www.cf.coop.br\/wp-content\/uploads\/2025\/07\/Screenshot_10-211x300.png\" class=\"attachment-medium size-medium wp-image-45503\" alt=\"associa\u00e7\u00e3o para menor de 18 anos cooperforte\" srcset=\"https:\/\/www.cf.coop.br\/wp-content\/uploads\/2025\/07\/Screenshot_10-211x300.png 211w, https:\/\/www.cf.coop.br\/wp-content\/uploads\/2025\/07\/Screenshot_10-127x180.png 127w, https:\/\/www.cf.coop.br\/wp-content\/uploads\/2025\/07\/Screenshot_10.png 362w\" sizes=\"(max-width: 211px) 100vw, 211px\" \/>\t\t\t\t\t\t\t\t\t\t\t\t\t<\/div>\n\t\t\t\t<\/div>\n\t\t\t\t\t<\/div>\n\t\t<\/div>\n\t\t\t\t<div class=\"elementor-column elementor-col-50 elementor-inner-column elementor-element elementor-element-bc40b32\" data-id=\"bc40b32\" data-element_type=\"column\">\n\t\t\t<div class=\"elementor-widget-wrap elementor-element-populated\">\n\t\t\t\t\t\t<div class=\"elementor-element elementor-element-9198bd2 elementor-widget elementor-widget-text-editor\" data-id=\"9198bd2\" data-element_type=\"widget\" data-widget_type=\"text-editor.default\">\n\t\t\t\t<div class=\"elementor-widget-container\">\n\t\t\t\t\t\t\t<p style=\"text-align: left\"><strong>1. Preencha o formul\u00e1rio<\/strong><br \/>Baixe o formul\u00e1rio de Proposta de Admiss\u00e3o, preencha os campos e assine. Depois, salve o arquivo no seu computador.<\/p>\n<p style=\"text-align: left\"><a aria-label=\"Link Proposta de Admiss\u00e3o para menores de 18 anos e ex-associado\" id=\"menur6v1\" href=\"https:\/\/www.cf.coop.br\/wp-content\/uploads\/2026\/03\/PROPOSTA-DE-ADMISSAO-PESSOA-FISICA_2025.pdf\" rel=\"noreferrer noopener\" target=\"_blank\" class=\"fui-Link ___1q1shib f2hkw1w f3rmtva f1ewtqcl fyind8e f1k6fduh f1w7gpdv fk6fouc fjoy568 figsok6 f1s184ao f1mk8lai fnbmjn9 f1o700av f13mvf36 f1cmlufx f9n3di6 f1ids18y f1tx3yz7 f1deo86v f1eh06m1 f1iescvh fhgqx19 f1olyrje f1p93eir f1nev41a f1h8hb77 f1lqvz6u f10aw75t fsle3fq f17ae5zn\" title=\"https:\/\/www.cf.coop.br\/wp-content\/uploads\/2023\/07\/proposta-de-admissao-pessoa-fisica-_27-07-2022.pdf\"><i class=\"bi bi-file-earmark-text\" style=\"color: #5a6aff;font-size: 2rem\"><\/i>Proposta de Admiss\u00e3o para menores de 18 anos e ex-associado<\/a>\u00a0<\/p>\n<p style=\"text-align: left\"><strong>2. Separe os documentos necess\u00e1rios<\/strong><br \/>Voc\u00ea vai precisar tirar fotos com boa resolu\u00e7\u00e3o (frente e verso) ou salvar em PDF os seguintes documentos:<\/p>\n<p style=\"text-align: left\">\u2013 Documento de identifica\u00e7\u00e3o (RG ou CNH);<br \/>\u2013 Comprovante de v\u00ednculo empregat\u00edcio (ex: contracheque, contrato ou crach\u00e1);<br \/>\u2013 Comprovante de resid\u00eancia atualizado;<br \/>\u2013 Comprovante de renda.<\/p>\n<p style=\"text-align: left\"><span><strong>3. Envie tudo para a COOPERFORTE<\/strong><\/span><br \/><span>Junte os documentos + o formul\u00e1rio preenchido e envie para nossa equipe pelo <strong>WhatsApp<\/strong> ou <strong>e-mail<\/strong>. Basta clicar nos \u00edcones ao final da p\u00e1gina.<\/span><\/p>\n<p style=\"text-align: left\"><strong>Ap\u00f3s a efetiva\u00e7\u00e3o da associa\u00e7\u00e3o<\/strong>, os documentos originais dever\u00e3o ser enviados pelos Correios para o<br \/>seguinte endere\u00e7o:<\/p>\n<p style=\"text-align: left\"><strong>SCS Quadra 9, Lote C, Torre C, 9\u00ba andar<\/strong><br \/><strong>Edif\u00edcio Parque Cidade Corporate \u2013 Bras\u00edlia\/DF<\/strong><br \/><strong>CEP: 70308-200<\/strong><\/p>\t\t\t\t\t\t<\/div>\n\t\t\t\t<\/div>\n\t\t\t\t<div class=\"elementor-element elementor-element-1d6462d elementor-widget elementor-widget-spacer\" data-id=\"1d6462d\" data-element_type=\"widget\" id=\"juridico\" data-widget_type=\"spacer.default\">\n\t\t\t\t<div class=\"elementor-widget-container\">\n\t\t\t<style>\/*! elementor - v3.21.0 - 30-04-2024 *\/\n.elementor-column .elementor-spacer-inner{height:var(--spacer-size)}.e-con{--container-widget-width:100%}.e-con-inner>.elementor-widget-spacer,.e-con>.elementor-widget-spacer{width:var(--container-widget-width,var(--spacer-size));--align-self:var(--container-widget-align-self,initial);--flex-shrink:0}.e-con-inner>.elementor-widget-spacer>.elementor-widget-container,.e-con>.elementor-widget-spacer>.elementor-widget-container{height:100%;width:100%}.e-con-inner>.elementor-widget-spacer>.elementor-widget-container>.elementor-spacer,.e-con>.elementor-widget-spacer>.elementor-widget-container>.elementor-spacer{height:100%}.e-con-inner>.elementor-widget-spacer>.elementor-widget-container>.elementor-spacer>.elementor-spacer-inner,.e-con>.elementor-widget-spacer>.elementor-widget-container>.elementor-spacer>.elementor-spacer-inner{height:var(--container-widget-height,var(--spacer-size))}.e-con-inner>.elementor-widget-spacer.elementor-widget-empty,.e-con>.elementor-widget-spacer.elementor-widget-empty{position:relative;min-height:22px;min-width:22px}.e-con-inner>.elementor-widget-spacer.elementor-widget-empty .elementor-widget-empty-icon,.e-con>.elementor-widget-spacer.elementor-widget-empty .elementor-widget-empty-icon{position:absolute;top:0;bottom:0;left:0;right:0;margin:auto;padding:0;width:22px;height:22px}<\/style>\t\t<div class=\"elementor-spacer\">\n\t\t\t<div class=\"elementor-spacer-inner\"><\/div>\n\t\t<\/div>\n\t\t\t\t<\/div>\n\t\t\t\t<\/div>\n\t\t\t\t\t<\/div>\n\t\t<\/div>\n\t\t\t\t\t<\/div>\n\t\t<\/section>\n\t\t\t\t<section class=\"elementor-section elementor-inner-section elementor-element elementor-element-d7ed3b6 elementor-section-boxed elementor-section-height-default elementor-section-height-default\" data-id=\"d7ed3b6\" data-element_type=\"section\">\n\t\t\t\t\t\t<div class=\"elementor-container elementor-column-gap-default\">\n\t\t\t\t\t<div class=\"elementor-column elementor-col-100 elementor-inner-column elementor-element elementor-element-bc4c2ab\" data-id=\"bc4c2ab\" data-element_type=\"column\">\n\t\t\t<div class=\"elementor-widget-wrap elementor-element-populated\">\n\t\t\t\t\t\t<div class=\"elementor-element elementor-element-e17f4f1 elementor-widget__width-initial elementor-widget-mobile__width-initial elementor-view-default elementor-widget elementor-widget-icon\" data-id=\"e17f4f1\" data-element_type=\"widget\" data-widget_type=\"icon.default\">\n\t\t\t\t<div class=\"elementor-widget-container\">\n\t\t\t\t\t<div class=\"elementor-icon-wrapper\">\n\t\t\t<a class=\"elementor-icon\" href=\"https:\/\/wa.me\/5561996789660?text=Ol\u00e1%2C+gostaria+de+me+associar+\u00e0+COOPERFORTE\" target=\"_blank\">\n\t\t\t<svg aria-hidden=\"true\" class=\"e-font-icon-svg e-fab-whatsapp-square\" viewBox=\"0 0 448 512\" xmlns=\"http:\/\/www.w3.org\/2000\/svg\"><path d=\"M224 122.8c-72.7 0-131.8 59.1-131.9 131.8 0 24.9 7 49.2 20.2 70.1l3.1 5-13.3 48.6 49.9-13.1 4.8 2.9c20.2 12 43.4 18.4 67.1 18.4h.1c72.6 0 133.3-59.1 133.3-131.8 0-35.2-15.2-68.3-40.1-93.2-25-25-58-38.7-93.2-38.7zm77.5 188.4c-3.3 9.3-19.1 17.7-26.7 18.8-12.6 1.9-22.4.9-47.5-9.9-39.7-17.2-65.7-57.2-67.7-59.8-2-2.6-16.2-21.5-16.2-41s10.2-29.1 13.9-33.1c3.6-4 7.9-5 10.6-5 2.6 0 5.3 0 7.6.1 2.4.1 5.7-.9 8.9 6.8 3.3 7.9 11.2 27.4 12.2 29.4s1.7 4.3.3 6.9c-7.6 15.2-15.7 14.6-11.6 21.6 15.3 26.3 30.6 35.4 53.9 47.1 4 2 6.3 1.7 8.6-1 2.3-2.6 9.9-11.6 12.5-15.5 2.6-4 5.3-3.3 8.9-2 3.6 1.3 23.1 10.9 27.1 12.9s6.6 3 7.6 4.6c.9 1.9.9 9.9-2.4 19.1zM400 32H48C21.5 32 0 53.5 0 80v352c0 26.5 21.5 48 48 48h352c26.5 0 48-21.5 48-48V80c0-26.5-21.5-48-48-48zM223.9 413.2c-26.6 0-52.7-6.7-75.8-19.3L64 416l22.5-82.2c-13.9-24-21.2-51.3-21.2-79.3C65.4 167.1 136.5 96 223.9 96c42.4 0 82.2 16.5 112.2 46.5 29.9 30 47.9 69.8 47.9 112.2 0 87.4-72.7 158.5-160.1 158.5z\"><\/path><\/svg>\t\t\t<\/a>\n\t\t<\/div>\n\t\t\t\t<\/div>\n\t\t\t\t<\/div>\n\t\t\t\t<div class=\"elementor-element elementor-element-b43069d elementor-widget__width-initial elementor-widget-mobile__width-initial elementor-view-default elementor-widget elementor-widget-icon\" data-id=\"b43069d\" data-element_type=\"widget\" data-widget_type=\"icon.default\">\n\t\t\t\t<div class=\"elementor-widget-container\">\n\t\t\t\t\t<div class=\"elementor-icon-wrapper\">\n\t\t\t<a class=\"elementor-icon\" href=\"mailto:faleconosco@cf.coop.br\" target=\"_blank\">\n\t\t\t<svg aria-hidden=\"true\" class=\"e-font-icon-svg e-far-envelope\" viewBox=\"0 0 512 512\" xmlns=\"http:\/\/www.w3.org\/2000\/svg\"><path d=\"M464 64H48C21.49 64 0 85.49 0 112v288c0 26.51 21.49 48 48 48h416c26.51 0 48-21.49 48-48V112c0-26.51-21.49-48-48-48zm0 48v40.805c-22.422 18.259-58.168 46.651-134.587 106.49-16.841 13.247-50.201 45.072-73.413 44.701-23.208.375-56.579-31.459-73.413-44.701C106.18 199.465 70.425 171.067 48 152.805V112h416zM48 400V214.398c22.914 18.251 55.409 43.862 104.938 82.646 21.857 17.205 60.134 55.186 103.062 54.955 42.717.231 80.509-37.199 103.053-54.947 49.528-38.783 82.032-64.401 104.947-82.653V400H48z\"><\/path><\/svg>\t\t\t<\/a>\n\t\t<\/div>\n\t\t\t\t<\/div>\n\t\t\t\t<\/div>\n\t\t\t\t\t<\/div>\n\t\t<\/div>\n\t\t\t\t\t<\/div>\n\t\t<\/section>\n\t\t\t\t\t<\/div>\n\t\t<\/div>\n\t\t\t\t\t<\/div>\n\t\t<\/section>\n\t\t\t\t<\/div>\n\t\t","protected":false},"excerpt":{"rendered":"<p>Associa\u00e7\u00e3o para menor de 18 anos e Ex-associados A associa\u00e7\u00e3o para menor de 18 anos COOPERFORTE \u00e9 uma forma segura de iniciar a vida financeira desde cedo, com acesso a benef\u00edcios e acompanhamento respons\u00e1vel. Jovens podem se associar com autoriza\u00e7\u00e3o de um respons\u00e1vel legal, garantindo mais seguran\u00e7a e orienta\u00e7\u00e3o no uso dos servi\u00e7os financeiros. Al\u00e9m [&hellip;]<\/p>\n","protected":false},"author":1,"featured_media":0,"parent":1916,"menu_order":0,"comment_status":"closed","ping_status":"closed","template":"elementor_header_footer","meta":{"footnotes":""},"taxonomia":[],"class_list":["post-45909","page","type-page","status-publish","hentry"],"yoast_head":"<!-- This site is optimized with the Yoast SEO Premium plugin v26.7 (Yoast SEO v26.7) - https:\/\/yoast.com\/wordpress\/plugins\/seo\/ -->\n<title>Associa\u00e7\u00e3o para Menores e Ex-Associados | COOPERFORTE<\/title>\n<meta name=\"description\" content=\"Saiba como funciona a associa\u00e7\u00e3o para menor de 18 anos na Cooperforte. Processo simples, seguro e com benef\u00edcios financeiros para jovens.\" \/>\n<meta name=\"robots\" content=\"index, follow, max-snippet:-1, max-image-preview:large, max-video-preview:-1\" \/>\n<link rel=\"canonical\" href=\"https:\/\/www.cf.coop.br\/associacao\/associacao-para-menor-de-18-anos-ex-associados\/\" \/>\n<meta property=\"og:locale\" content=\"pt_BR\" \/>\n<meta property=\"og:type\" content=\"article\" \/>\n<meta property=\"og:title\" content=\"Associa\u00e7\u00e3o para menor de 18 anos e Ex-Associados\" \/>\n<meta property=\"og:description\" content=\"Saiba como funciona a associa\u00e7\u00e3o para menor de 18 anos na Cooperforte. Processo simples, seguro e com benef\u00edcios financeiros para jovens.\" \/>\n<meta property=\"og:url\" content=\"https:\/\/www.cf.coop.br\/associacao\/associacao-para-menor-de-18-anos-ex-associados\/\" \/>\n<meta property=\"og:site_name\" content=\"Cooperforte\" \/>\n<meta property=\"article:publisher\" content=\"https:\/\/www.facebook.com\/cooperforte.cooperativadecredito?locale=pt_BR\" \/>\n<meta property=\"article:modified_time\" content=\"2026-03-17T18:47:01+00:00\" \/>\n<meta property=\"og:image\" content=\"https:\/\/www.cf.coop.br\/wp-content\/uploads\/2025\/07\/Screenshot_10-211x300.png\" \/>\n<meta name=\"twitter:card\" content=\"summary_large_image\" \/>\n<meta name=\"twitter:label1\" content=\"Est. reading time\" \/>\n\t<meta name=\"twitter:data1\" content=\"2 minutos\" \/>\n<script type=\"application\/ld+json\" class=\"yoast-schema-graph\">{\"@context\":\"https:\/\/schema.org\",\"@graph\":[{\"@type\":\"WebPage\",\"@id\":\"https:\/\/www.cf.coop.br\/associacao\/associacao-para-menor-de-18-anos-ex-associados\/\",\"url\":\"https:\/\/www.cf.coop.br\/associacao\/associacao-para-menor-de-18-anos-ex-associados\/\",\"name\":\"Associa\u00e7\u00e3o para Menores e Ex-Associados | COOPERFORTE\",\"isPartOf\":{\"@id\":\"https:\/\/www.cf.coop.br\/#website\"},\"primaryImageOfPage\":{\"@id\":\"https:\/\/www.cf.coop.br\/associacao\/associacao-para-menor-de-18-anos-ex-associados\/#primaryimage\"},\"image\":{\"@id\":\"https:\/\/www.cf.coop.br\/associacao\/associacao-para-menor-de-18-anos-ex-associados\/#primaryimage\"},\"thumbnailUrl\":\"https:\/\/www.cf.coop.br\/wp-content\/uploads\/2025\/07\/Screenshot_10-211x300.png\",\"datePublished\":\"2025-07-11T12:57:35+00:00\",\"dateModified\":\"2026-03-17T18:47:01+00:00\",\"description\":\"Saiba como funciona a associa\u00e7\u00e3o para menor de 18 anos na Cooperforte. Processo simples, seguro e com benef\u00edcios financeiros para jovens.\",\"breadcrumb\":{\"@id\":\"https:\/\/www.cf.coop.br\/associacao\/associacao-para-menor-de-18-anos-ex-associados\/#breadcrumb\"},\"inLanguage\":\"pt-BR\",\"potentialAction\":[{\"@type\":\"ReadAction\",\"target\":[\"https:\/\/www.cf.coop.br\/associacao\/associacao-para-menor-de-18-anos-ex-associados\/\"]}]},{\"@type\":\"ImageObject\",\"inLanguage\":\"pt-BR\",\"@id\":\"https:\/\/www.cf.coop.br\/associacao\/associacao-para-menor-de-18-anos-ex-associados\/#primaryimage\",\"url\":\"https:\/\/www.cf.coop.br\/wp-content\/uploads\/2025\/07\/Screenshot_10.png\",\"contentUrl\":\"https:\/\/www.cf.coop.br\/wp-content\/uploads\/2025\/07\/Screenshot_10.png\",\"width\":362,\"height\":515,\"caption\":\"associa\u00e7\u00e3o para menor de 18 anos cooperforte\"},{\"@type\":\"BreadcrumbList\",\"@id\":\"https:\/\/www.cf.coop.br\/associacao\/associacao-para-menor-de-18-anos-ex-associados\/#breadcrumb\",\"itemListElement\":[{\"@type\":\"ListItem\",\"position\":1,\"name\":\"Home\",\"item\":\"https:\/\/www.cf.coop.br\/\"},{\"@type\":\"ListItem\",\"position\":2,\"name\":\"Associe-se Aqui\",\"item\":\"https:\/\/www.cf.coop.br\/associacao\/\"},{\"@type\":\"ListItem\",\"position\":3,\"name\":\"Associa\u00e7\u00e3o para menor de 18 anos e Ex-Associados\"}]},{\"@type\":\"WebSite\",\"@id\":\"https:\/\/www.cf.coop.br\/#website\",\"url\":\"https:\/\/www.cf.coop.br\/\",\"name\":\"Cooperforte\",\"description\":\"Sua cooperativa do futuro\",\"publisher\":{\"@id\":\"https:\/\/www.cf.coop.br\/#organization\"},\"alternateName\":\"cf.coop\",\"potentialAction\":[{\"@type\":\"SearchAction\",\"target\":{\"@type\":\"EntryPoint\",\"urlTemplate\":\"https:\/\/www.cf.coop.br\/?s={search_term_string}\"},\"query-input\":{\"@type\":\"PropertyValueSpecification\",\"valueRequired\":true,\"valueName\":\"search_term_string\"}}],\"inLanguage\":\"pt-BR\"},{\"@type\":[\"Organization\",\"Place\"],\"@id\":\"https:\/\/www.cf.coop.br\/#organization\",\"name\":\"COOPERFORTE\",\"alternateName\":\"CF\",\"url\":\"https:\/\/www.cf.coop.br\/\",\"logo\":{\"@id\":\"https:\/\/www.cf.coop.br\/associacao\/associacao-para-menor-de-18-anos-ex-associados\/#local-main-organization-logo\"},\"image\":{\"@id\":\"https:\/\/www.cf.coop.br\/associacao\/associacao-para-menor-de-18-anos-ex-associados\/#local-main-organization-logo\"},\"sameAs\":[\"https:\/\/www.facebook.com\/cooperforte.cooperativadecredito?locale=pt_BR\",\"https:\/\/www.instagram.com\/cooperforte\/\"],\"telephone\":[],\"openingHoursSpecification\":[{\"@type\":\"OpeningHoursSpecification\",\"dayOfWeek\":[\"Sunday\",\"Monday\",\"Tuesday\",\"Wednesday\",\"Thursday\",\"Friday\",\"Saturday\"],\"opens\":\"09:00\",\"closes\":\"17:00\"}]},{\"@type\":\"ImageObject\",\"inLanguage\":\"pt-BR\",\"@id\":\"https:\/\/www.cf.coop.br\/associacao\/associacao-para-menor-de-18-anos-ex-associados\/#local-main-organization-logo\",\"url\":\"\",\"contentUrl\":\"\",\"caption\":\"COOPERFORTE\"}]}<\/script>\n<!-- \/ Yoast SEO Premium plugin. -->","yoast_head_json":{"title":"Associa\u00e7\u00e3o para Menores e Ex-Associados | COOPERFORTE","description":"Saiba como funciona a associa\u00e7\u00e3o para menor de 18 anos na Cooperforte. Processo simples, seguro e com benef\u00edcios financeiros para jovens.","robots":{"index":"index","follow":"follow","max-snippet":"max-snippet:-1","max-image-preview":"max-image-preview:large","max-video-preview":"max-video-preview:-1"},"canonical":"https:\/\/www.cf.coop.br\/associacao\/associacao-para-menor-de-18-anos-ex-associados\/","og_locale":"pt_BR","og_type":"article","og_title":"Associa\u00e7\u00e3o para menor de 18 anos e Ex-Associados","og_description":"Saiba como funciona a associa\u00e7\u00e3o para menor de 18 anos na Cooperforte. Processo simples, seguro e com benef\u00edcios financeiros para jovens.","og_url":"https:\/\/www.cf.coop.br\/associacao\/associacao-para-menor-de-18-anos-ex-associados\/","og_site_name":"Cooperforte","article_publisher":"https:\/\/www.facebook.com\/cooperforte.cooperativadecredito?locale=pt_BR","article_modified_time":"2026-03-17T18:47:01+00:00","og_image":[{"url":"https:\/\/www.cf.coop.br\/wp-content\/uploads\/2025\/07\/Screenshot_10-211x300.png","type":"","width":"","height":""}],"twitter_card":"summary_large_image","twitter_misc":{"Est. reading time":"2 minutos"},"schema":{"@context":"https:\/\/schema.org","@graph":[{"@type":"WebPage","@id":"https:\/\/www.cf.coop.br\/associacao\/associacao-para-menor-de-18-anos-ex-associados\/","url":"https:\/\/www.cf.coop.br\/associacao\/associacao-para-menor-de-18-anos-ex-associados\/","name":"Associa\u00e7\u00e3o para Menores e Ex-Associados | COOPERFORTE","isPartOf":{"@id":"https:\/\/www.cf.coop.br\/#website"},"primaryImageOfPage":{"@id":"https:\/\/www.cf.coop.br\/associacao\/associacao-para-menor-de-18-anos-ex-associados\/#primaryimage"},"image":{"@id":"https:\/\/www.cf.coop.br\/associacao\/associacao-para-menor-de-18-anos-ex-associados\/#primaryimage"},"thumbnailUrl":"https:\/\/www.cf.coop.br\/wp-content\/uploads\/2025\/07\/Screenshot_10-211x300.png","datePublished":"2025-07-11T12:57:35+00:00","dateModified":"2026-03-17T18:47:01+00:00","description":"Saiba como funciona a associa\u00e7\u00e3o para menor de 18 anos na Cooperforte. Processo simples, seguro e com benef\u00edcios financeiros para jovens.","breadcrumb":{"@id":"https:\/\/www.cf.coop.br\/associacao\/associacao-para-menor-de-18-anos-ex-associados\/#breadcrumb"},"inLanguage":"pt-BR","potentialAction":[{"@type":"ReadAction","target":["https:\/\/www.cf.coop.br\/associacao\/associacao-para-menor-de-18-anos-ex-associados\/"]}]},{"@type":"ImageObject","inLanguage":"pt-BR","@id":"https:\/\/www.cf.coop.br\/associacao\/associacao-para-menor-de-18-anos-ex-associados\/#primaryimage","url":"https:\/\/www.cf.coop.br\/wp-content\/uploads\/2025\/07\/Screenshot_10.png","contentUrl":"https:\/\/www.cf.coop.br\/wp-content\/uploads\/2025\/07\/Screenshot_10.png","width":362,"height":515,"caption":"associa\u00e7\u00e3o para menor de 18 anos cooperforte"},{"@type":"BreadcrumbList","@id":"https:\/\/www.cf.coop.br\/associacao\/associacao-para-menor-de-18-anos-ex-associados\/#breadcrumb","itemListElement":[{"@type":"ListItem","position":1,"name":"Home","item":"https:\/\/www.cf.coop.br\/"},{"@type":"ListItem","position":2,"name":"Associe-se Aqui","item":"https:\/\/www.cf.coop.br\/associacao\/"},{"@type":"ListItem","position":3,"name":"Associa\u00e7\u00e3o para menor de 18 anos e Ex-Associados"}]},{"@type":"WebSite","@id":"https:\/\/www.cf.coop.br\/#website","url":"https:\/\/www.cf.coop.br\/","name":"Cooperforte","description":"Sua cooperativa do futuro","publisher":{"@id":"https:\/\/www.cf.coop.br\/#organization"},"alternateName":"cf.coop","potentialAction":[{"@type":"SearchAction","target":{"@type":"EntryPoint","urlTemplate":"https:\/\/www.cf.coop.br\/?s={search_term_string}"},"query-input":{"@type":"PropertyValueSpecification","valueRequired":true,"valueName":"search_term_string"}}],"inLanguage":"pt-BR"},{"@type":["Organization","Place"],"@id":"https:\/\/www.cf.coop.br\/#organization","name":"COOPERFORTE","alternateName":"CF","url":"https:\/\/www.cf.coop.br\/","logo":{"@id":"https:\/\/www.cf.coop.br\/associacao\/associacao-para-menor-de-18-anos-ex-associados\/#local-main-organization-logo"},"image":{"@id":"https:\/\/www.cf.coop.br\/associacao\/associacao-para-menor-de-18-anos-ex-associados\/#local-main-organization-logo"},"sameAs":["https:\/\/www.facebook.com\/cooperforte.cooperativadecredito?locale=pt_BR","https:\/\/www.instagram.com\/cooperforte\/"],"telephone":[],"openingHoursSpecification":[{"@type":"OpeningHoursSpecification","dayOfWeek":["Sunday","Monday","Tuesday","Wednesday","Thursday","Friday","Saturday"],"opens":"09:00","closes":"17:00"}]},{"@type":"ImageObject","inLanguage":"pt-BR","@id":"https:\/\/www.cf.coop.br\/associacao\/associacao-para-menor-de-18-anos-ex-associados\/#local-main-organization-logo","url":"","contentUrl":"","caption":"COOPERFORTE"}]}},"_links":{"self":[{"href":"https:\/\/www.cf.coop.br\/wp-rest\/wp\/v2\/pages\/45909","targetHints":{"allow":["GET"]}}],"collection":[{"href":"https:\/\/www.cf.coop.br\/wp-rest\/wp\/v2\/pages"}],"about":[{"href":"https:\/\/www.cf.coop.br\/wp-rest\/wp\/v2\/types\/page"}],"author":[{"embeddable":true,"href":"https:\/\/www.cf.coop.br\/wp-rest\/wp\/v2\/users\/1"}],"replies":[{"embeddable":true,"href":"https:\/\/www.cf.coop.br\/wp-rest\/wp\/v2\/comments?post=45909"}],"version-history":[{"count":69,"href":"https:\/\/www.cf.coop.br\/wp-rest\/wp\/v2\/pages\/45909\/revisions"}],"predecessor-version":[{"id":49101,"href":"https:\/\/www.cf.coop.br\/wp-rest\/wp\/v2\/pages\/45909\/revisions\/49101"}],"up":[{"embeddable":true,"href":"https:\/\/www.cf.coop.br\/wp-rest\/wp\/v2\/pages\/1916"}],"wp:attachment":[{"href":"https:\/\/www.cf.coop.br\/wp-rest\/wp\/v2\/media?parent=45909"}],"wp:term":[{"taxonomy":"taxonomia","embeddable":true,"href":"https:\/\/www.cf.coop.br\/wp-rest\/wp\/v2\/taxonomia?post=45909"}],"curies":[{"name":"wp","href":"https:\/\/api.w.org\/{rel}","templated":true}]}}